{"id":3511,"date":"2019-11-21T21:33:30","date_gmt":"2019-11-21T21:33:30","guid":{"rendered":"https:\/\/caru.org.uy\/nuevositio\/?page_id=3511"},"modified":"2024-12-17T12:15:06","modified_gmt":"2024-12-17T12:15:06","slug":"compras-licitaciones-concursos","status":"publish","type":"page","link":"https:\/\/caru.org.uy\/nuevositio\/compras-licitaciones-concursos\/","title":{"rendered":"Compras, licitaciones y concursos"},"content":{"rendered":"\t\t<div data-elementor-type=\"wp-page\" data-elementor-id=\"3511\" class=\"elementor elementor-3511\" data-elementor-post-type=\"page\">\n\t\t\t\t\t\t<section class=\"elementor-section elementor-top-section elementor-element elementor-element-9469ac4 elementor-section-stretched elementor-section-boxed elementor-section-height-default elementor-section-height-default\" data-id=\"9469ac4\" data-element_type=\"section\" data-e-type=\"section\" data-settings=\"{&quot;jet_parallax_layout_list&quot;:[{&quot;_id&quot;:&quot;216e7dd&quot;,&quot;jet_parallax_layout_image&quot;:{&quot;url&quot;:&quot;&quot;,&quot;id&quot;:&quot;&quot;,&quot;size&quot;:&quot;&quot;},&quot;jet_parallax_layout_image_tablet&quot;:{&quot;url&quot;:&quot;&quot;,&quot;id&quot;:&quot;&quot;,&quot;size&quot;:&quot;&quot;},&quot;jet_parallax_layout_image_mobile&quot;:{&quot;url&quot;:&quot;&quot;,&quot;id&quot;:&quot;&quot;,&quot;size&quot;:&quot;&quot;},&quot;jet_parallax_layout_speed&quot;:{&quot;unit&quot;:&quot;%&quot;,&quot;size&quot;:50,&quot;sizes&quot;:[]},&quot;jet_parallax_layout_type&quot;:&quot;scroll&quot;,&quot;jet_parallax_layout_direction&quot;:&quot;1&quot;,&quot;jet_parallax_layout_fx_direction&quot;:null,&quot;jet_parallax_layout_z_index&quot;:&quot;&quot;,&quot;jet_parallax_layout_bg_x&quot;:50,&quot;jet_parallax_layout_bg_x_tablet&quot;:&quot;&quot;,&quot;jet_parallax_layout_bg_x_mobile&quot;:&quot;&quot;,&quot;jet_parallax_layout_bg_y&quot;:50,&quot;jet_parallax_layout_bg_y_tablet&quot;:&quot;&quot;,&quot;jet_parallax_layout_bg_y_mobile&quot;:&quot;&quot;,&quot;jet_parallax_layout_bg_size&quot;:&quot;auto&quot;,&quot;jet_parallax_layout_bg_size_tablet&quot;:&quot;&quot;,&quot;jet_parallax_layout_bg_size_mobile&quot;:&quot;&quot;,&quot;jet_parallax_layout_animation_prop&quot;:&quot;transform&quot;,&quot;jet_parallax_layout_on&quot;:[&quot;desktop&quot;,&quot;tablet&quot;]}],&quot;stretch_section&quot;:&quot;section-stretched&quot;,&quot;background_background&quot;:&quot;classic&quot;}\">\n\t\t\t\t\t\t\t<div class=\"elementor-background-overlay\"><\/div>\n\t\t\t\t\t\t\t<div class=\"elementor-container elementor-column-gap-default\">\n\t\t\t\t\t<div class=\"elementor-column elementor-col-100 elementor-top-column elementor-element elementor-element-1d5bae5\" data-id=\"1d5bae5\" data-element_type=\"column\" data-e-type=\"column\">\n\t\t\t<div class=\"elementor-widget-wrap elementor-element-populated\">\n\t\t\t\t\t\t<section class=\"elementor-section elementor-inner-section elementor-element elementor-element-ce179ef elementor-section-boxed elementor-section-height-default elementor-section-height-default\" data-id=\"ce179ef\" data-element_type=\"section\" data-e-type=\"section\" data-settings=\"{&quot;jet_parallax_layout_list&quot;:[{&quot;_id&quot;:&quot;e1a5ba6&quot;,&quot;jet_parallax_layout_image&quot;:{&quot;url&quot;:&quot;&quot;,&quot;id&quot;:&quot;&quot;,&quot;size&quot;:&quot;&quot;},&quot;jet_parallax_layout_image_tablet&quot;:{&quot;url&quot;:&quot;&quot;,&quot;id&quot;:&quot;&quot;,&quot;size&quot;:&quot;&quot;},&quot;jet_parallax_layout_image_mobile&quot;:{&quot;url&quot;:&quot;&quot;,&quot;id&quot;:&quot;&quot;,&quot;size&quot;:&quot;&quot;},&quot;jet_parallax_layout_speed&quot;:{&quot;unit&quot;:&quot;%&quot;,&quot;size&quot;:50,&quot;sizes&quot;:[]},&quot;jet_parallax_layout_type&quot;:&quot;scroll&quot;,&quot;jet_parallax_layout_direction&quot;:&quot;1&quot;,&quot;jet_parallax_layout_fx_direction&quot;:null,&quot;jet_parallax_layout_z_index&quot;:&quot;&quot;,&quot;jet_parallax_layout_bg_x&quot;:50,&quot;jet_parallax_layout_bg_x_tablet&quot;:&quot;&quot;,&quot;jet_parallax_layout_bg_x_mobile&quot;:&quot;&quot;,&quot;jet_parallax_layout_bg_y&quot;:50,&quot;jet_parallax_layout_bg_y_tablet&quot;:&quot;&quot;,&quot;jet_parallax_layout_bg_y_mobile&quot;:&quot;&quot;,&quot;jet_parallax_layout_bg_size&quot;:&quot;auto&quot;,&quot;jet_parallax_layout_bg_size_tablet&quot;:&quot;&quot;,&quot;jet_parallax_layout_bg_size_mobile&quot;:&quot;&quot;,&quot;jet_parallax_layout_animation_prop&quot;:&quot;transform&quot;,&quot;jet_parallax_layout_on&quot;:[&quot;desktop&quot;,&quot;tablet&quot;]}]}\">\n\t\t\t\t\t\t<div class=\"elementor-container elementor-column-gap-default\">\n\t\t\t\t\t<div class=\"elementor-column elementor-col-50 elementor-inner-column elementor-element elementor-element-0bbbd86\" data-id=\"0bbbd86\" data-element_type=\"column\" data-e-type=\"column\">\n\t\t\t<div class=\"elementor-widget-wrap elementor-element-populated\">\n\t\t\t\t\t\t<div class=\"elementor-element elementor-element-db87cc7 elementor-widget elementor-widget-jet-headline\" data-id=\"db87cc7\" data-element_type=\"widget\" data-e-type=\"widget\" data-widget_type=\"jet-headline.default\">\n\t\t\t\t<div class=\"elementor-widget-container\">\n\t\t\t\t\t<h2 class=\"jet-headline jet-headline--direction-vertical\"><span class=\"jet-headline__part jet-headline__first\"><span class=\"jet-headline__label\">compras,<\/span><\/span><span class=\"jet-headline__part jet-headline__second\"><span class=\"jet-headline__label\">LICITACIONES <br> y concursos<\/span><\/span><\/h2>\t\t\t\t<\/div>\n\t\t\t\t<\/div>\n\t\t\t\t\t<\/div>\n\t\t<\/div>\n\t\t\t\t<div class=\"elementor-column elementor-col-50 elementor-inner-column elementor-element elementor-element-077fca1\" data-id=\"077fca1\" data-element_type=\"column\" data-e-type=\"column\">\n\t\t\t<div class=\"elementor-widget-wrap elementor-element-populated\">\n\t\t\t\t\t\t<div class=\"elementor-element elementor-element-edca5dc elementor-widget elementor-widget-text-editor\" data-id=\"edca5dc\" data-element_type=\"widget\" data-e-type=\"widget\" data-widget_type=\"text-editor.default\">\n\t\t\t\t<div class=\"elementor-widget-container\">\n\t\t\t\t\t\t\t\t\t<p>En la siguiente secci\u00f3n podr\u00e1n encontrar los llamados a licitaci\u00f3n y concursos de precios que lleva adelante CARU, vigentes y en forma de archivo los que ya fueron finalizados. <\/p>\t\t\t\t\t\t\t\t<\/div>\n\t\t\t\t<\/div>\n\t\t\t\t\t<\/div>\n\t\t<\/div>\n\t\t\t\t\t<\/div>\n\t\t<\/section>\n\t\t\t\t\t<\/div>\n\t\t<\/div>\n\t\t\t\t\t<\/div>\n\t\t<\/section>\n\t\t\t\t<section class=\"elementor-section elementor-top-section elementor-element elementor-element-64b9f57 elementor-section-stretched elementor-section-boxed elementor-section-height-default elementor-section-height-default\" data-id=\"64b9f57\" data-element_type=\"section\" data-e-type=\"section\" data-settings=\"{&quot;stretch_section&quot;:&quot;section-stretched&quot;,&quot;jet_parallax_layout_list&quot;:[{&quot;jet_parallax_layout_image&quot;:{&quot;url&quot;:&quot;&quot;,&quot;id&quot;:&quot;&quot;,&quot;size&quot;:&quot;&quot;},&quot;_id&quot;:&quot;9d722ba&quot;,&quot;jet_parallax_layout_image_tablet&quot;:{&quot;url&quot;:&quot;&quot;,&quot;id&quot;:&quot;&quot;,&quot;size&quot;:&quot;&quot;},&quot;jet_parallax_layout_image_mobile&quot;:{&quot;url&quot;:&quot;&quot;,&quot;id&quot;:&quot;&quot;,&quot;size&quot;:&quot;&quot;},&quot;jet_parallax_layout_speed&quot;:{&quot;unit&quot;:&quot;%&quot;,&quot;size&quot;:50,&quot;sizes&quot;:[]},&quot;jet_parallax_layout_type&quot;:&quot;scroll&quot;,&quot;jet_parallax_layout_direction&quot;:&quot;1&quot;,&quot;jet_parallax_layout_fx_direction&quot;:null,&quot;jet_parallax_layout_z_index&quot;:&quot;&quot;,&quot;jet_parallax_layout_bg_x&quot;:50,&quot;jet_parallax_layout_bg_x_tablet&quot;:&quot;&quot;,&quot;jet_parallax_layout_bg_x_mobile&quot;:&quot;&quot;,&quot;jet_parallax_layout_bg_y&quot;:50,&quot;jet_parallax_layout_bg_y_tablet&quot;:&quot;&quot;,&quot;jet_parallax_layout_bg_y_mobile&quot;:&quot;&quot;,&quot;jet_parallax_layout_bg_size&quot;:&quot;auto&quot;,&quot;jet_parallax_layout_bg_size_tablet&quot;:&quot;&quot;,&quot;jet_parallax_layout_bg_size_mobile&quot;:&quot;&quot;,&quot;jet_parallax_layout_animation_prop&quot;:&quot;transform&quot;,&quot;jet_parallax_layout_on&quot;:[&quot;desktop&quot;,&quot;tablet&quot;]}]}\">\n\t\t\t\t\t\t<div class=\"elementor-container elementor-column-gap-default\">\n\t\t\t\t\t<div class=\"elementor-column elementor-col-100 elementor-top-column elementor-element elementor-element-7584ddd\" data-id=\"7584ddd\" data-element_type=\"column\" data-e-type=\"column\">\n\t\t\t<div class=\"elementor-widget-wrap elementor-element-populated\">\n\t\t\t\t\t\t<div class=\"elementor-element elementor-element-d52458f elementor-widget elementor-widget-jet-blog-smart-listing\" data-id=\"d52458f\" data-element_type=\"widget\" data-e-type=\"widget\" data-widget_type=\"jet-blog-smart-listing.default\">\n\t\t\t\t<div class=\"elementor-widget-container\">\n\t\t\t\t\t<div class=\"elementor-jet-blog-smart-listing jet-blog\"><div class=\"jet-smart-listing-wrap\" data-settings='{&quot;block_title&quot;:&quot;&quot;,&quot;title_tag&quot;:&quot;h2&quot;,&quot;featured_post&quot;:&quot;&quot;,&quot;featured_position&quot;:null,&quot;featured_width&quot;:null,&quot;featured_layout&quot;:null,&quot;featured_image_size&quot;:null,&quot;featured_image_position&quot;:null,&quot;featured_image_width&quot;:null,&quot;featured_excerpt_length&quot;:null,&quot;featured_excerpt_trimmed_ending&quot;:null,&quot;featured_read_more&quot;:null,&quot;featured_read_more_text&quot;:null,&quot;featured_show_meta&quot;:null,&quot;featured_show_author&quot;:null,&quot;featured_show_author_avatar&quot;:null,&quot;featured_show_author_from&quot;:null,&quot;featured_avatar_custom_field&quot;:null,&quot;featured_avatar_size&quot;:null,&quot;featured_show_author_icon&quot;:null,&quot;selected_featured_show_author_icon&quot;:null,&quot;featured_show_date&quot;:null,&quot;featured_show_date_icon&quot;:null,&quot;selected_featured_show_date_icon&quot;:null,&quot;featured_show_comments&quot;:null,&quot;featured_show_comments_icon&quot;:null,&quot;selected_featured_show_comments_icon&quot;:null,&quot;posts_columns_widescreen&quot;:null,&quot;posts_columns&quot;:&quot;3&quot;,&quot;posts_columns_laptop&quot;:null,&quot;posts_columns_tablet_extra&quot;:null,&quot;posts_columns_tablet&quot;:null,&quot;posts_columns_mobile_extra&quot;:null,&quot;posts_columns_mobile&quot;:&quot;1&quot;,&quot;posts_rows_widescreen&quot;:null,&quot;posts_rows&quot;:&quot;6&quot;,&quot;posts_rows_laptop&quot;:null,&quot;posts_rows_tablet_extra&quot;:null,&quot;posts_rows_tablet&quot;:null,&quot;posts_rows_mobile_extra&quot;:null,&quot;posts_rows_mobile&quot;:null,&quot;image_size&quot;:null,&quot;image_position&quot;:null,&quot;image_width&quot;:null,&quot;excerpt_length&quot;:0,&quot;excerpt_trimmed_ending&quot;:&quot;...&quot;,&quot;read_more&quot;:&quot;yes&quot;,&quot;read_more_text&quot;:&quot;Ver m\\u00e1s&quot;,&quot;show_meta&quot;:&quot;yes&quot;,&quot;show_author&quot;:&quot;&quot;,&quot;show_author_avatar&quot;:null,&quot;get_avatar_from&quot;:null,&quot;avatar_custom_field&quot;:null,&quot;avatar_size&quot;:null,&quot;show_author_icon&quot;:null,&quot;selected_show_author_icon&quot;:null,&quot;show_date&quot;:&quot;yes&quot;,&quot;show_date_icon&quot;:null,&quot;selected_show_date_icon&quot;:{&quot;value&quot;:&quot;fas fa-calendar-alt&quot;,&quot;library&quot;:&quot;fa-solid&quot;},&quot;show_comments&quot;:&quot;&quot;,&quot;show_comments_icon&quot;:null,&quot;selected_show_comments_icon&quot;:null,&quot;query_by&quot;:&quot;category&quot;,&quot;category_ids&quot;:[&quot;24&quot;,&quot;36&quot;],&quot;post_tag_ids&quot;:null,&quot;include_ids&quot;:null,&quot;exclude_ids&quot;:&quot;&quot;,&quot;custom_query_by&quot;:&quot;all&quot;,&quot;custom_terms_ids&quot;:null,&quot;meta_query&quot;:&quot;&quot;,&quot;meta_key&quot;:null,&quot;meta_value&quot;:null,&quot;show_filter&quot;:&quot;&quot;,&quot;filter_by&quot;:null,&quot;show_all_btn&quot;:null,&quot;all_btn_label&quot;:null,&quot;more_terms_icon&quot;:null,&quot;selected_more_terms_icon&quot;:null,&quot;show_arrows&quot;:&quot;&quot;,&quot;arrow_type&quot;:null,&quot;show_featured_terms&quot;:null,&quot;show_featured_terms_tax&quot;:null,&quot;show_featured_terms_num&quot;:null,&quot;show_terms&quot;:&quot;&quot;,&quot;show_terms_tax&quot;:null,&quot;show_terms_num&quot;:null,&quot;featured_meta_position&quot;:null,&quot;meta_position&quot;:&quot;after&quot;,&quot;show_image&quot;:&quot;&quot;,&quot;post_type&quot;:[&quot;post&quot;],&quot;post_ids&quot;:null,&quot;content_related_meta&quot;:null,&quot;show_content_related_meta&quot;:&quot;&quot;,&quot;meta_content_related_position&quot;:null,&quot;title_related_meta&quot;:null,&quot;show_title_related_meta&quot;:&quot;&quot;,&quot;meta_title_related_position&quot;:null,&quot;featured_title_length&quot;:null,&quot;title_length&quot;:0,&quot;add_button_icon&quot;:&quot;&quot;,&quot;button_icon&quot;:null,&quot;selected_button_icon&quot;:null,&quot;post_add_button_icon&quot;:&quot;&quot;,&quot;post_button_icon&quot;:null,&quot;selected_post_button_icon&quot;:null,&quot;use_custom_query&quot;:&quot;&quot;,&quot;custom_query&quot;:null,&quot;posts_offset&quot;:0,&quot;order&quot;:&quot;DESC&quot;,&quot;order_by&quot;:&quot;date&quot;,&quot;is_archive_template&quot;:&quot;&quot;,&quot;query_builder_id&quot;:null}' data-page=\"1\" data-term=\"0\" data-scroll-top=>\n\t<div class=\"jet-smart-listing__heading\"><span class=\"jet-smart-listing__title-placeholder\"><\/span><\/div>\n\t<div class=\"jet-smart-listing rows-6 no-featured\"><div class=\"jet-smart-listing__posts\">\n\t\t\t\t<div class=\"jet-smart-listing__post-wrapper\">\n\t\t\t\t<div class=\"jet-smart-listing__post\">\n\t\t\t\t\t\t\t\t\t\t\t\t\t\t\t<div class=\"jet-smart-listing__post-content\"><div class=\"jet-smart-listing__post-title post-title-simple\"><a href=\"https:\/\/caru.org.uy\/nuevositio\/2026\/03\/03\/concurso-de-precios-no01-26-contratacion-de-insumos-de-libreria-y-papeleria-para-el-normal-funcionamiento-de-la-comision-administradora-del-rio-uruguay-ano-2026\/\">Concurso de Precios N\u00ba01\/26 &#8220;Contrataci\u00f3n de insumos de librer\u00eda y papeler\u00eda para el normal funcionamiento de la Comisi\u00f3n Administradora del R\u00edo Uruguay, a\u00f1o 2026&#8221;.<\/a><\/div><div class=\"jet-smart-listing__meta\"><span class=\"post__date post-meta__item jet-smart-listing__meta-item\"><span class=\"jet-smart-listing__meta-icon jet-blog-icon\"><i aria-hidden=\"true\" class=\"fas fa-calendar-alt\"><\/i><\/span><a href=\"https:\/\/caru.org.uy\/nuevositio\/2026\/03\/03\/\"><time datetime=\"2026-03-03T09:22:10-03:00\" title=\"2026-03-03T09:22:10-03:00\">marzo 3, 2026<\/time><\/a><\/span><\/div><div class=\"jet-smart-listing__more-wrap\"><a href=\"https:\/\/caru.org.uy\/nuevositio\/2026\/03\/03\/concurso-de-precios-no01-26-contratacion-de-insumos-de-libreria-y-papeleria-para-el-normal-funcionamiento-de-la-comision-administradora-del-rio-uruguay-ano-2026\/\" class=\"jet-smart-listing__more simple-more elementor-button elementor-size-md\"><span class=\"jet-smart-listing__more-text\">Ver m\u00e1s<\/span><\/a><\/div><\/div>\n\t\t\t\t<\/div>\n\t\t\t<\/div>\n\t\t\t\t\t\t<div class=\"jet-smart-listing__post-wrapper\">\n\t\t\t\t<div class=\"jet-smart-listing__post\">\n\t\t\t\t\t\t\t\t\t\t\t\t\t\t\t<div class=\"jet-smart-listing__post-content\"><div class=\"jet-smart-listing__post-title post-title-simple\"><a href=\"https:\/\/caru.org.uy\/nuevositio\/2026\/01\/23\/comision-administradora-del-rio-uruguay-resuelve-dejar-sin-efecto-el-llamado-a-concurso-abierto-publico-de-oposicion-y-antecedentes-n06-25\/\">Comisi\u00f3n Administradora del R\u00edo Uruguay, resuelve dejar sin efecto el llamado a Concurso Abierto P\u00fablico\u00a0de Oposici\u00f3n y Antecedentes n\u00b006\/25.<\/a><\/div><div class=\"jet-smart-listing__meta\"><span class=\"post__date post-meta__item jet-smart-listing__meta-item\"><span class=\"jet-smart-listing__meta-icon jet-blog-icon\"><i aria-hidden=\"true\" class=\"fas fa-calendar-alt\"><\/i><\/span><a href=\"https:\/\/caru.org.uy\/nuevositio\/2026\/01\/23\/\"><time datetime=\"2026-01-23T20:52:18-03:00\" title=\"2026-01-23T20:52:18-03:00\">enero 23, 2026<\/time><\/a><\/span><\/div><div class=\"jet-smart-listing__more-wrap\"><a href=\"https:\/\/caru.org.uy\/nuevositio\/2026\/01\/23\/comision-administradora-del-rio-uruguay-resuelve-dejar-sin-efecto-el-llamado-a-concurso-abierto-publico-de-oposicion-y-antecedentes-n06-25\/\" class=\"jet-smart-listing__more simple-more elementor-button elementor-size-md\"><span class=\"jet-smart-listing__more-text\">Ver m\u00e1s<\/span><\/a><\/div><\/div>\n\t\t\t\t<\/div>\n\t\t\t<\/div>\n\t\t\t\t\t\t<div class=\"jet-smart-listing__post-wrapper\">\n\t\t\t\t<div class=\"jet-smart-listing__post\">\n\t\t\t\t\t\t\t\t\t\t\t\t\t\t\t<div class=\"jet-smart-listing__post-content\"><div class=\"jet-smart-listing__post-title post-title-simple\"><a href=\"https:\/\/caru.org.uy\/nuevositio\/2026\/01\/02\/circular-n6-concurso-de-precios-n06-25-contratacion-anual-de-seguros\/\">CIRCULAR N\u00b06 CONCURSO DE PRECIOS N\u00b006\/25 &#8220;CONTRATACI\u00d3N ANUAL DE SEGUROS DE VEH\u00cdCULOS-&#8220;<\/a><\/div><div class=\"jet-smart-listing__meta\"><span class=\"post__date post-meta__item jet-smart-listing__meta-item\"><span class=\"jet-smart-listing__meta-icon jet-blog-icon\"><i aria-hidden=\"true\" class=\"fas fa-calendar-alt\"><\/i><\/span><a href=\"https:\/\/caru.org.uy\/nuevositio\/2026\/01\/02\/\"><time datetime=\"2026-01-02T14:50:51-03:00\" title=\"2026-01-02T14:50:51-03:00\">enero 2, 2026<\/time><\/a><\/span><\/div><div class=\"jet-smart-listing__more-wrap\"><a href=\"https:\/\/caru.org.uy\/nuevositio\/2026\/01\/02\/circular-n6-concurso-de-precios-n06-25-contratacion-anual-de-seguros\/\" class=\"jet-smart-listing__more simple-more elementor-button elementor-size-md\"><span class=\"jet-smart-listing__more-text\">Ver m\u00e1s<\/span><\/a><\/div><\/div>\n\t\t\t\t<\/div>\n\t\t\t<\/div>\n\t\t\t\t\t\t<div class=\"jet-smart-listing__post-wrapper\">\n\t\t\t\t<div class=\"jet-smart-listing__post\">\n\t\t\t\t\t\t\t\t\t\t\t\t\t\t\t<div class=\"jet-smart-listing__post-content\"><div class=\"jet-smart-listing__post-title post-title-simple\"><a href=\"https:\/\/caru.org.uy\/nuevositio\/2025\/12\/30\/acta-no11-junta-de-seleccion-para-el-llamado-no-06-25-a-personas-de-nacionalidad-uruguaya-y-argentina-para-la-seleccion-de-dos-jefes-de-campana-comite-cientifico\/\">Acta N\u00ba11 Junta de Selecci\u00f3n para el llamado N\u00ba 06-25 &#8220;A personas de nacionalidad uruguaya y argentina para la selecci\u00f3n de dos jefes de campa\u00f1a&#8221; Comit\u00e9 Cient\u00edfico<\/a><\/div><div class=\"jet-smart-listing__meta\"><span class=\"post__date post-meta__item jet-smart-listing__meta-item\"><span class=\"jet-smart-listing__meta-icon jet-blog-icon\"><i aria-hidden=\"true\" class=\"fas fa-calendar-alt\"><\/i><\/span><a href=\"https:\/\/caru.org.uy\/nuevositio\/2025\/12\/30\/\"><time datetime=\"2025-12-30T17:34:31-03:00\" title=\"2025-12-30T17:34:31-03:00\">diciembre 30, 2025<\/time><\/a><\/span><\/div><div class=\"jet-smart-listing__more-wrap\"><a href=\"https:\/\/caru.org.uy\/nuevositio\/2025\/12\/30\/acta-no11-junta-de-seleccion-para-el-llamado-no-06-25-a-personas-de-nacionalidad-uruguaya-y-argentina-para-la-seleccion-de-dos-jefes-de-campana-comite-cientifico\/\" class=\"jet-smart-listing__more simple-more elementor-button elementor-size-md\"><span class=\"jet-smart-listing__more-text\">Ver m\u00e1s<\/span><\/a><\/div><\/div>\n\t\t\t\t<\/div>\n\t\t\t<\/div>\n\t\t\t\t\t\t<div class=\"jet-smart-listing__post-wrapper\">\n\t\t\t\t<div class=\"jet-smart-listing__post\">\n\t\t\t\t\t\t\t\t\t\t\t\t\t\t\t<div class=\"jet-smart-listing__post-content\"><div class=\"jet-smart-listing__post-title post-title-simple\"><a href=\"https:\/\/caru.org.uy\/nuevositio\/2025\/12\/12\/circular-n5-concurso-de-precios-n06-25-contratacion-anual-de-seguros-de-vehiculos-embarcaciones-tractores-trailers-de-edificios-laboratorios-equipos-y-de-responsabilidad-civil-de-la\/\">CIRCULAR N\u00b05 CONCURSO DE PRECIOS N\u00b006\/25 &#8220;CONTRATACI\u00d3N ANUAL DE SEGUROS DE VEH\u00cdCULOS-&#8220;<\/a><\/div><div class=\"jet-smart-listing__meta\"><span class=\"post__date post-meta__item jet-smart-listing__meta-item\"><span class=\"jet-smart-listing__meta-icon jet-blog-icon\"><i aria-hidden=\"true\" class=\"fas fa-calendar-alt\"><\/i><\/span><a href=\"https:\/\/caru.org.uy\/nuevositio\/2025\/12\/12\/\"><time datetime=\"2025-12-12T15:58:26-03:00\" title=\"2025-12-12T15:58:26-03:00\">diciembre 12, 2025<\/time><\/a><\/span><\/div><div class=\"jet-smart-listing__more-wrap\"><a href=\"https:\/\/caru.org.uy\/nuevositio\/2025\/12\/12\/circular-n5-concurso-de-precios-n06-25-contratacion-anual-de-seguros-de-vehiculos-embarcaciones-tractores-trailers-de-edificios-laboratorios-equipos-y-de-responsabilidad-civil-de-la\/\" class=\"jet-smart-listing__more simple-more elementor-button elementor-size-md\"><span class=\"jet-smart-listing__more-text\">Ver m\u00e1s<\/span><\/a><\/div><\/div>\n\t\t\t\t<\/div>\n\t\t\t<\/div>\n\t\t\t\t\t\t<div class=\"jet-smart-listing__post-wrapper\">\n\t\t\t\t<div class=\"jet-smart-listing__post\">\n\t\t\t\t\t\t\t\t\t\t\t\t\t\t\t<div class=\"jet-smart-listing__post-content\"><div class=\"jet-smart-listing__post-title post-title-simple\"><a href=\"https:\/\/caru.org.uy\/nuevositio\/2025\/12\/11\/circular-n4-concurso-de-precios-n06-25-contratacion-anual-de-seguros-de-vehiculos-embarcaciones-tractores-trailers-de-edificios-laboratorios-equipos-y-de-responsabilidad-civil-de-l\/\">CIRCULAR N\u00b04, CONCURSO DE PRECIOS N\u00b006\/25 &#8220;CONTRATACI\u00d3N ANUAL DE SEGUROS DE VEH\u00cdCULOS, EMBARCACIONES, TRACTORES, TRAILERS, DE EDIFICIOS\/LABORATORIOS, EQUIPOS Y DE RESPONSABILIDAD CIVIL DE LA COMISI\u00d3N ADMINISTRADORA DEL R\u00cdO URUGUAY&#8221;<\/a><\/div><div class=\"jet-smart-listing__meta\"><span class=\"post__date post-meta__item jet-smart-listing__meta-item\"><span class=\"jet-smart-listing__meta-icon jet-blog-icon\"><i aria-hidden=\"true\" class=\"fas fa-calendar-alt\"><\/i><\/span><a href=\"https:\/\/caru.org.uy\/nuevositio\/2025\/12\/11\/\"><time datetime=\"2025-12-11T17:27:34-03:00\" title=\"2025-12-11T17:27:34-03:00\">diciembre 11, 2025<\/time><\/a><\/span><\/div><div class=\"jet-smart-listing__more-wrap\"><a href=\"https:\/\/caru.org.uy\/nuevositio\/2025\/12\/11\/circular-n4-concurso-de-precios-n06-25-contratacion-anual-de-seguros-de-vehiculos-embarcaciones-tractores-trailers-de-edificios-laboratorios-equipos-y-de-responsabilidad-civil-de-l\/\" class=\"jet-smart-listing__more simple-more elementor-button elementor-size-md\"><span class=\"jet-smart-listing__more-text\">Ver m\u00e1s<\/span><\/a><\/div><\/div>\n\t\t\t\t<\/div>\n\t\t\t<\/div>\n\t\t\t\t\t\t<div class=\"jet-smart-listing__post-wrapper\">\n\t\t\t\t<div class=\"jet-smart-listing__post\">\n\t\t\t\t\t\t\t\t\t\t\t\t\t\t\t<div class=\"jet-smart-listing__post-content\"><div class=\"jet-smart-listing__post-title post-title-simple\"><a href=\"https:\/\/caru.org.uy\/nuevositio\/2025\/12\/09\/circular-n3-concurso-de-precios-n06-25-contratacion-anual-de-seguros-de-vehiculos-embarcaciones-tractores-trailers-de-edificios-laboratorios-equipos-y-de-responsabilidad-civil-de-la\/\">CIRCULAR N\u00b03 CONCURSO DE PRECIOS N\u00b006\/25 &#8220;CONTRATACI\u00d3N ANUAL DE SEGUROS DE VEH\u00cdCULOS, EMBARCACIONES, TRACTORES, TRAILERS, DE EDIFICIOS\/LABORATORIOS, EQUIPOS Y DE RESPONSABILIDAD CIVIL DE LA COMISI\u00d3N ADMINISTRADORA DEL R\u00cdO URUGUAY&#8221;<\/a><\/div><div class=\"jet-smart-listing__meta\"><span class=\"post__date post-meta__item jet-smart-listing__meta-item\"><span class=\"jet-smart-listing__meta-icon jet-blog-icon\"><i aria-hidden=\"true\" class=\"fas fa-calendar-alt\"><\/i><\/span><a href=\"https:\/\/caru.org.uy\/nuevositio\/2025\/12\/09\/\"><time datetime=\"2025-12-09T17:40:05-03:00\" title=\"2025-12-09T17:40:05-03:00\">diciembre 9, 2025<\/time><\/a><\/span><\/div><div class=\"jet-smart-listing__more-wrap\"><a href=\"https:\/\/caru.org.uy\/nuevositio\/2025\/12\/09\/circular-n3-concurso-de-precios-n06-25-contratacion-anual-de-seguros-de-vehiculos-embarcaciones-tractores-trailers-de-edificios-laboratorios-equipos-y-de-responsabilidad-civil-de-la\/\" class=\"jet-smart-listing__more simple-more elementor-button elementor-size-md\"><span class=\"jet-smart-listing__more-text\">Ver m\u00e1s<\/span><\/a><\/div><\/div>\n\t\t\t\t<\/div>\n\t\t\t<\/div>\n\t\t\t\t\t\t<div class=\"jet-smart-listing__post-wrapper\">\n\t\t\t\t<div class=\"jet-smart-listing__post\">\n\t\t\t\t\t\t\t\t\t\t\t\t\t\t\t<div class=\"jet-smart-listing__post-content\"><div class=\"jet-smart-listing__post-title post-title-simple\"><a href=\"https:\/\/caru.org.uy\/nuevositio\/2025\/12\/09\/circular-n2-concurso-de-precios-n06-25-contratacion-anual-de-seguros-de-vehiculos-embarcaciones-tractores-trailers-de-edificios-laboratorios-equipos-y-de-responsabilidad-civil-de-la\/\">CIRCULAR N\u00b02 CONCURSO DE PRECIOS N\u00b006\/25 &#8220;CONTRATACI\u00d3N ANUAL DE SEGUROS DE VEH\u00cdCULOS, EMBARCACIONES, TRACTORES, TRAILERS, DE EDIFICIOS\/LABORATORIOS, EQUIPOS Y DE RESPONSABILIDAD CIVIL DE LA COMISI\u00d3N ADMINISTRADORA DEL R\u00cdO URUGUAY&#8221;<\/a><\/div><div class=\"jet-smart-listing__meta\"><span class=\"post__date post-meta__item jet-smart-listing__meta-item\"><span class=\"jet-smart-listing__meta-icon jet-blog-icon\"><i aria-hidden=\"true\" class=\"fas fa-calendar-alt\"><\/i><\/span><a href=\"https:\/\/caru.org.uy\/nuevositio\/2025\/12\/09\/\"><time datetime=\"2025-12-09T17:38:06-03:00\" title=\"2025-12-09T17:38:06-03:00\">diciembre 9, 2025<\/time><\/a><\/span><\/div><div class=\"jet-smart-listing__more-wrap\"><a href=\"https:\/\/caru.org.uy\/nuevositio\/2025\/12\/09\/circular-n2-concurso-de-precios-n06-25-contratacion-anual-de-seguros-de-vehiculos-embarcaciones-tractores-trailers-de-edificios-laboratorios-equipos-y-de-responsabilidad-civil-de-la\/\" class=\"jet-smart-listing__more simple-more elementor-button elementor-size-md\"><span class=\"jet-smart-listing__more-text\">Ver m\u00e1s<\/span><\/a><\/div><\/div>\n\t\t\t\t<\/div>\n\t\t\t<\/div>\n\t\t\t\t\t\t<div class=\"jet-smart-listing__post-wrapper\">\n\t\t\t\t<div class=\"jet-smart-listing__post\">\n\t\t\t\t\t\t\t\t\t\t\t\t\t\t\t<div class=\"jet-smart-listing__post-content\"><div class=\"jet-smart-listing__post-title post-title-simple\"><a href=\"https:\/\/caru.org.uy\/nuevositio\/2025\/12\/08\/circular-n1-concurso-de-precios-n06-25-contratacion-anual-de-seguros-de-vehiculos-embarcaciones-tractores-trailers-de-edificios-laboratorios-equipos-y-de-responsabilidad-civil-d\/\">CIRCULAR N\u00b01 &#8211; CONCURSO DE PRECIOS N\u00b006\/25 &#8211; &#8220;CONTRATACI\u00d3N ANUAL DE SEGUROS DE VEH\u00cdCULOS, EMBARCACIONES, TRACTORES, TRAILERS, DE EDIFICIOS\/LABORATORIOS, EQUIPOS Y DE RESPONSABILIDAD CIVIL DE LA COMISI\u00d3N ADMINISTRADORA DEL R\u00cdO URUGUAY&#8221;<\/a><\/div><div class=\"jet-smart-listing__meta\"><span class=\"post__date post-meta__item jet-smart-listing__meta-item\"><span class=\"jet-smart-listing__meta-icon jet-blog-icon\"><i aria-hidden=\"true\" class=\"fas fa-calendar-alt\"><\/i><\/span><a href=\"https:\/\/caru.org.uy\/nuevositio\/2025\/12\/08\/\"><time datetime=\"2025-12-08T08:05:36-03:00\" title=\"2025-12-08T08:05:36-03:00\">diciembre 8, 2025<\/time><\/a><\/span><\/div><div class=\"jet-smart-listing__more-wrap\"><a href=\"https:\/\/caru.org.uy\/nuevositio\/2025\/12\/08\/circular-n1-concurso-de-precios-n06-25-contratacion-anual-de-seguros-de-vehiculos-embarcaciones-tractores-trailers-de-edificios-laboratorios-equipos-y-de-responsabilidad-civil-d\/\" class=\"jet-smart-listing__more simple-more elementor-button elementor-size-md\"><span class=\"jet-smart-listing__more-text\">Ver m\u00e1s<\/span><\/a><\/div><\/div>\n\t\t\t\t<\/div>\n\t\t\t<\/div>\n\t\t\t\t\t\t<div class=\"jet-smart-listing__post-wrapper\">\n\t\t\t\t<div class=\"jet-smart-listing__post\">\n\t\t\t\t\t\t\t\t\t\t\t\t\t\t\t<div class=\"jet-smart-listing__post-content\"><div class=\"jet-smart-listing__post-title post-title-simple\"><a href=\"https:\/\/caru.org.uy\/nuevositio\/2025\/12\/04\/contratacion-anual-de-seguros-de-vehiculosembarcaciones-tractores-trailers-deedificios-laboratorios-equipos-y-deresponsabilidad-civil-de-la-comisionadministradora-del-rio-uruguay\/\">\u201cCONTRATACI\u00d3N ANUAL DE SEGUROS DE VEH\u00cdCULOS,EMBARCACIONES, TRACTORES, TRAILERS, DEEDIFICIOS\/LABORATORIOS, EQUIPOS Y DERESPONSABILIDAD CIVIL DE LA COMISI\u00d3NADMINISTRADORA DEL R\u00cdO URUGUAY\u201d CONCURSO DE PRECIOS N2 06\/25<\/a><\/div><div class=\"jet-smart-listing__meta\"><span class=\"post__date post-meta__item jet-smart-listing__meta-item\"><span class=\"jet-smart-listing__meta-icon jet-blog-icon\"><i aria-hidden=\"true\" class=\"fas fa-calendar-alt\"><\/i><\/span><a href=\"https:\/\/caru.org.uy\/nuevositio\/2025\/12\/04\/\"><time datetime=\"2025-12-04T14:54:20-03:00\" title=\"2025-12-04T14:54:20-03:00\">diciembre 4, 2025<\/time><\/a><\/span><\/div><div class=\"jet-smart-listing__more-wrap\"><a href=\"https:\/\/caru.org.uy\/nuevositio\/2025\/12\/04\/contratacion-anual-de-seguros-de-vehiculosembarcaciones-tractores-trailers-deedificios-laboratorios-equipos-y-deresponsabilidad-civil-de-la-comisionadministradora-del-rio-uruguay\/\" class=\"jet-smart-listing__more simple-more elementor-button elementor-size-md\"><span class=\"jet-smart-listing__more-text\">Ver m\u00e1s<\/span><\/a><\/div><\/div>\n\t\t\t\t<\/div>\n\t\t\t<\/div>\n\t\t\t\t\t\t<div class=\"jet-smart-listing__post-wrapper\">\n\t\t\t\t<div class=\"jet-smart-listing__post\">\n\t\t\t\t\t\t\t\t\t\t\t\t\t\t\t<div class=\"jet-smart-listing__post-content\"><div class=\"jet-smart-listing__post-title post-title-simple\"><a href=\"https:\/\/caru.org.uy\/nuevositio\/2025\/11\/17\/llamado-a-concurso-abierto-de-oposicion-y-antecedentes-no-06-25-a-personas-de-nacionalidad-uruguaya-y-argentina-para-la-seleccion-de-dos-jefes-de-campana\/\">(cerrado) LLAMADO A CONCURSO ABIERTO DE OPOSICI\u00d3N Y ANTECEDENTES N\u00ba 06\/25 A PERSONAS DE NACIONALIDAD URUGUAYA Y ARGENTINA PARA LA SELECCI\u00d3N DE DOS JEFES DE CAMPA\u00d1A<\/a><\/div><div class=\"jet-smart-listing__meta\"><span class=\"post__date post-meta__item jet-smart-listing__meta-item\"><span class=\"jet-smart-listing__meta-icon jet-blog-icon\"><i aria-hidden=\"true\" class=\"fas fa-calendar-alt\"><\/i><\/span><a href=\"https:\/\/caru.org.uy\/nuevositio\/2025\/11\/17\/\"><time datetime=\"2025-11-17T23:59:00-03:00\" title=\"2025-11-17T23:59:00-03:00\">noviembre 17, 2025<\/time><\/a><\/span><\/div><div class=\"jet-smart-listing__more-wrap\"><a href=\"https:\/\/caru.org.uy\/nuevositio\/2025\/11\/17\/llamado-a-concurso-abierto-de-oposicion-y-antecedentes-no-06-25-a-personas-de-nacionalidad-uruguaya-y-argentina-para-la-seleccion-de-dos-jefes-de-campana\/\" class=\"jet-smart-listing__more simple-more elementor-button elementor-size-md\"><span class=\"jet-smart-listing__more-text\">Ver m\u00e1s<\/span><\/a><\/div><\/div>\n\t\t\t\t<\/div>\n\t\t\t<\/div>\n\t\t\t\t\t\t<div class=\"jet-smart-listing__post-wrapper\">\n\t\t\t\t<div class=\"jet-smart-listing__post\">\n\t\t\t\t\t\t\t\t\t\t\t\t\t\t\t<div class=\"jet-smart-listing__post-content\"><div class=\"jet-smart-listing__post-title post-title-simple\"><a href=\"https:\/\/caru.org.uy\/nuevositio\/2025\/11\/17\/llamado-a-concurso-abierto-de-oposicion-y-antecedentes-no-05-25-a-personas-de-nacionalidad-uruguaya-para-la-seleccion-de-un-asistente-de-laboratorio\/\">(cerrado)LLAMADO A CONCURSO ABIERTO DE OPOSICI\u00d3N Y ANTECEDENTES N\u00ba 05\/25 A PERSONAS DE NACIONALIDAD URUGUAYA PARA LA SELECCI\u00d3N DE UN ASISTENTE DE LABORATORIO.<\/a><\/div><div class=\"jet-smart-listing__meta\"><span class=\"post__date post-meta__item jet-smart-listing__meta-item\"><span class=\"jet-smart-listing__meta-icon jet-blog-icon\"><i aria-hidden=\"true\" class=\"fas fa-calendar-alt\"><\/i><\/span><a href=\"https:\/\/caru.org.uy\/nuevositio\/2025\/11\/17\/\"><time datetime=\"2025-11-17T23:59:00-03:00\" title=\"2025-11-17T23:59:00-03:00\">noviembre 17, 2025<\/time><\/a><\/span><\/div><div class=\"jet-smart-listing__more-wrap\"><a href=\"https:\/\/caru.org.uy\/nuevositio\/2025\/11\/17\/llamado-a-concurso-abierto-de-oposicion-y-antecedentes-no-05-25-a-personas-de-nacionalidad-uruguaya-para-la-seleccion-de-un-asistente-de-laboratorio\/\" class=\"jet-smart-listing__more simple-more elementor-button elementor-size-md\"><span class=\"jet-smart-listing__more-text\">Ver m\u00e1s<\/span><\/a><\/div><\/div>\n\t\t\t\t<\/div>\n\t\t\t<\/div>\n\t\t\t\t\t\t<div class=\"jet-smart-listing__post-wrapper\">\n\t\t\t\t<div class=\"jet-smart-listing__post\">\n\t\t\t\t\t\t\t\t\t\t\t\t\t\t\t<div class=\"jet-smart-listing__post-content\"><div class=\"jet-smart-listing__post-title post-title-simple\"><a href=\"https:\/\/caru.org.uy\/nuevositio\/2025\/11\/06\/pliego-de-bases-y-condiciones-y-especificaciones-tecnicas-y-anexos-del-concurso-de-precios-no05-25\/\">Pliego de Bases y Condiciones y Especificaciones T\u00e9cnicas y Anexos del Concurso de Precios N\u00ba05\/25.<\/a><\/div><div class=\"jet-smart-listing__meta\"><span class=\"post__date post-meta__item jet-smart-listing__meta-item\"><span class=\"jet-smart-listing__meta-icon jet-blog-icon\"><i aria-hidden=\"true\" class=\"fas fa-calendar-alt\"><\/i><\/span><a href=\"https:\/\/caru.org.uy\/nuevositio\/2025\/11\/06\/\"><time datetime=\"2025-11-06T20:08:58-03:00\" title=\"2025-11-06T20:08:58-03:00\">noviembre 6, 2025<\/time><\/a><\/span><\/div><div class=\"jet-smart-listing__more-wrap\"><a href=\"https:\/\/caru.org.uy\/nuevositio\/2025\/11\/06\/pliego-de-bases-y-condiciones-y-especificaciones-tecnicas-y-anexos-del-concurso-de-precios-no05-25\/\" class=\"jet-smart-listing__more simple-more elementor-button elementor-size-md\"><span class=\"jet-smart-listing__more-text\">Ver m\u00e1s<\/span><\/a><\/div><\/div>\n\t\t\t\t<\/div>\n\t\t\t<\/div>\n\t\t\t\t\t\t<div class=\"jet-smart-listing__post-wrapper\">\n\t\t\t\t<div class=\"jet-smart-listing__post\">\n\t\t\t\t\t\t\t\t\t\t\t\t\t\t\t<div class=\"jet-smart-listing__post-content\"><div class=\"jet-smart-listing__post-title post-title-simple\"><a href=\"https:\/\/caru.org.uy\/nuevositio\/2025\/11\/05\/resultados-del-sorteo-de-puestos-eventuales-uruguayos-con-escribano-publico-realizado-el-dia-5-de-noviembre\/\">Resultados del sorteo de puestos eventuales uruguayos con escribano p\u00fablico, realizado el d\u00eda 5 de noviembre.<\/a><\/div><div class=\"jet-smart-listing__meta\"><span class=\"post__date post-meta__item jet-smart-listing__meta-item\"><span class=\"jet-smart-listing__meta-icon jet-blog-icon\"><i aria-hidden=\"true\" class=\"fas fa-calendar-alt\"><\/i><\/span><a href=\"https:\/\/caru.org.uy\/nuevositio\/2025\/11\/05\/\"><time datetime=\"2025-11-05T14:44:17-03:00\" title=\"2025-11-05T14:44:17-03:00\">noviembre 5, 2025<\/time><\/a><\/span><\/div><div class=\"jet-smart-listing__more-wrap\"><a href=\"https:\/\/caru.org.uy\/nuevositio\/2025\/11\/05\/resultados-del-sorteo-de-puestos-eventuales-uruguayos-con-escribano-publico-realizado-el-dia-5-de-noviembre\/\" class=\"jet-smart-listing__more simple-more elementor-button elementor-size-md\"><span class=\"jet-smart-listing__more-text\">Ver m\u00e1s<\/span><\/a><\/div><\/div>\n\t\t\t\t<\/div>\n\t\t\t<\/div>\n\t\t\t\t\t\t<div class=\"jet-smart-listing__post-wrapper\">\n\t\t\t\t<div class=\"jet-smart-listing__post\">\n\t\t\t\t\t\t\t\t\t\t\t\t\t\t\t<div class=\"jet-smart-listing__post-content\"><div class=\"jet-smart-listing__post-title post-title-simple\"><a href=\"https:\/\/caru.org.uy\/nuevositio\/2025\/10\/30\/seleccion-de-personal-uruguayo-con-caracter-de-eventual-para-desempenar-tareas-de-colaborador-de-servicios-maestranza-en-ambos-puentes-administrados-por-la-caru\/\">Selecci\u00f3n de personal uruguayo con car\u00e1cter de eventual para desempe\u00f1ar tareas de Colaborador de Servicios (Maestranza) en ambos puentes administrados por la CARU.<\/a><\/div><div class=\"jet-smart-listing__meta\"><span class=\"post__date post-meta__item jet-smart-listing__meta-item\"><span class=\"jet-smart-listing__meta-icon jet-blog-icon\"><i aria-hidden=\"true\" class=\"fas fa-calendar-alt\"><\/i><\/span><a href=\"https:\/\/caru.org.uy\/nuevositio\/2025\/10\/30\/\"><time datetime=\"2025-10-30T00:01:00-03:00\" title=\"2025-10-30T00:01:00-03:00\">octubre 30, 2025<\/time><\/a><\/span><\/div><div class=\"jet-smart-listing__more-wrap\"><a href=\"https:\/\/caru.org.uy\/nuevositio\/2025\/10\/30\/seleccion-de-personal-uruguayo-con-caracter-de-eventual-para-desempenar-tareas-de-colaborador-de-servicios-maestranza-en-ambos-puentes-administrados-por-la-caru\/\" class=\"jet-smart-listing__more simple-more elementor-button elementor-size-md\"><span class=\"jet-smart-listing__more-text\">Ver m\u00e1s<\/span><\/a><\/div><\/div>\n\t\t\t\t<\/div>\n\t\t\t<\/div>\n\t\t\t\t\t\t<div class=\"jet-smart-listing__post-wrapper\">\n\t\t\t\t<div class=\"jet-smart-listing__post\">\n\t\t\t\t\t\t\t\t\t\t\t\t\t\t\t<div class=\"jet-smart-listing__post-content\"><div class=\"jet-smart-listing__post-title post-title-simple\"><a href=\"https:\/\/caru.org.uy\/nuevositio\/2025\/10\/30\/seleccion-de-personal-uruguayo-para-desempenarse-como-cobrador-cajero-con-contrato-eventual-en-ambos-puentes-administrados-por-la-caru\/\">Selecci\u00f3n de Personal Uruguayo para desempe\u00f1arse como Cobrador (Cajero) con contrato eventual en ambos puentes administrados por la CARU.<\/a><\/div><div class=\"jet-smart-listing__meta\"><span class=\"post__date post-meta__item jet-smart-listing__meta-item\"><span class=\"jet-smart-listing__meta-icon jet-blog-icon\"><i aria-hidden=\"true\" class=\"fas fa-calendar-alt\"><\/i><\/span><a href=\"https:\/\/caru.org.uy\/nuevositio\/2025\/10\/30\/\"><time datetime=\"2025-10-30T00:01:00-03:00\" title=\"2025-10-30T00:01:00-03:00\">octubre 30, 2025<\/time><\/a><\/span><\/div><div class=\"jet-smart-listing__more-wrap\"><a href=\"https:\/\/caru.org.uy\/nuevositio\/2025\/10\/30\/seleccion-de-personal-uruguayo-para-desempenarse-como-cobrador-cajero-con-contrato-eventual-en-ambos-puentes-administrados-por-la-caru\/\" class=\"jet-smart-listing__more simple-more elementor-button elementor-size-md\"><span class=\"jet-smart-listing__more-text\">Ver m\u00e1s<\/span><\/a><\/div><\/div>\n\t\t\t\t<\/div>\n\t\t\t<\/div>\n\t\t\t\t\t\t<div class=\"jet-smart-listing__post-wrapper\">\n\t\t\t\t<div class=\"jet-smart-listing__post\">\n\t\t\t\t\t\t\t\t\t\t\t\t\t\t\t<div class=\"jet-smart-listing__post-content\"><div class=\"jet-smart-listing__post-title post-title-simple\"><a href=\"https:\/\/caru.org.uy\/nuevositio\/2025\/10\/30\/seleccion-de-personal-uruguayo-con-caracter-de-eventual-para-desempenar-tareas-de-colaborador-de-servicios-banderillero-en-el-puente-general-artigas-administrado-por-la-caru\/\">Selecci\u00f3n de personal uruguayo con car\u00e1cter de eventual para desempe\u00f1ar tareas de Colaborador de Servicios (Banderillero) en el Puente General Artigas administrado por la CARU.\u00a0<\/a><\/div><div class=\"jet-smart-listing__meta\"><span class=\"post__date post-meta__item jet-smart-listing__meta-item\"><span class=\"jet-smart-listing__meta-icon jet-blog-icon\"><i aria-hidden=\"true\" class=\"fas fa-calendar-alt\"><\/i><\/span><a href=\"https:\/\/caru.org.uy\/nuevositio\/2025\/10\/30\/\"><time datetime=\"2025-10-30T00:01:00-03:00\" title=\"2025-10-30T00:01:00-03:00\">octubre 30, 2025<\/time><\/a><\/span><\/div><div class=\"jet-smart-listing__more-wrap\"><a href=\"https:\/\/caru.org.uy\/nuevositio\/2025\/10\/30\/seleccion-de-personal-uruguayo-con-caracter-de-eventual-para-desempenar-tareas-de-colaborador-de-servicios-banderillero-en-el-puente-general-artigas-administrado-por-la-caru\/\" class=\"jet-smart-listing__more simple-more elementor-button elementor-size-md\"><span class=\"jet-smart-listing__more-text\">Ver m\u00e1s<\/span><\/a><\/div><\/div>\n\t\t\t\t<\/div>\n\t\t\t<\/div>\n\t\t\t\t\t\t<div class=\"jet-smart-listing__post-wrapper\">\n\t\t\t\t<div class=\"jet-smart-listing__post\">\n\t\t\t\t\t\t\t\t\t\t\t\t\t\t\t<div class=\"jet-smart-listing__post-content\"><div class=\"jet-smart-listing__post-title post-title-simple\"><a href=\"https:\/\/caru.org.uy\/nuevositio\/2025\/02\/24\/concurso-publico-no-03-25\/\">CONCURSO DE PRECIOS N\u00ba 03\/25 &#8211; Provisi\u00f3n e instalaci\u00f3n de un hidroelevador<\/a><\/div><div class=\"jet-smart-listing__meta\"><span class=\"post__date post-meta__item jet-smart-listing__meta-item\"><span class=\"jet-smart-listing__meta-icon jet-blog-icon\"><i aria-hidden=\"true\" class=\"fas fa-calendar-alt\"><\/i><\/span><a href=\"https:\/\/caru.org.uy\/nuevositio\/2025\/02\/24\/\"><time datetime=\"2025-02-24T16:37:04-03:00\" title=\"2025-02-24T16:37:04-03:00\">febrero 24, 2025<\/time><\/a><\/span><\/div><div class=\"jet-smart-listing__more-wrap\"><a href=\"https:\/\/caru.org.uy\/nuevositio\/2025\/02\/24\/concurso-publico-no-03-25\/\" class=\"jet-smart-listing__more simple-more elementor-button elementor-size-md\"><span class=\"jet-smart-listing__more-text\">Ver m\u00e1s<\/span><\/a><\/div><\/div>\n\t\t\t\t<\/div>\n\t\t\t<\/div>\n\t\t\t<\/div>\n<\/div>\n\t<\/div>\n<div class=\"jet-smart-listing-loading\"><\/div><\/div>\t\t\t\t<\/div>\n\t\t\t\t<\/div>\n\t\t\t\t\t<\/div>\n\t\t<\/div>\n\t\t\t\t\t<\/div>\n\t\t<\/section>\n\t\t\t\t<section class=\"elementor-section elementor-top-section elementor-element elementor-element-7591d36 elementor-section-content-middle elementor-section-stretched elementor-section-boxed elementor-section-height-default elementor-section-height-default\" data-id=\"7591d36\" data-element_type=\"section\" data-e-type=\"section\" data-settings=\"{&quot;jet_parallax_layout_list&quot;:[{&quot;_id&quot;:&quot;a5ba744&quot;,&quot;jet_parallax_layout_image&quot;:{&quot;url&quot;:&quot;&quot;,&quot;id&quot;:&quot;&quot;,&quot;size&quot;:&quot;&quot;},&quot;jet_parallax_layout_image_tablet&quot;:{&quot;url&quot;:&quot;&quot;,&quot;id&quot;:&quot;&quot;,&quot;size&quot;:&quot;&quot;},&quot;jet_parallax_layout_image_mobile&quot;:{&quot;url&quot;:&quot;&quot;,&quot;id&quot;:&quot;&quot;,&quot;size&quot;:&quot;&quot;},&quot;jet_parallax_layout_speed&quot;:{&quot;unit&quot;:&quot;%&quot;,&quot;size&quot;:50,&quot;sizes&quot;:[]},&quot;jet_parallax_layout_type&quot;:&quot;scroll&quot;,&quot;jet_parallax_layout_direction&quot;:&quot;1&quot;,&quot;jet_parallax_layout_fx_direction&quot;:null,&quot;jet_parallax_layout_z_index&quot;:&quot;&quot;,&quot;jet_parallax_layout_bg_x&quot;:50,&quot;jet_parallax_layout_bg_x_tablet&quot;:&quot;&quot;,&quot;jet_parallax_layout_bg_x_mobile&quot;:&quot;&quot;,&quot;jet_parallax_layout_bg_y&quot;:50,&quot;jet_parallax_layout_bg_y_tablet&quot;:&quot;&quot;,&quot;jet_parallax_layout_bg_y_mobile&quot;:&quot;&quot;,&quot;jet_parallax_layout_bg_size&quot;:&quot;auto&quot;,&quot;jet_parallax_layout_bg_size_tablet&quot;:&quot;&quot;,&quot;jet_parallax_layout_bg_size_mobile&quot;:&quot;&quot;,&quot;jet_parallax_layout_animation_prop&quot;:&quot;transform&quot;,&quot;jet_parallax_layout_on&quot;:[&quot;desktop&quot;,&quot;tablet&quot;]}],&quot;stretch_section&quot;:&quot;section-stretched&quot;,&quot;background_background&quot;:&quot;classic&quot;}\">\n\t\t\t\t\t\t<div class=\"elementor-container elementor-column-gap-no\">\n\t\t\t\t\t<div class=\"elementor-column elementor-col-50 elementor-top-column elementor-element elementor-element-e55aa18\" data-id=\"e55aa18\" data-element_type=\"column\" data-e-type=\"column\">\n\t\t\t<div class=\"elementor-widget-wrap elementor-element-populated\">\n\t\t\t\t\t\t<div class=\"elementor-element elementor-element-b869ec8 elementor-widget elementor-widget-heading\" data-id=\"b869ec8\" data-element_type=\"widget\" data-e-type=\"widget\" data-widget_type=\"heading.default\">\n\t\t\t\t<div class=\"elementor-widget-container\">\n\t\t\t\t\t<h3 class=\"elementor-heading-title elementor-size-default\">M\u00c1S INFORMACI\u00d3N<\/h3>\t\t\t\t<\/div>\n\t\t\t\t<\/div>\n\t\t\t\t\t<\/div>\n\t\t<\/div>\n\t\t\t\t<div class=\"elementor-column elementor-col-50 elementor-top-column elementor-element elementor-element-9fe947c\" data-id=\"9fe947c\" data-element_type=\"column\" data-e-type=\"column\">\n\t\t\t<div class=\"elementor-widget-wrap elementor-element-populated\">\n\t\t\t\t\t\t<div class=\"elementor-element elementor-element-626e975 elementor-widget elementor-widget-text-editor\" data-id=\"626e975\" data-element_type=\"widget\" data-e-type=\"widget\" data-widget_type=\"text-editor.default\">\n\t\t\t\t<div class=\"elementor-widget-container\">\n\t\t\t\t\t\t\t\t\t<p>00598-4722-5400<br \/>int. 133.<br \/><br \/><\/p>\t\t\t\t\t\t\t\t<\/div>\n\t\t\t\t<\/div>\n\t\t\t\t\t<\/div>\n\t\t<\/div>\n\t\t\t\t\t<\/div>\n\t\t<\/section>\n\t\t\t\t<section class=\"elementor-section elementor-top-section elementor-element elementor-element-3eef92a elementor-section-boxed elementor-section-height-default elementor-section-height-default\" data-id=\"3eef92a\" data-element_type=\"section\" data-e-type=\"section\" data-settings=\"{&quot;jet_parallax_layout_list&quot;:[{&quot;jet_parallax_layout_image&quot;:{&quot;url&quot;:&quot;&quot;,&quot;id&quot;:&quot;&quot;,&quot;size&quot;:&quot;&quot;},&quot;_id&quot;:&quot;143c531&quot;,&quot;jet_parallax_layout_image_tablet&quot;:{&quot;url&quot;:&quot;&quot;,&quot;id&quot;:&quot;&quot;,&quot;size&quot;:&quot;&quot;},&quot;jet_parallax_layout_image_mobile&quot;:{&quot;url&quot;:&quot;&quot;,&quot;id&quot;:&quot;&quot;,&quot;size&quot;:&quot;&quot;},&quot;jet_parallax_layout_speed&quot;:{&quot;unit&quot;:&quot;%&quot;,&quot;size&quot;:50,&quot;sizes&quot;:[]},&quot;jet_parallax_layout_type&quot;:&quot;scroll&quot;,&quot;jet_parallax_layout_direction&quot;:&quot;1&quot;,&quot;jet_parallax_layout_fx_direction&quot;:null,&quot;jet_parallax_layout_z_index&quot;:&quot;&quot;,&quot;jet_parallax_layout_bg_x&quot;:50,&quot;jet_parallax_layout_bg_x_tablet&quot;:&quot;&quot;,&quot;jet_parallax_layout_bg_x_mobile&quot;:&quot;&quot;,&quot;jet_parallax_layout_bg_y&quot;:50,&quot;jet_parallax_layout_bg_y_tablet&quot;:&quot;&quot;,&quot;jet_parallax_layout_bg_y_mobile&quot;:&quot;&quot;,&quot;jet_parallax_layout_bg_size&quot;:&quot;auto&quot;,&quot;jet_parallax_layout_bg_size_tablet&quot;:&quot;&quot;,&quot;jet_parallax_layout_bg_size_mobile&quot;:&quot;&quot;,&quot;jet_parallax_layout_animation_prop&quot;:&quot;transform&quot;,&quot;jet_parallax_layout_on&quot;:[&quot;desktop&quot;,&quot;tablet&quot;]}]}\">\n\t\t\t\t\t\t<div class=\"elementor-container elementor-column-gap-default\">\n\t\t\t\t\t\t<\/div>\n\t\t<\/section>\n\t\t\t\t<\/div>\n\t\t","protected":false},"excerpt":{"rendered":"<p>compras,LICITACIONES y concursos En la siguiente secci\u00f3n podr\u00e1n encontrar los llamados a licitaci\u00f3n y concursos de precios que lleva adelante CARU, vigentes y en forma de archivo los que ya fueron finalizados. Inscripci\u00f3n abierta para \u00abLlamado a Concurso de Oposici\u00f3n y Antecedentes N\u00ba 5\/24 a personas de nacionalidad uruguaya para la selecci\u00f3n de \u00abCoordinador de [&hellip;]<\/p>\n","protected":false},"author":1,"featured_media":0,"parent":0,"menu_order":0,"comment_status":"closed","ping_status":"closed","template":"","meta":{"_acf_changed":false,"_joinchat":[],"footnotes":""},"class_list":["post-3511","page","type-page","status-publish","hentry"],"acf":[],"yoast_head":"<!-- This site is optimized with the Yoast SEO plugin v27.3 - https:\/\/yoast.com\/product\/yoast-seo-wordpress\/ -->\n<title>Compras, licitaciones y concursos - C.A.R.U.<\/title>\n<meta name=\"robots\" content=\"index, follow, max-snippet:-1, max-image-preview:large, max-video-preview:-1\" \/>\n<link rel=\"canonical\" href=\"https:\/\/caru.org.uy\/nuevositio\/compras-licitaciones-concursos\/\" \/>\n<meta property=\"og:locale\" content=\"es_ES\" \/>\n<meta property=\"og:type\" content=\"article\" \/>\n<meta property=\"og:title\" content=\"Compras, licitaciones y concursos - C.A.R.U.\" \/>\n<meta property=\"og:description\" content=\"compras,LICITACIONES y concursos En la siguiente secci\u00f3n podr\u00e1n encontrar los llamados a licitaci\u00f3n y concursos de precios que lleva adelante CARU, vigentes y en forma de archivo los que ya fueron finalizados. Inscripci\u00f3n abierta para \u00abLlamado a Concurso de Oposici\u00f3n y Antecedentes N\u00ba 5\/24 a personas de nacionalidad uruguaya para la selecci\u00f3n de \u00abCoordinador de [&hellip;]\" \/>\n<meta property=\"og:url\" content=\"https:\/\/caru.org.uy\/nuevositio\/compras-licitaciones-concursos\/\" \/>\n<meta property=\"og:site_name\" content=\"C.A.R.U.\" \/>\n<meta property=\"article:modified_time\" content=\"2024-12-17T12:15:06+00:00\" \/>\n<meta name=\"twitter:card\" content=\"summary_large_image\" \/>\n<meta name=\"twitter:label1\" content=\"Tiempo de lectura\" \/>\n\t<meta name=\"twitter:data1\" content=\"2 minutos\" \/>\n<script type=\"application\/ld+json\" class=\"yoast-schema-graph\">{\"@context\":\"https:\\\/\\\/schema.org\",\"@graph\":[{\"@type\":\"WebPage\",\"@id\":\"https:\\\/\\\/caru.org.uy\\\/nuevositio\\\/compras-licitaciones-concursos\\\/\",\"url\":\"https:\\\/\\\/caru.org.uy\\\/nuevositio\\\/compras-licitaciones-concursos\\\/\",\"name\":\"Compras, licitaciones y concursos - C.A.R.U.\",\"isPartOf\":{\"@id\":\"https:\\\/\\\/caru.org.uy\\\/nuevositio\\\/#website\"},\"datePublished\":\"2019-11-21T21:33:30+00:00\",\"dateModified\":\"2024-12-17T12:15:06+00:00\",\"breadcrumb\":{\"@id\":\"https:\\\/\\\/caru.org.uy\\\/nuevositio\\\/compras-licitaciones-concursos\\\/#breadcrumb\"},\"inLanguage\":\"es\",\"potentialAction\":[{\"@type\":\"ReadAction\",\"target\":[\"https:\\\/\\\/caru.org.uy\\\/nuevositio\\\/compras-licitaciones-concursos\\\/\"]}]},{\"@type\":\"BreadcrumbList\",\"@id\":\"https:\\\/\\\/caru.org.uy\\\/nuevositio\\\/compras-licitaciones-concursos\\\/#breadcrumb\",\"itemListElement\":[{\"@type\":\"ListItem\",\"position\":1,\"name\":\"Portada\",\"item\":\"https:\\\/\\\/caru.org.uy\\\/nuevositio\\\/\"},{\"@type\":\"ListItem\",\"position\":2,\"name\":\"Compras, licitaciones y concursos\"}]},{\"@type\":\"WebSite\",\"@id\":\"https:\\\/\\\/caru.org.uy\\\/nuevositio\\\/#website\",\"url\":\"https:\\\/\\\/caru.org.uy\\\/nuevositio\\\/\",\"name\":\"C.A.R.U.\",\"description\":\"Comisi\u00f3n Administradora del R\u00edo Uruguay\",\"publisher\":{\"@id\":\"https:\\\/\\\/caru.org.uy\\\/nuevositio\\\/#organization\"},\"potentialAction\":[{\"@type\":\"SearchAction\",\"target\":{\"@type\":\"EntryPoint\",\"urlTemplate\":\"https:\\\/\\\/caru.org.uy\\\/nuevositio\\\/?s={search_term_string}\"},\"query-input\":{\"@type\":\"PropertyValueSpecification\",\"valueRequired\":true,\"valueName\":\"search_term_string\"}}],\"inLanguage\":\"es\"},{\"@type\":\"Organization\",\"@id\":\"https:\\\/\\\/caru.org.uy\\\/nuevositio\\\/#organization\",\"name\":\"C.A.R.U.\",\"url\":\"https:\\\/\\\/caru.org.uy\\\/nuevositio\\\/\",\"logo\":{\"@type\":\"ImageObject\",\"inLanguage\":\"es\",\"@id\":\"https:\\\/\\\/caru.org.uy\\\/nuevositio\\\/#\\\/schema\\\/logo\\\/image\\\/\",\"url\":\"https:\\\/\\\/caru.org.uy\\\/nuevositio\\\/wp-content\\\/uploads\\\/2023\\\/11\\\/logo-nuevo.jpg\",\"contentUrl\":\"https:\\\/\\\/caru.org.uy\\\/nuevositio\\\/wp-content\\\/uploads\\\/2023\\\/11\\\/logo-nuevo.jpg\",\"width\":1,\"height\":1,\"caption\":\"C.A.R.U.\"},\"image\":{\"@id\":\"https:\\\/\\\/caru.org.uy\\\/nuevositio\\\/#\\\/schema\\\/logo\\\/image\\\/\"}}]}<\/script>\n<!-- \/ Yoast SEO plugin. -->","yoast_head_json":{"title":"Compras, licitaciones y concursos - C.A.R.U.","robots":{"index":"index","follow":"follow","max-snippet":"max-snippet:-1","max-image-preview":"max-image-preview:large","max-video-preview":"max-video-preview:-1"},"canonical":"https:\/\/caru.org.uy\/nuevositio\/compras-licitaciones-concursos\/","og_locale":"es_ES","og_type":"article","og_title":"Compras, licitaciones y concursos - C.A.R.U.","og_description":"compras,LICITACIONES y concursos En la siguiente secci\u00f3n podr\u00e1n encontrar los llamados a licitaci\u00f3n y concursos de precios que lleva adelante CARU, vigentes y en forma de archivo los que ya fueron finalizados. Inscripci\u00f3n abierta para \u00abLlamado a Concurso de Oposici\u00f3n y Antecedentes N\u00ba 5\/24 a personas de nacionalidad uruguaya para la selecci\u00f3n de \u00abCoordinador de [&hellip;]","og_url":"https:\/\/caru.org.uy\/nuevositio\/compras-licitaciones-concursos\/","og_site_name":"C.A.R.U.","article_modified_time":"2024-12-17T12:15:06+00:00","twitter_card":"summary_large_image","twitter_misc":{"Tiempo de lectura":"2 minutos"},"schema":{"@context":"https:\/\/schema.org","@graph":[{"@type":"WebPage","@id":"https:\/\/caru.org.uy\/nuevositio\/compras-licitaciones-concursos\/","url":"https:\/\/caru.org.uy\/nuevositio\/compras-licitaciones-concursos\/","name":"Compras, licitaciones y concursos - C.A.R.U.","isPartOf":{"@id":"https:\/\/caru.org.uy\/nuevositio\/#website"},"datePublished":"2019-11-21T21:33:30+00:00","dateModified":"2024-12-17T12:15:06+00:00","breadcrumb":{"@id":"https:\/\/caru.org.uy\/nuevositio\/compras-licitaciones-concursos\/#breadcrumb"},"inLanguage":"es","potentialAction":[{"@type":"ReadAction","target":["https:\/\/caru.org.uy\/nuevositio\/compras-licitaciones-concursos\/"]}]},{"@type":"BreadcrumbList","@id":"https:\/\/caru.org.uy\/nuevositio\/compras-licitaciones-concursos\/#breadcrumb","itemListElement":[{"@type":"ListItem","position":1,"name":"Portada","item":"https:\/\/caru.org.uy\/nuevositio\/"},{"@type":"ListItem","position":2,"name":"Compras, licitaciones y concursos"}]},{"@type":"WebSite","@id":"https:\/\/caru.org.uy\/nuevositio\/#website","url":"https:\/\/caru.org.uy\/nuevositio\/","name":"C.A.R.U.","description":"Comisi\u00f3n Administradora del R\u00edo Uruguay","publisher":{"@id":"https:\/\/caru.org.uy\/nuevositio\/#organization"},"potentialAction":[{"@type":"SearchAction","target":{"@type":"EntryPoint","urlTemplate":"https:\/\/caru.org.uy\/nuevositio\/?s={search_term_string}"},"query-input":{"@type":"PropertyValueSpecification","valueRequired":true,"valueName":"search_term_string"}}],"inLanguage":"es"},{"@type":"Organization","@id":"https:\/\/caru.org.uy\/nuevositio\/#organization","name":"C.A.R.U.","url":"https:\/\/caru.org.uy\/nuevositio\/","logo":{"@type":"ImageObject","inLanguage":"es","@id":"https:\/\/caru.org.uy\/nuevositio\/#\/schema\/logo\/image\/","url":"https:\/\/caru.org.uy\/nuevositio\/wp-content\/uploads\/2023\/11\/logo-nuevo.jpg","contentUrl":"https:\/\/caru.org.uy\/nuevositio\/wp-content\/uploads\/2023\/11\/logo-nuevo.jpg","width":1,"height":1,"caption":"C.A.R.U."},"image":{"@id":"https:\/\/caru.org.uy\/nuevositio\/#\/schema\/logo\/image\/"}}]}},"_links":{"self":[{"href":"https:\/\/caru.org.uy\/nuevositio\/wp-json\/wp\/v2\/pages\/3511","targetHints":{"allow":["GET"]}}],"collection":[{"href":"https:\/\/caru.org.uy\/nuevositio\/wp-json\/wp\/v2\/pages"}],"about":[{"href":"https:\/\/caru.org.uy\/nuevositio\/wp-json\/wp\/v2\/types\/page"}],"author":[{"embeddable":true,"href":"https:\/\/caru.org.uy\/nuevositio\/wp-json\/wp\/v2\/users\/1"}],"replies":[{"embeddable":true,"href":"https:\/\/caru.org.uy\/nuevositio\/wp-json\/wp\/v2\/comments?post=3511"}],"version-history":[{"count":5,"href":"https:\/\/caru.org.uy\/nuevositio\/wp-json\/wp\/v2\/pages\/3511\/revisions"}],"predecessor-version":[{"id":10442,"href":"https:\/\/caru.org.uy\/nuevositio\/wp-json\/wp\/v2\/pages\/3511\/revisions\/10442"}],"wp:attachment":[{"href":"https:\/\/caru.org.uy\/nuevositio\/wp-json\/wp\/v2\/media?parent=3511"}],"curies":[{"name":"wp","href":"https:\/\/api.w.org\/{rel}","templated":true}]}}