{"id":3846,"date":"2019-11-28T14:40:39","date_gmt":"2019-11-28T14:40:39","guid":{"rendered":"https:\/\/caru.org.uy\/nuevositio\/?page_id=3846"},"modified":"2024-12-19T18:39:56","modified_gmt":"2024-12-19T18:39:56","slug":"noticias","status":"publish","type":"page","link":"https:\/\/caru.org.uy\/nuevositio\/noticias\/","title":{"rendered":"Noticias"},"content":{"rendered":"\t\t<div data-elementor-type=\"wp-page\" data-elementor-id=\"3846\" class=\"elementor elementor-3846\" data-elementor-post-type=\"page\">\n\t\t\t\t\t\t<section class=\"elementor-section elementor-top-section elementor-element elementor-element-78d88f62 elementor-section-stretched elementor-section-boxed elementor-section-height-default elementor-section-height-default\" data-id=\"78d88f62\" data-element_type=\"section\" data-e-type=\"section\" data-settings=\"{&quot;jet_parallax_layout_list&quot;:[{&quot;_id&quot;:&quot;216e7dd&quot;,&quot;jet_parallax_layout_image&quot;:{&quot;url&quot;:&quot;&quot;,&quot;id&quot;:&quot;&quot;,&quot;size&quot;:&quot;&quot;},&quot;jet_parallax_layout_image_tablet&quot;:{&quot;url&quot;:&quot;&quot;,&quot;id&quot;:&quot;&quot;,&quot;size&quot;:&quot;&quot;},&quot;jet_parallax_layout_image_mobile&quot;:{&quot;url&quot;:&quot;&quot;,&quot;id&quot;:&quot;&quot;,&quot;size&quot;:&quot;&quot;},&quot;jet_parallax_layout_speed&quot;:{&quot;unit&quot;:&quot;%&quot;,&quot;size&quot;:50,&quot;sizes&quot;:[]},&quot;jet_parallax_layout_type&quot;:&quot;scroll&quot;,&quot;jet_parallax_layout_direction&quot;:&quot;1&quot;,&quot;jet_parallax_layout_fx_direction&quot;:null,&quot;jet_parallax_layout_z_index&quot;:&quot;&quot;,&quot;jet_parallax_layout_bg_x&quot;:50,&quot;jet_parallax_layout_bg_x_tablet&quot;:&quot;&quot;,&quot;jet_parallax_layout_bg_x_mobile&quot;:&quot;&quot;,&quot;jet_parallax_layout_bg_y&quot;:50,&quot;jet_parallax_layout_bg_y_tablet&quot;:&quot;&quot;,&quot;jet_parallax_layout_bg_y_mobile&quot;:&quot;&quot;,&quot;jet_parallax_layout_bg_size&quot;:&quot;auto&quot;,&quot;jet_parallax_layout_bg_size_tablet&quot;:&quot;&quot;,&quot;jet_parallax_layout_bg_size_mobile&quot;:&quot;&quot;,&quot;jet_parallax_layout_animation_prop&quot;:&quot;transform&quot;,&quot;jet_parallax_layout_on&quot;:[&quot;desktop&quot;,&quot;tablet&quot;]}],&quot;stretch_section&quot;:&quot;section-stretched&quot;,&quot;background_background&quot;:&quot;classic&quot;}\">\n\t\t\t\t\t\t\t<div class=\"elementor-background-overlay\"><\/div>\n\t\t\t\t\t\t\t<div class=\"elementor-container elementor-column-gap-default\">\n\t\t\t\t\t<div class=\"elementor-column elementor-col-100 elementor-top-column elementor-element elementor-element-2f3ad004\" data-id=\"2f3ad004\" data-element_type=\"column\" data-e-type=\"column\">\n\t\t\t<div class=\"elementor-widget-wrap elementor-element-populated\">\n\t\t\t\t\t\t<section class=\"elementor-section elementor-inner-section elementor-element elementor-element-7217edb2 elementor-section-content-middle elementor-section-boxed elementor-section-height-default elementor-section-height-default\" data-id=\"7217edb2\" data-element_type=\"section\" data-e-type=\"section\" data-settings=\"{&quot;jet_parallax_layout_list&quot;:[{&quot;_id&quot;:&quot;3443a9d&quot;,&quot;jet_parallax_layout_image&quot;:{&quot;url&quot;:&quot;&quot;,&quot;id&quot;:&quot;&quot;,&quot;size&quot;:&quot;&quot;},&quot;jet_parallax_layout_image_tablet&quot;:{&quot;url&quot;:&quot;&quot;,&quot;id&quot;:&quot;&quot;,&quot;size&quot;:&quot;&quot;},&quot;jet_parallax_layout_image_mobile&quot;:{&quot;url&quot;:&quot;&quot;,&quot;id&quot;:&quot;&quot;,&quot;size&quot;:&quot;&quot;},&quot;jet_parallax_layout_speed&quot;:{&quot;unit&quot;:&quot;%&quot;,&quot;size&quot;:50,&quot;sizes&quot;:[]},&quot;jet_parallax_layout_type&quot;:&quot;scroll&quot;,&quot;jet_parallax_layout_direction&quot;:&quot;1&quot;,&quot;jet_parallax_layout_fx_direction&quot;:null,&quot;jet_parallax_layout_z_index&quot;:&quot;&quot;,&quot;jet_parallax_layout_bg_x&quot;:50,&quot;jet_parallax_layout_bg_x_tablet&quot;:&quot;&quot;,&quot;jet_parallax_layout_bg_x_mobile&quot;:&quot;&quot;,&quot;jet_parallax_layout_bg_y&quot;:50,&quot;jet_parallax_layout_bg_y_tablet&quot;:&quot;&quot;,&quot;jet_parallax_layout_bg_y_mobile&quot;:&quot;&quot;,&quot;jet_parallax_layout_bg_size&quot;:&quot;auto&quot;,&quot;jet_parallax_layout_bg_size_tablet&quot;:&quot;&quot;,&quot;jet_parallax_layout_bg_size_mobile&quot;:&quot;&quot;,&quot;jet_parallax_layout_animation_prop&quot;:&quot;transform&quot;,&quot;jet_parallax_layout_on&quot;:[&quot;desktop&quot;,&quot;tablet&quot;]}]}\">\n\t\t\t\t\t\t<div class=\"elementor-container elementor-column-gap-no\">\n\t\t\t\t\t<div class=\"elementor-column elementor-col-50 elementor-inner-column elementor-element elementor-element-79fa5897\" data-id=\"79fa5897\" data-element_type=\"column\" data-e-type=\"column\">\n\t\t\t<div class=\"elementor-widget-wrap elementor-element-populated\">\n\t\t\t\t\t\t<div class=\"elementor-element elementor-element-393fa17b elementor-widget-divider--view-line elementor-widget elementor-widget-divider\" data-id=\"393fa17b\" data-element_type=\"widget\" data-e-type=\"widget\" data-widget_type=\"divider.default\">\n\t\t\t\t<div class=\"elementor-widget-container\">\n\t\t\t\t\t\t\t<div class=\"elementor-divider\">\n\t\t\t<span class=\"elementor-divider-separator\">\n\t\t\t\t\t\t<\/span>\n\t\t<\/div>\n\t\t\t\t\t\t<\/div>\n\t\t\t\t<\/div>\n\t\t\t\t\t<\/div>\n\t\t<\/div>\n\t\t\t\t<div class=\"elementor-column elementor-col-50 elementor-inner-column elementor-element elementor-element-320fc3c3\" data-id=\"320fc3c3\" data-element_type=\"column\" data-e-type=\"column\">\n\t\t\t<div class=\"elementor-widget-wrap elementor-element-populated\">\n\t\t\t\t\t\t<div class=\"elementor-element elementor-element-a3ce161 elementor-widget elementor-widget-text-editor\" data-id=\"a3ce161\" data-element_type=\"widget\" data-e-type=\"widget\" data-widget_type=\"text-editor.default\">\n\t\t\t\t<div class=\"elementor-widget-container\">\n\t\t\t\t\t\t\t\t\t<p>aportando a la comunidad<\/p>\t\t\t\t\t\t\t\t<\/div>\n\t\t\t\t<\/div>\n\t\t\t\t\t<\/div>\n\t\t<\/div>\n\t\t\t\t\t<\/div>\n\t\t<\/section>\n\t\t\t\t<section class=\"elementor-section elementor-inner-section elementor-element elementor-element-766439c4 elementor-section-boxed elementor-section-height-default elementor-section-height-default\" data-id=\"766439c4\" data-element_type=\"section\" data-e-type=\"section\" data-settings=\"{&quot;jet_parallax_layout_list&quot;:[{&quot;_id&quot;:&quot;e1a5ba6&quot;,&quot;jet_parallax_layout_image&quot;:{&quot;url&quot;:&quot;&quot;,&quot;id&quot;:&quot;&quot;,&quot;size&quot;:&quot;&quot;},&quot;jet_parallax_layout_image_tablet&quot;:{&quot;url&quot;:&quot;&quot;,&quot;id&quot;:&quot;&quot;,&quot;size&quot;:&quot;&quot;},&quot;jet_parallax_layout_image_mobile&quot;:{&quot;url&quot;:&quot;&quot;,&quot;id&quot;:&quot;&quot;,&quot;size&quot;:&quot;&quot;},&quot;jet_parallax_layout_speed&quot;:{&quot;unit&quot;:&quot;%&quot;,&quot;size&quot;:50,&quot;sizes&quot;:[]},&quot;jet_parallax_layout_type&quot;:&quot;scroll&quot;,&quot;jet_parallax_layout_direction&quot;:&quot;1&quot;,&quot;jet_parallax_layout_fx_direction&quot;:null,&quot;jet_parallax_layout_z_index&quot;:&quot;&quot;,&quot;jet_parallax_layout_bg_x&quot;:50,&quot;jet_parallax_layout_bg_x_tablet&quot;:&quot;&quot;,&quot;jet_parallax_layout_bg_x_mobile&quot;:&quot;&quot;,&quot;jet_parallax_layout_bg_y&quot;:50,&quot;jet_parallax_layout_bg_y_tablet&quot;:&quot;&quot;,&quot;jet_parallax_layout_bg_y_mobile&quot;:&quot;&quot;,&quot;jet_parallax_layout_bg_size&quot;:&quot;auto&quot;,&quot;jet_parallax_layout_bg_size_tablet&quot;:&quot;&quot;,&quot;jet_parallax_layout_bg_size_mobile&quot;:&quot;&quot;,&quot;jet_parallax_layout_animation_prop&quot;:&quot;transform&quot;,&quot;jet_parallax_layout_on&quot;:[&quot;desktop&quot;,&quot;tablet&quot;]}]}\">\n\t\t\t\t\t\t<div class=\"elementor-container elementor-column-gap-default\">\n\t\t\t\t\t<div class=\"elementor-column elementor-col-50 elementor-inner-column elementor-element elementor-element-64fd8d88\" data-id=\"64fd8d88\" data-element_type=\"column\" data-e-type=\"column\">\n\t\t\t<div class=\"elementor-widget-wrap elementor-element-populated\">\n\t\t\t\t\t\t<div class=\"elementor-element elementor-element-61fd1d39 elementor-widget elementor-widget-jet-headline\" data-id=\"61fd1d39\" data-element_type=\"widget\" data-e-type=\"widget\" data-widget_type=\"jet-headline.default\">\n\t\t\t\t<div class=\"elementor-widget-container\">\n\t\t\t\t\t<h2 class=\"jet-headline jet-headline--direction-vertical\"><span class=\"jet-headline__part jet-headline__first\"><span class=\"jet-headline__label\">noticias<\/span><\/span><\/h2>\t\t\t\t<\/div>\n\t\t\t\t<\/div>\n\t\t\t\t\t<\/div>\n\t\t<\/div>\n\t\t\t\t<div class=\"elementor-column elementor-col-50 elementor-inner-column elementor-element elementor-element-2489120b\" data-id=\"2489120b\" data-element_type=\"column\" data-e-type=\"column\">\n\t\t\t<div class=\"elementor-widget-wrap elementor-element-populated\">\n\t\t\t\t\t\t<div class=\"elementor-element elementor-element-45bf3e7e elementor-widget elementor-widget-text-editor\" data-id=\"45bf3e7e\" data-element_type=\"widget\" data-e-type=\"widget\" data-widget_type=\"text-editor.default\">\n\t\t\t\t<div class=\"elementor-widget-container\">\n\t\t\t\t\t\t\t\t\t<p>Noticias, actividades e informes de inter\u00e9s para la comunidad.<\/p>\t\t\t\t\t\t\t\t<\/div>\n\t\t\t\t<\/div>\n\t\t\t\t\t<\/div>\n\t\t<\/div>\n\t\t\t\t\t<\/div>\n\t\t<\/section>\n\t\t\t\t\t<\/div>\n\t\t<\/div>\n\t\t\t\t\t<\/div>\n\t\t<\/section>\n\t\t\t\t<section class=\"elementor-section elementor-top-section elementor-element elementor-element-b4eac79 elementor-section-boxed elementor-section-height-default elementor-section-height-default\" data-id=\"b4eac79\" data-element_type=\"section\" data-e-type=\"section\" data-settings=\"{&quot;jet_parallax_layout_list&quot;:[]}\">\n\t\t\t\t\t\t<div class=\"elementor-container elementor-column-gap-default\">\n\t\t\t\t\t<div class=\"elementor-column elementor-col-100 elementor-top-column elementor-element elementor-element-af19fe5\" data-id=\"af19fe5\" data-element_type=\"column\" data-e-type=\"column\">\n\t\t\t<div class=\"elementor-widget-wrap elementor-element-populated\">\n\t\t\t\t\t\t<div class=\"elementor-element elementor-element-291cadd elementor-widget elementor-widget-jet-blog-smart-listing\" data-id=\"291cadd\" data-element_type=\"widget\" data-e-type=\"widget\" data-widget_type=\"jet-blog-smart-listing.default\">\n\t\t\t\t<div class=\"elementor-widget-container\">\n\t\t\t\t\t<div class=\"elementor-jet-blog-smart-listing jet-blog\"><div class=\"jet-smart-listing-wrap\" data-settings='{&quot;block_title&quot;:&quot;&quot;,&quot;title_tag&quot;:&quot;h2&quot;,&quot;featured_post&quot;:&quot;&quot;,&quot;featured_position&quot;:null,&quot;featured_width&quot;:null,&quot;featured_layout&quot;:null,&quot;featured_image_size&quot;:null,&quot;featured_image_position&quot;:null,&quot;featured_image_width&quot;:null,&quot;featured_excerpt_length&quot;:null,&quot;featured_excerpt_trimmed_ending&quot;:null,&quot;featured_read_more&quot;:null,&quot;featured_read_more_text&quot;:null,&quot;featured_show_meta&quot;:null,&quot;featured_show_author&quot;:null,&quot;featured_show_author_avatar&quot;:null,&quot;featured_show_author_from&quot;:null,&quot;featured_avatar_custom_field&quot;:null,&quot;featured_avatar_size&quot;:null,&quot;featured_show_author_icon&quot;:null,&quot;selected_featured_show_author_icon&quot;:null,&quot;featured_show_date&quot;:null,&quot;featured_show_date_icon&quot;:null,&quot;selected_featured_show_date_icon&quot;:null,&quot;featured_show_comments&quot;:null,&quot;featured_show_comments_icon&quot;:null,&quot;selected_featured_show_comments_icon&quot;:null,&quot;posts_columns_widescreen&quot;:null,&quot;posts_columns&quot;:&quot;2&quot;,&quot;posts_columns_laptop&quot;:null,&quot;posts_columns_tablet_extra&quot;:null,&quot;posts_columns_tablet&quot;:null,&quot;posts_columns_mobile_extra&quot;:null,&quot;posts_columns_mobile&quot;:&quot;1&quot;,&quot;posts_rows_widescreen&quot;:null,&quot;posts_rows&quot;:&quot;2&quot;,&quot;posts_rows_laptop&quot;:null,&quot;posts_rows_tablet_extra&quot;:null,&quot;posts_rows_tablet&quot;:null,&quot;posts_rows_mobile_extra&quot;:null,&quot;posts_rows_mobile&quot;:null,&quot;image_size&quot;:&quot;full&quot;,&quot;image_position&quot;:&quot;top&quot;,&quot;image_width&quot;:null,&quot;excerpt_length&quot;:0,&quot;excerpt_trimmed_ending&quot;:&quot;...&quot;,&quot;read_more&quot;:&quot;yes&quot;,&quot;read_more_text&quot;:&quot;Ver m\\u00e1s&quot;,&quot;show_meta&quot;:&quot;yes&quot;,&quot;show_author&quot;:&quot;&quot;,&quot;show_author_avatar&quot;:null,&quot;get_avatar_from&quot;:null,&quot;avatar_custom_field&quot;:null,&quot;avatar_size&quot;:null,&quot;show_author_icon&quot;:null,&quot;selected_show_author_icon&quot;:null,&quot;show_date&quot;:&quot;yes&quot;,&quot;show_date_icon&quot;:null,&quot;selected_show_date_icon&quot;:{&quot;value&quot;:&quot;fas fa-calendar-alt&quot;,&quot;library&quot;:&quot;fa-solid&quot;},&quot;show_comments&quot;:&quot;&quot;,&quot;show_comments_icon&quot;:null,&quot;selected_show_comments_icon&quot;:null,&quot;query_by&quot;:&quot;category&quot;,&quot;category_ids&quot;:[&quot;40&quot;],&quot;post_tag_ids&quot;:null,&quot;include_ids&quot;:null,&quot;exclude_ids&quot;:&quot;&quot;,&quot;custom_query_by&quot;:&quot;all&quot;,&quot;custom_terms_ids&quot;:null,&quot;meta_query&quot;:&quot;&quot;,&quot;meta_key&quot;:null,&quot;meta_value&quot;:null,&quot;show_filter&quot;:&quot;&quot;,&quot;filter_by&quot;:null,&quot;show_all_btn&quot;:null,&quot;all_btn_label&quot;:null,&quot;more_terms_icon&quot;:null,&quot;selected_more_terms_icon&quot;:null,&quot;show_arrows&quot;:&quot;&quot;,&quot;arrow_type&quot;:null,&quot;show_featured_terms&quot;:null,&quot;show_featured_terms_tax&quot;:null,&quot;show_featured_terms_num&quot;:null,&quot;show_terms&quot;:&quot;yes&quot;,&quot;show_terms_tax&quot;:&quot;category&quot;,&quot;show_terms_num&quot;:&quot;1&quot;,&quot;featured_meta_position&quot;:null,&quot;meta_position&quot;:&quot;after&quot;,&quot;show_image&quot;:&quot;yes&quot;,&quot;post_type&quot;:[&quot;post&quot;],&quot;post_ids&quot;:null,&quot;content_related_meta&quot;:null,&quot;show_content_related_meta&quot;:&quot;&quot;,&quot;meta_content_related_position&quot;:null,&quot;title_related_meta&quot;:null,&quot;show_title_related_meta&quot;:&quot;&quot;,&quot;meta_title_related_position&quot;:null,&quot;featured_title_length&quot;:null,&quot;title_length&quot;:0,&quot;add_button_icon&quot;:&quot;&quot;,&quot;button_icon&quot;:null,&quot;selected_button_icon&quot;:null,&quot;post_add_button_icon&quot;:&quot;&quot;,&quot;post_button_icon&quot;:null,&quot;selected_post_button_icon&quot;:null,&quot;use_custom_query&quot;:&quot;&quot;,&quot;custom_query&quot;:null,&quot;posts_offset&quot;:0,&quot;order&quot;:&quot;DESC&quot;,&quot;order_by&quot;:&quot;date&quot;,&quot;is_archive_template&quot;:&quot;&quot;,&quot;query_builder_id&quot;:null}' data-page=\"1\" data-term=\"0\" data-scroll-top=>\n\t<div class=\"jet-smart-listing__heading\"><span class=\"jet-smart-listing__title-placeholder\"><\/span><\/div>\n\t<div class=\"jet-smart-listing rows-2 no-featured\"><div class=\"jet-smart-listing__posts\">\n\t\t\t\t<div class=\"jet-smart-listing__post-wrapper\">\n\t\t\t\t<div class=\"jet-smart-listing__post has-post-thumb\">\n\t\t\t\t\t<div class=\"jet-smart-listing__terms\"><a href=\"https:\/\/caru.org.uy\/nuevositio\/category\/destacada\/\" class=\"jet-smart-listing__terms-link jet-smart-listing__terms-link--40\">Destacada<\/a><\/div>\t\t\t\t\t<div class=\"jet-smart-listing__post-thumbnail post-thumbnail-simple\"><a href=\"https:\/\/caru.org.uy\/nuevositio\/2026\/04\/16\/la-comision-administradora-del-rio-uruguay-caru-fue-sede-de-la-conferencia-de-lanzamiento-de-las-iii-jornadas-binacionales-de-docentes-de-educacion-superior-del-rio-uruguay-argentina-urugua\/\"><img fetchpriority=\"high\" decoding=\"async\" width=\"2560\" height=\"1707\" src=\"https:\/\/caru.org.uy\/nuevositio\/wp-content\/uploads\/2026\/04\/unnamed-1-scaled.jpg\" class=\"jet-smart-listing__post-thumbnail-img post-thumbnail-img-simple wp-post-image\" alt=\"La Comisi\u00f3n Administradora del R\u00edo Uruguay (CARU) fue sede de la conferencia de lanzamiento de las III Jornadas Binacionales de Docentes de Educaci\u00f3n Superior del R\u00edo Uruguay (Argentina\u2013Uruguay) y de las III Jornadas Trinacionales de Educaci\u00f3n Superior (Argentina\u2013Uruguay\u2013Brasil).\" srcset=\"https:\/\/caru.org.uy\/nuevositio\/wp-content\/uploads\/2026\/04\/unnamed-1-scaled.jpg 2560w, https:\/\/caru.org.uy\/nuevositio\/wp-content\/uploads\/2026\/04\/unnamed-1-300x200.jpg 300w, https:\/\/caru.org.uy\/nuevositio\/wp-content\/uploads\/2026\/04\/unnamed-1-1024x683.jpg 1024w, https:\/\/caru.org.uy\/nuevositio\/wp-content\/uploads\/2026\/04\/unnamed-1-768x512.jpg 768w, https:\/\/caru.org.uy\/nuevositio\/wp-content\/uploads\/2026\/04\/unnamed-1-1536x1024.jpg 1536w, https:\/\/caru.org.uy\/nuevositio\/wp-content\/uploads\/2026\/04\/unnamed-1-2048x1365.jpg 2048w\" sizes=\"(max-width: 2560px) 100vw, 2560px\" \/><\/a><\/div>\t\t\t\t\t<div class=\"jet-smart-listing__post-content\"><div class=\"jet-smart-listing__post-title post-title-simple\"><a href=\"https:\/\/caru.org.uy\/nuevositio\/2026\/04\/16\/la-comision-administradora-del-rio-uruguay-caru-fue-sede-de-la-conferencia-de-lanzamiento-de-las-iii-jornadas-binacionales-de-docentes-de-educacion-superior-del-rio-uruguay-argentina-urugua\/\">La Comisi\u00f3n Administradora del R\u00edo Uruguay (CARU) fue sede de la conferencia de lanzamiento de las III Jornadas Binacionales de Docentes de Educaci\u00f3n Superior del R\u00edo Uruguay (Argentina\u2013Uruguay) y de las III Jornadas Trinacionales de Educaci\u00f3n Superior (Argentina\u2013Uruguay\u2013Brasil).<\/a><\/div><div class=\"jet-smart-listing__meta\"><span class=\"post__date post-meta__item jet-smart-listing__meta-item\"><span class=\"jet-smart-listing__meta-icon jet-blog-icon\"><i aria-hidden=\"true\" class=\"fas fa-calendar-alt\"><\/i><\/span><a href=\"https:\/\/caru.org.uy\/nuevositio\/2026\/04\/16\/\"><time datetime=\"2026-04-16T14:23:49-03:00\" title=\"2026-04-16T14:23:49-03:00\">abril 16, 2026<\/time><\/a><\/span><\/div><div class=\"jet-smart-listing__more-wrap\"><a href=\"https:\/\/caru.org.uy\/nuevositio\/2026\/04\/16\/la-comision-administradora-del-rio-uruguay-caru-fue-sede-de-la-conferencia-de-lanzamiento-de-las-iii-jornadas-binacionales-de-docentes-de-educacion-superior-del-rio-uruguay-argentina-urugua\/\" class=\"jet-smart-listing__more simple-more elementor-button elementor-size-md\"><span class=\"jet-smart-listing__more-text\">Ver m\u00e1s<\/span><\/a><\/div><\/div>\n\t\t\t\t<\/div>\n\t\t\t<\/div>\n\t\t\t\t\t\t<div class=\"jet-smart-listing__post-wrapper\">\n\t\t\t\t<div class=\"jet-smart-listing__post has-post-thumb\">\n\t\t\t\t\t<div class=\"jet-smart-listing__terms\"><a href=\"https:\/\/caru.org.uy\/nuevositio\/category\/destacada\/\" class=\"jet-smart-listing__terms-link jet-smart-listing__terms-link--40\">Destacada<\/a><\/div>\t\t\t\t\t<div class=\"jet-smart-listing__post-thumbnail post-thumbnail-simple\"><a href=\"https:\/\/caru.org.uy\/nuevositio\/2026\/02\/04\/se-inauguro-la-primera-etapa-del-proyecto-de-reacondicionamiento-de-la-aci-ejecutado-con-aportes-de-la-caru-y-se-dio-inicio-a-la-segunda\/\"><img decoding=\"async\" width=\"2560\" height=\"1707\" src=\"https:\/\/caru.org.uy\/nuevositio\/wp-content\/uploads\/2026\/02\/DSC_3483-scaled.png\" class=\"jet-smart-listing__post-thumbnail-img post-thumbnail-img-simple wp-post-image\" alt=\"Se inaugur\u00f3 la primera etapa del Proyecto de Reacondicionamiento de la ACI, ejecutado con aportes de la CARU, y se dio inicio a la segunda.\" srcset=\"https:\/\/caru.org.uy\/nuevositio\/wp-content\/uploads\/2026\/02\/DSC_3483-scaled.png 2560w, https:\/\/caru.org.uy\/nuevositio\/wp-content\/uploads\/2026\/02\/DSC_3483-300x200.png 300w, https:\/\/caru.org.uy\/nuevositio\/wp-content\/uploads\/2026\/02\/DSC_3483-1024x683.png 1024w, https:\/\/caru.org.uy\/nuevositio\/wp-content\/uploads\/2026\/02\/DSC_3483-768x512.png 768w, https:\/\/caru.org.uy\/nuevositio\/wp-content\/uploads\/2026\/02\/DSC_3483-1536x1024.png 1536w, https:\/\/caru.org.uy\/nuevositio\/wp-content\/uploads\/2026\/02\/DSC_3483-2048x1365.png 2048w\" sizes=\"(max-width: 2560px) 100vw, 2560px\" \/><\/a><\/div>\t\t\t\t\t<div class=\"jet-smart-listing__post-content\"><div class=\"jet-smart-listing__post-title post-title-simple\"><a href=\"https:\/\/caru.org.uy\/nuevositio\/2026\/02\/04\/se-inauguro-la-primera-etapa-del-proyecto-de-reacondicionamiento-de-la-aci-ejecutado-con-aportes-de-la-caru-y-se-dio-inicio-a-la-segunda\/\">Se inaugur\u00f3 la primera etapa del Proyecto de Reacondicionamiento de la ACI, ejecutado con aportes de la CARU, y se dio inicio a la segunda.<\/a><\/div><div class=\"jet-smart-listing__meta\"><span class=\"post__date post-meta__item jet-smart-listing__meta-item\"><span class=\"jet-smart-listing__meta-icon jet-blog-icon\"><i aria-hidden=\"true\" class=\"fas fa-calendar-alt\"><\/i><\/span><a href=\"https:\/\/caru.org.uy\/nuevositio\/2026\/02\/04\/\"><time datetime=\"2026-02-04T12:18:44-03:00\" title=\"2026-02-04T12:18:44-03:00\">febrero 4, 2026<\/time><\/a><\/span><\/div><div class=\"jet-smart-listing__more-wrap\"><a href=\"https:\/\/caru.org.uy\/nuevositio\/2026\/02\/04\/se-inauguro-la-primera-etapa-del-proyecto-de-reacondicionamiento-de-la-aci-ejecutado-con-aportes-de-la-caru-y-se-dio-inicio-a-la-segunda\/\" class=\"jet-smart-listing__more simple-more elementor-button elementor-size-md\"><span class=\"jet-smart-listing__more-text\">Ver m\u00e1s<\/span><\/a><\/div><\/div>\n\t\t\t\t<\/div>\n\t\t\t<\/div>\n\t\t\t\t\t\t<div class=\"jet-smart-listing__post-wrapper\">\n\t\t\t\t<div class=\"jet-smart-listing__post has-post-thumb\">\n\t\t\t\t\t<div class=\"jet-smart-listing__terms\"><a href=\"https:\/\/caru.org.uy\/nuevositio\/category\/concursos\/\" class=\"jet-smart-listing__terms-link jet-smart-listing__terms-link--36\">Concursos<\/a><\/div>\t\t\t\t\t<div class=\"jet-smart-listing__post-thumbnail post-thumbnail-simple\"><a href=\"https:\/\/caru.org.uy\/nuevositio\/2025\/12\/30\/acta-no11-junta-de-seleccion-para-el-llamado-no-06-25-a-personas-de-nacionalidad-uruguaya-y-argentina-para-la-seleccion-de-dos-jefes-de-campana-comite-cientifico\/\"><img decoding=\"async\" width=\"2560\" height=\"1236\" src=\"https:\/\/caru.org.uy\/nuevositio\/wp-content\/uploads\/2025\/11\/Sin-titulo-1-4-scaled.png\" class=\"jet-smart-listing__post-thumbnail-img post-thumbnail-img-simple wp-post-image\" alt=\"Acta N\u00ba11 Junta de Selecci\u00f3n para el llamado N\u00ba 06-25 &#8220;A personas de nacionalidad uruguaya y argentina para la selecci\u00f3n de dos jefes de campa\u00f1a&#8221; Comit\u00e9 Cient\u00edfico\" srcset=\"https:\/\/caru.org.uy\/nuevositio\/wp-content\/uploads\/2025\/11\/Sin-titulo-1-4-scaled.png 2560w, https:\/\/caru.org.uy\/nuevositio\/wp-content\/uploads\/2025\/11\/Sin-titulo-1-4-300x145.png 300w, https:\/\/caru.org.uy\/nuevositio\/wp-content\/uploads\/2025\/11\/Sin-titulo-1-4-1024x494.png 1024w, https:\/\/caru.org.uy\/nuevositio\/wp-content\/uploads\/2025\/11\/Sin-titulo-1-4-768x371.png 768w, https:\/\/caru.org.uy\/nuevositio\/wp-content\/uploads\/2025\/11\/Sin-titulo-1-4-1536x741.png 1536w, https:\/\/caru.org.uy\/nuevositio\/wp-content\/uploads\/2025\/11\/Sin-titulo-1-4-2048x989.png 2048w\" sizes=\"(max-width: 2560px) 100vw, 2560px\" \/><\/a><\/div>\t\t\t\t\t<div class=\"jet-smart-listing__post-content\"><div class=\"jet-smart-listing__post-title post-title-simple\"><a href=\"https:\/\/caru.org.uy\/nuevositio\/2025\/12\/30\/acta-no11-junta-de-seleccion-para-el-llamado-no-06-25-a-personas-de-nacionalidad-uruguaya-y-argentina-para-la-seleccion-de-dos-jefes-de-campana-comite-cientifico\/\">Acta N\u00ba11 Junta de Selecci\u00f3n para el llamado N\u00ba 06-25 &#8220;A personas de nacionalidad uruguaya y argentina para la selecci\u00f3n de dos jefes de campa\u00f1a&#8221; Comit\u00e9 Cient\u00edfico<\/a><\/div><div class=\"jet-smart-listing__meta\"><span class=\"post__date post-meta__item jet-smart-listing__meta-item\"><span class=\"jet-smart-listing__meta-icon jet-blog-icon\"><i aria-hidden=\"true\" class=\"fas fa-calendar-alt\"><\/i><\/span><a href=\"https:\/\/caru.org.uy\/nuevositio\/2025\/12\/30\/\"><time datetime=\"2025-12-30T17:34:31-03:00\" title=\"2025-12-30T17:34:31-03:00\">diciembre 30, 2025<\/time><\/a><\/span><\/div><div class=\"jet-smart-listing__more-wrap\"><a href=\"https:\/\/caru.org.uy\/nuevositio\/2025\/12\/30\/acta-no11-junta-de-seleccion-para-el-llamado-no-06-25-a-personas-de-nacionalidad-uruguaya-y-argentina-para-la-seleccion-de-dos-jefes-de-campana-comite-cientifico\/\" class=\"jet-smart-listing__more simple-more elementor-button elementor-size-md\"><span class=\"jet-smart-listing__more-text\">Ver m\u00e1s<\/span><\/a><\/div><\/div>\n\t\t\t\t<\/div>\n\t\t\t<\/div>\n\t\t\t\t\t\t<div class=\"jet-smart-listing__post-wrapper\">\n\t\t\t\t<div class=\"jet-smart-listing__post has-post-thumb\">\n\t\t\t\t\t<div class=\"jet-smart-listing__terms\"><a href=\"https:\/\/caru.org.uy\/nuevositio\/category\/destacada\/\" class=\"jet-smart-listing__terms-link jet-smart-listing__terms-link--40\">Destacada<\/a><\/div>\t\t\t\t\t<div class=\"jet-smart-listing__post-thumbnail post-thumbnail-simple\"><a href=\"https:\/\/caru.org.uy\/nuevositio\/2025\/12\/23\/actualizacion-de-tarifas-en-monedas-nacionales\/\"><img loading=\"lazy\" decoding=\"async\" width=\"2560\" height=\"1236\" src=\"https:\/\/caru.org.uy\/nuevositio\/wp-content\/uploads\/2025\/11\/Sin-titulo-1-4-scaled.png\" class=\"jet-smart-listing__post-thumbnail-img post-thumbnail-img-simple wp-post-image\" alt=\"ACTUALIZACI\u00d3N DE TARIFAS EN MONEDAS NACIONALES A PARTIR DEL D\u00cdA LUNES 29\/12\/2025\" srcset=\"https:\/\/caru.org.uy\/nuevositio\/wp-content\/uploads\/2025\/11\/Sin-titulo-1-4-scaled.png 2560w, https:\/\/caru.org.uy\/nuevositio\/wp-content\/uploads\/2025\/11\/Sin-titulo-1-4-300x145.png 300w, https:\/\/caru.org.uy\/nuevositio\/wp-content\/uploads\/2025\/11\/Sin-titulo-1-4-1024x494.png 1024w, https:\/\/caru.org.uy\/nuevositio\/wp-content\/uploads\/2025\/11\/Sin-titulo-1-4-768x371.png 768w, https:\/\/caru.org.uy\/nuevositio\/wp-content\/uploads\/2025\/11\/Sin-titulo-1-4-1536x741.png 1536w, https:\/\/caru.org.uy\/nuevositio\/wp-content\/uploads\/2025\/11\/Sin-titulo-1-4-2048x989.png 2048w\" sizes=\"(max-width: 2560px) 100vw, 2560px\" \/><\/a><\/div>\t\t\t\t\t<div class=\"jet-smart-listing__post-content\"><div class=\"jet-smart-listing__post-title post-title-simple\"><a href=\"https:\/\/caru.org.uy\/nuevositio\/2025\/12\/23\/actualizacion-de-tarifas-en-monedas-nacionales\/\">ACTUALIZACI\u00d3N DE TARIFAS EN MONEDAS NACIONALES A PARTIR DEL D\u00cdA LUNES 29\/12\/2025<\/a><\/div><div class=\"jet-smart-listing__meta\"><span class=\"post__date post-meta__item jet-smart-listing__meta-item\"><span class=\"jet-smart-listing__meta-icon jet-blog-icon\"><i aria-hidden=\"true\" class=\"fas fa-calendar-alt\"><\/i><\/span><a href=\"https:\/\/caru.org.uy\/nuevositio\/2025\/12\/23\/\"><time datetime=\"2025-12-23T16:38:43-03:00\" title=\"2025-12-23T16:38:43-03:00\">diciembre 23, 2025<\/time><\/a><\/span><\/div><div class=\"jet-smart-listing__more-wrap\"><a href=\"https:\/\/caru.org.uy\/nuevositio\/2025\/12\/23\/actualizacion-de-tarifas-en-monedas-nacionales\/\" class=\"jet-smart-listing__more simple-more elementor-button elementor-size-md\"><span class=\"jet-smart-listing__more-text\">Ver m\u00e1s<\/span><\/a><\/div><\/div>\n\t\t\t\t<\/div>\n\t\t\t<\/div>\n\t\t\t<\/div>\n<\/div>\n\t<\/div>\n<div class=\"jet-smart-listing-loading\"><\/div><\/div>\t\t\t\t<\/div>\n\t\t\t\t<\/div>\n\t\t\t\t\t<\/div>\n\t\t<\/div>\n\t\t\t\t\t<\/div>\n\t\t<\/section>\n\t\t\t\t<section class=\"elementor-section elementor-top-section elementor-element elementor-element-9d5ae5e elementor-section-boxed elementor-section-height-default elementor-section-height-default\" data-id=\"9d5ae5e\" data-element_type=\"section\" data-e-type=\"section\" data-settings=\"{&quot;jet_parallax_layout_list&quot;:[]}\">\n\t\t\t\t\t\t<div class=\"elementor-container elementor-column-gap-default\">\n\t\t\t\t\t<div class=\"elementor-column elementor-col-100 elementor-top-column elementor-element elementor-element-57c685c\" data-id=\"57c685c\" data-element_type=\"column\" data-e-type=\"column\">\n\t\t\t<div class=\"elementor-widget-wrap elementor-element-populated\">\n\t\t\t\t\t\t<div class=\"elementor-element elementor-element-0fe0210 elementor-widget elementor-widget-jet-blog-smart-listing\" data-id=\"0fe0210\" data-element_type=\"widget\" data-e-type=\"widget\" data-widget_type=\"jet-blog-smart-listing.default\">\n\t\t\t\t<div class=\"elementor-widget-container\">\n\t\t\t\t\t<div class=\"elementor-jet-blog-smart-listing jet-blog\"><div class=\"jet-smart-listing-wrap\" data-settings='{&quot;block_title&quot;:&quot;&quot;,&quot;title_tag&quot;:&quot;h2&quot;,&quot;featured_post&quot;:&quot;&quot;,&quot;featured_position&quot;:null,&quot;featured_width&quot;:null,&quot;featured_layout&quot;:null,&quot;featured_image_size&quot;:null,&quot;featured_image_position&quot;:null,&quot;featured_image_width&quot;:null,&quot;featured_excerpt_length&quot;:null,&quot;featured_excerpt_trimmed_ending&quot;:null,&quot;featured_read_more&quot;:null,&quot;featured_read_more_text&quot;:null,&quot;featured_show_meta&quot;:null,&quot;featured_show_author&quot;:null,&quot;featured_show_author_avatar&quot;:null,&quot;featured_show_author_from&quot;:null,&quot;featured_avatar_custom_field&quot;:null,&quot;featured_avatar_size&quot;:null,&quot;featured_show_author_icon&quot;:null,&quot;selected_featured_show_author_icon&quot;:null,&quot;featured_show_date&quot;:null,&quot;featured_show_date_icon&quot;:null,&quot;selected_featured_show_date_icon&quot;:null,&quot;featured_show_comments&quot;:null,&quot;featured_show_comments_icon&quot;:null,&quot;selected_featured_show_comments_icon&quot;:null,&quot;posts_columns_widescreen&quot;:null,&quot;posts_columns&quot;:&quot;3&quot;,&quot;posts_columns_laptop&quot;:null,&quot;posts_columns_tablet_extra&quot;:null,&quot;posts_columns_tablet&quot;:null,&quot;posts_columns_mobile_extra&quot;:null,&quot;posts_columns_mobile&quot;:&quot;1&quot;,&quot;posts_rows_widescreen&quot;:null,&quot;posts_rows&quot;:&quot;6&quot;,&quot;posts_rows_laptop&quot;:null,&quot;posts_rows_tablet_extra&quot;:null,&quot;posts_rows_tablet&quot;:null,&quot;posts_rows_mobile_extra&quot;:null,&quot;posts_rows_mobile&quot;:null,&quot;image_size&quot;:&quot;large&quot;,&quot;image_position&quot;:&quot;top&quot;,&quot;image_width&quot;:null,&quot;excerpt_length&quot;:0,&quot;excerpt_trimmed_ending&quot;:&quot;...&quot;,&quot;read_more&quot;:&quot;yes&quot;,&quot;read_more_text&quot;:&quot;Ver m\\u00e1s&quot;,&quot;show_meta&quot;:&quot;yes&quot;,&quot;show_author&quot;:&quot;&quot;,&quot;show_author_avatar&quot;:null,&quot;get_avatar_from&quot;:null,&quot;avatar_custom_field&quot;:null,&quot;avatar_size&quot;:null,&quot;show_author_icon&quot;:null,&quot;selected_show_author_icon&quot;:null,&quot;show_date&quot;:&quot;yes&quot;,&quot;show_date_icon&quot;:null,&quot;selected_show_date_icon&quot;:{&quot;value&quot;:&quot;fas fa-calendar-alt&quot;,&quot;library&quot;:&quot;fa-solid&quot;},&quot;show_comments&quot;:&quot;&quot;,&quot;show_comments_icon&quot;:null,&quot;selected_show_comments_icon&quot;:null,&quot;query_by&quot;:&quot;category&quot;,&quot;category_ids&quot;:[&quot;37&quot;],&quot;post_tag_ids&quot;:null,&quot;include_ids&quot;:null,&quot;exclude_ids&quot;:&quot;&quot;,&quot;custom_query_by&quot;:&quot;all&quot;,&quot;custom_terms_ids&quot;:null,&quot;meta_query&quot;:&quot;&quot;,&quot;meta_key&quot;:null,&quot;meta_value&quot;:null,&quot;show_filter&quot;:&quot;&quot;,&quot;filter_by&quot;:null,&quot;show_all_btn&quot;:null,&quot;all_btn_label&quot;:null,&quot;more_terms_icon&quot;:null,&quot;selected_more_terms_icon&quot;:null,&quot;show_arrows&quot;:&quot;yes&quot;,&quot;arrow_type&quot;:&quot;fa fa-arrow-left&quot;,&quot;show_featured_terms&quot;:null,&quot;show_featured_terms_tax&quot;:null,&quot;show_featured_terms_num&quot;:null,&quot;show_terms&quot;:&quot;yes&quot;,&quot;show_terms_tax&quot;:&quot;category&quot;,&quot;show_terms_num&quot;:&quot;1&quot;,&quot;featured_meta_position&quot;:null,&quot;meta_position&quot;:&quot;after&quot;,&quot;show_image&quot;:&quot;yes&quot;,&quot;post_type&quot;:[&quot;post&quot;],&quot;post_ids&quot;:null,&quot;content_related_meta&quot;:null,&quot;show_content_related_meta&quot;:&quot;&quot;,&quot;meta_content_related_position&quot;:null,&quot;title_related_meta&quot;:null,&quot;show_title_related_meta&quot;:&quot;&quot;,&quot;meta_title_related_position&quot;:null,&quot;featured_title_length&quot;:null,&quot;title_length&quot;:0,&quot;add_button_icon&quot;:&quot;&quot;,&quot;button_icon&quot;:null,&quot;selected_button_icon&quot;:null,&quot;post_add_button_icon&quot;:&quot;&quot;,&quot;post_button_icon&quot;:null,&quot;selected_post_button_icon&quot;:null,&quot;use_custom_query&quot;:&quot;&quot;,&quot;custom_query&quot;:null,&quot;posts_offset&quot;:0,&quot;order&quot;:&quot;DESC&quot;,&quot;order_by&quot;:&quot;date&quot;,&quot;is_archive_template&quot;:&quot;&quot;,&quot;query_builder_id&quot;:null}' data-page=\"1\" data-term=\"0\" data-scroll-top=1>\n\t<div class=\"jet-smart-listing__heading\"><span class=\"jet-smart-listing__title-placeholder\"><\/span><\/div>\n\t<div class=\"jet-smart-listing rows-6 no-featured\"><div class=\"jet-smart-listing__posts\">\n\t\t\t\t<div class=\"jet-smart-listing__post-wrapper\">\n\t\t\t\t<div class=\"jet-smart-listing__post has-post-thumb\">\n\t\t\t\t\t<div class=\"jet-smart-listing__terms\"><a href=\"https:\/\/caru.org.uy\/nuevositio\/category\/destacada\/\" class=\"jet-smart-listing__terms-link jet-smart-listing__terms-link--40\">Destacada<\/a><\/div>\t\t\t\t\t<div class=\"jet-smart-listing__post-thumbnail post-thumbnail-simple\"><a href=\"https:\/\/caru.org.uy\/nuevositio\/2026\/04\/16\/la-comision-administradora-del-rio-uruguay-caru-fue-sede-de-la-conferencia-de-lanzamiento-de-las-iii-jornadas-binacionales-de-docentes-de-educacion-superior-del-rio-uruguay-argentina-urugua\/\"><img loading=\"lazy\" decoding=\"async\" width=\"1024\" height=\"683\" src=\"https:\/\/caru.org.uy\/nuevositio\/wp-content\/uploads\/2026\/04\/unnamed-1-1024x683.jpg\" class=\"jet-smart-listing__post-thumbnail-img post-thumbnail-img-simple wp-post-image\" alt=\"La Comisi\u00f3n Administradora del R\u00edo Uruguay (CARU) fue sede de la conferencia de lanzamiento de las III Jornadas Binacionales de Docentes de Educaci\u00f3n Superior del R\u00edo Uruguay (Argentina\u2013Uruguay) y de las III Jornadas Trinacionales de Educaci\u00f3n Superior (Argentina\u2013Uruguay\u2013Brasil).\" srcset=\"https:\/\/caru.org.uy\/nuevositio\/wp-content\/uploads\/2026\/04\/unnamed-1-1024x683.jpg 1024w, https:\/\/caru.org.uy\/nuevositio\/wp-content\/uploads\/2026\/04\/unnamed-1-300x200.jpg 300w, https:\/\/caru.org.uy\/nuevositio\/wp-content\/uploads\/2026\/04\/unnamed-1-768x512.jpg 768w, https:\/\/caru.org.uy\/nuevositio\/wp-content\/uploads\/2026\/04\/unnamed-1-1536x1024.jpg 1536w, https:\/\/caru.org.uy\/nuevositio\/wp-content\/uploads\/2026\/04\/unnamed-1-2048x1365.jpg 2048w\" sizes=\"(max-width: 1024px) 100vw, 1024px\" \/><\/a><\/div>\t\t\t\t\t<div class=\"jet-smart-listing__post-content\"><div class=\"jet-smart-listing__post-title post-title-simple\"><a href=\"https:\/\/caru.org.uy\/nuevositio\/2026\/04\/16\/la-comision-administradora-del-rio-uruguay-caru-fue-sede-de-la-conferencia-de-lanzamiento-de-las-iii-jornadas-binacionales-de-docentes-de-educacion-superior-del-rio-uruguay-argentina-urugua\/\">La Comisi\u00f3n Administradora del R\u00edo Uruguay (CARU) fue sede de la conferencia de lanzamiento de las III Jornadas Binacionales de Docentes de Educaci\u00f3n Superior del R\u00edo Uruguay (Argentina\u2013Uruguay) y de las III Jornadas Trinacionales de Educaci\u00f3n Superior (Argentina\u2013Uruguay\u2013Brasil).<\/a><\/div><div class=\"jet-smart-listing__meta\"><span class=\"post__date post-meta__item jet-smart-listing__meta-item\"><span class=\"jet-smart-listing__meta-icon jet-blog-icon\"><i aria-hidden=\"true\" class=\"fas fa-calendar-alt\"><\/i><\/span><a href=\"https:\/\/caru.org.uy\/nuevositio\/2026\/04\/16\/\"><time datetime=\"2026-04-16T14:23:49-03:00\" title=\"2026-04-16T14:23:49-03:00\">abril 16, 2026<\/time><\/a><\/span><\/div><div class=\"jet-smart-listing__more-wrap\"><a href=\"https:\/\/caru.org.uy\/nuevositio\/2026\/04\/16\/la-comision-administradora-del-rio-uruguay-caru-fue-sede-de-la-conferencia-de-lanzamiento-de-las-iii-jornadas-binacionales-de-docentes-de-educacion-superior-del-rio-uruguay-argentina-urugua\/\" class=\"jet-smart-listing__more simple-more elementor-button elementor-size-md\"><span class=\"jet-smart-listing__more-text\">Ver m\u00e1s<\/span><\/a><\/div><\/div>\n\t\t\t\t<\/div>\n\t\t\t<\/div>\n\t\t\t\t\t\t<div class=\"jet-smart-listing__post-wrapper\">\n\t\t\t\t<div class=\"jet-smart-listing__post has-post-thumb\">\n\t\t\t\t\t<div class=\"jet-smart-listing__terms\"><a href=\"https:\/\/caru.org.uy\/nuevositio\/category\/mortandad-peces\/\" class=\"jet-smart-listing__terms-link jet-smart-listing__terms-link--54\">MORTANDAD PECES<\/a><\/div>\t\t\t\t\t<div class=\"jet-smart-listing__post-thumbnail post-thumbnail-simple\"><a href=\"https:\/\/caru.org.uy\/nuevositio\/2026\/04\/01\/programa-de-conservacion-de-la-fauna-ictica-y-los-recursos-pesqueros-en-el-marco-de-la-semana-de-turismo\/\"><img loading=\"lazy\" decoding=\"async\" width=\"1024\" height=\"720\" src=\"https:\/\/caru.org.uy\/nuevositio\/wp-content\/uploads\/2026\/01\/FLYER-RE-EDITADO-SURUBI-PILAR-1-1024x720.png\" class=\"jet-smart-listing__post-thumbnail-img post-thumbnail-img-simple wp-post-image\" alt=\"Programa de conservaci\u00f3n de la fauna \u00edctica y los recursos pesqueros en el marco de la semana de turismo\" srcset=\"https:\/\/caru.org.uy\/nuevositio\/wp-content\/uploads\/2026\/01\/FLYER-RE-EDITADO-SURUBI-PILAR-1-1024x720.png 1024w, https:\/\/caru.org.uy\/nuevositio\/wp-content\/uploads\/2026\/01\/FLYER-RE-EDITADO-SURUBI-PILAR-1-300x211.png 300w, https:\/\/caru.org.uy\/nuevositio\/wp-content\/uploads\/2026\/01\/FLYER-RE-EDITADO-SURUBI-PILAR-1-768x540.png 768w, https:\/\/caru.org.uy\/nuevositio\/wp-content\/uploads\/2026\/01\/FLYER-RE-EDITADO-SURUBI-PILAR-1-1536x1080.png 1536w, https:\/\/caru.org.uy\/nuevositio\/wp-content\/uploads\/2026\/01\/FLYER-RE-EDITADO-SURUBI-PILAR-1.png 1599w\" sizes=\"(max-width: 1024px) 100vw, 1024px\" \/><\/a><\/div>\t\t\t\t\t<div class=\"jet-smart-listing__post-content\"><div class=\"jet-smart-listing__post-title post-title-simple\"><a href=\"https:\/\/caru.org.uy\/nuevositio\/2026\/04\/01\/programa-de-conservacion-de-la-fauna-ictica-y-los-recursos-pesqueros-en-el-marco-de-la-semana-de-turismo\/\">Programa de conservaci\u00f3n de la fauna \u00edctica y los recursos pesqueros en el marco de la semana de turismo<\/a><\/div><div class=\"jet-smart-listing__meta\"><span class=\"post__date post-meta__item jet-smart-listing__meta-item\"><span class=\"jet-smart-listing__meta-icon jet-blog-icon\"><i aria-hidden=\"true\" class=\"fas fa-calendar-alt\"><\/i><\/span><a href=\"https:\/\/caru.org.uy\/nuevositio\/2026\/04\/01\/\"><time datetime=\"2026-04-01T00:05:42-03:00\" title=\"2026-04-01T00:05:42-03:00\">abril 1, 2026<\/time><\/a><\/span><\/div><div class=\"jet-smart-listing__more-wrap\"><a href=\"https:\/\/caru.org.uy\/nuevositio\/2026\/04\/01\/programa-de-conservacion-de-la-fauna-ictica-y-los-recursos-pesqueros-en-el-marco-de-la-semana-de-turismo\/\" class=\"jet-smart-listing__more simple-more elementor-button elementor-size-md\"><span class=\"jet-smart-listing__more-text\">Ver m\u00e1s<\/span><\/a><\/div><\/div>\n\t\t\t\t<\/div>\n\t\t\t<\/div>\n\t\t\t\t\t\t<div class=\"jet-smart-listing__post-wrapper\">\n\t\t\t\t<div class=\"jet-smart-listing__post has-post-thumb\">\n\t\t\t\t\t<div class=\"jet-smart-listing__terms\"><a href=\"https:\/\/caru.org.uy\/nuevositio\/category\/compras\/\" class=\"jet-smart-listing__terms-link jet-smart-listing__terms-link--24\">Compras<\/a><\/div>\t\t\t\t\t<div class=\"jet-smart-listing__post-thumbnail post-thumbnail-simple\"><a href=\"https:\/\/caru.org.uy\/nuevositio\/2026\/03\/03\/concurso-de-precios-no01-26-contratacion-de-insumos-de-libreria-y-papeleria-para-el-normal-funcionamiento-de-la-comision-administradora-del-rio-uruguay-ano-2026\/\"><img loading=\"lazy\" decoding=\"async\" width=\"1024\" height=\"494\" src=\"https:\/\/caru.org.uy\/nuevositio\/wp-content\/uploads\/2025\/11\/Sin-titulo-1-4-1024x494.png\" class=\"jet-smart-listing__post-thumbnail-img post-thumbnail-img-simple wp-post-image\" alt=\"Concurso de Precios N\u00ba01\/26 &#8220;Contrataci\u00f3n de insumos de librer\u00eda y papeler\u00eda para el normal funcionamiento de la Comisi\u00f3n Administradora del R\u00edo Uruguay, a\u00f1o 2026&#8221;.\" srcset=\"https:\/\/caru.org.uy\/nuevositio\/wp-content\/uploads\/2025\/11\/Sin-titulo-1-4-1024x494.png 1024w, https:\/\/caru.org.uy\/nuevositio\/wp-content\/uploads\/2025\/11\/Sin-titulo-1-4-300x145.png 300w, https:\/\/caru.org.uy\/nuevositio\/wp-content\/uploads\/2025\/11\/Sin-titulo-1-4-768x371.png 768w, https:\/\/caru.org.uy\/nuevositio\/wp-content\/uploads\/2025\/11\/Sin-titulo-1-4-1536x741.png 1536w, https:\/\/caru.org.uy\/nuevositio\/wp-content\/uploads\/2025\/11\/Sin-titulo-1-4-2048x989.png 2048w\" sizes=\"(max-width: 1024px) 100vw, 1024px\" \/><\/a><\/div>\t\t\t\t\t<div class=\"jet-smart-listing__post-content\"><div class=\"jet-smart-listing__post-title post-title-simple\"><a href=\"https:\/\/caru.org.uy\/nuevositio\/2026\/03\/03\/concurso-de-precios-no01-26-contratacion-de-insumos-de-libreria-y-papeleria-para-el-normal-funcionamiento-de-la-comision-administradora-del-rio-uruguay-ano-2026\/\">Concurso de Precios N\u00ba01\/26 &#8220;Contrataci\u00f3n de insumos de librer\u00eda y papeler\u00eda para el normal funcionamiento de la Comisi\u00f3n Administradora del R\u00edo Uruguay, a\u00f1o 2026&#8221;.<\/a><\/div><div class=\"jet-smart-listing__meta\"><span class=\"post__date post-meta__item jet-smart-listing__meta-item\"><span class=\"jet-smart-listing__meta-icon jet-blog-icon\"><i aria-hidden=\"true\" class=\"fas fa-calendar-alt\"><\/i><\/span><a href=\"https:\/\/caru.org.uy\/nuevositio\/2026\/03\/03\/\"><time datetime=\"2026-03-03T09:22:10-03:00\" title=\"2026-03-03T09:22:10-03:00\">marzo 3, 2026<\/time><\/a><\/span><\/div><div class=\"jet-smart-listing__more-wrap\"><a href=\"https:\/\/caru.org.uy\/nuevositio\/2026\/03\/03\/concurso-de-precios-no01-26-contratacion-de-insumos-de-libreria-y-papeleria-para-el-normal-funcionamiento-de-la-comision-administradora-del-rio-uruguay-ano-2026\/\" class=\"jet-smart-listing__more simple-more elementor-button elementor-size-md\"><span class=\"jet-smart-listing__more-text\">Ver m\u00e1s<\/span><\/a><\/div><\/div>\n\t\t\t\t<\/div>\n\t\t\t<\/div>\n\t\t\t\t\t\t<div class=\"jet-smart-listing__post-wrapper\">\n\t\t\t\t<div class=\"jet-smart-listing__post has-post-thumb\">\n\t\t\t\t\t<div class=\"jet-smart-listing__terms\"><a href=\"https:\/\/caru.org.uy\/nuevositio\/category\/noticias\/\" class=\"jet-smart-listing__terms-link jet-smart-listing__terms-link--37\">Noticias<\/a><\/div>\t\t\t\t\t<div class=\"jet-smart-listing__post-thumbnail post-thumbnail-simple\"><a href=\"https:\/\/caru.org.uy\/nuevositio\/2026\/02\/11\/la-presidenta-de-la-delegacion-uruguaya-ante-la-comision-administradora-del-rio-uruguay-caru-dra-maria-cecilia-bottino-fiuri-y-el-vicepresidente-dr-jose-bayardi-lozano-participaron-en-la-cerem\/\"><img loading=\"lazy\" decoding=\"async\" width=\"1024\" height=\"683\" src=\"https:\/\/caru.org.uy\/nuevositio\/wp-content\/uploads\/2026\/02\/DSC_3621-1024x683.jpg\" class=\"jet-smart-listing__post-thumbnail-img post-thumbnail-img-simple wp-post-image\" alt=\"La Presidenta de la Delegaci\u00f3n Uruguaya ante la Comisi\u00f3n Administradora del R\u00edo Uruguay (CARU), Dra. Mar\u00eda Cecilia Bottino Fiuri, y el Vicepresidente, Dr. Jos\u00e9 Bayardi Lozano, participaron en la ceremonia conmemorativa del 197\u00b0 Aniversario de la Prefectura Nacional Naval.\" srcset=\"https:\/\/caru.org.uy\/nuevositio\/wp-content\/uploads\/2026\/02\/DSC_3621-1024x683.jpg 1024w, https:\/\/caru.org.uy\/nuevositio\/wp-content\/uploads\/2026\/02\/DSC_3621-300x200.jpg 300w, https:\/\/caru.org.uy\/nuevositio\/wp-content\/uploads\/2026\/02\/DSC_3621-768x512.jpg 768w, https:\/\/caru.org.uy\/nuevositio\/wp-content\/uploads\/2026\/02\/DSC_3621-1536x1024.jpg 1536w, https:\/\/caru.org.uy\/nuevositio\/wp-content\/uploads\/2026\/02\/DSC_3621-2048x1365.jpg 2048w\" sizes=\"(max-width: 1024px) 100vw, 1024px\" \/><\/a><\/div>\t\t\t\t\t<div class=\"jet-smart-listing__post-content\"><div class=\"jet-smart-listing__post-title post-title-simple\"><a href=\"https:\/\/caru.org.uy\/nuevositio\/2026\/02\/11\/la-presidenta-de-la-delegacion-uruguaya-ante-la-comision-administradora-del-rio-uruguay-caru-dra-maria-cecilia-bottino-fiuri-y-el-vicepresidente-dr-jose-bayardi-lozano-participaron-en-la-cerem\/\">La Presidenta de la Delegaci\u00f3n Uruguaya ante la Comisi\u00f3n Administradora del R\u00edo Uruguay (CARU), Dra. Mar\u00eda Cecilia Bottino Fiuri, y el Vicepresidente, Dr. Jos\u00e9 Bayardi Lozano, participaron en la ceremonia conmemorativa del 197\u00b0 Aniversario de la Prefectura Nacional Naval.<\/a><\/div><div class=\"jet-smart-listing__meta\"><span class=\"post__date post-meta__item jet-smart-listing__meta-item\"><span class=\"jet-smart-listing__meta-icon jet-blog-icon\"><i aria-hidden=\"true\" class=\"fas fa-calendar-alt\"><\/i><\/span><a href=\"https:\/\/caru.org.uy\/nuevositio\/2026\/02\/11\/\"><time datetime=\"2026-02-11T14:06:18-03:00\" title=\"2026-02-11T14:06:18-03:00\">febrero 11, 2026<\/time><\/a><\/span><\/div><div class=\"jet-smart-listing__more-wrap\"><a href=\"https:\/\/caru.org.uy\/nuevositio\/2026\/02\/11\/la-presidenta-de-la-delegacion-uruguaya-ante-la-comision-administradora-del-rio-uruguay-caru-dra-maria-cecilia-bottino-fiuri-y-el-vicepresidente-dr-jose-bayardi-lozano-participaron-en-la-cerem\/\" class=\"jet-smart-listing__more simple-more elementor-button elementor-size-md\"><span class=\"jet-smart-listing__more-text\">Ver m\u00e1s<\/span><\/a><\/div><\/div>\n\t\t\t\t<\/div>\n\t\t\t<\/div>\n\t\t\t\t\t\t<div class=\"jet-smart-listing__post-wrapper\">\n\t\t\t\t<div class=\"jet-smart-listing__post has-post-thumb\">\n\t\t\t\t\t<div class=\"jet-smart-listing__terms\"><a href=\"https:\/\/caru.org.uy\/nuevositio\/category\/destacada\/\" class=\"jet-smart-listing__terms-link jet-smart-listing__terms-link--40\">Destacada<\/a><\/div>\t\t\t\t\t<div class=\"jet-smart-listing__post-thumbnail post-thumbnail-simple\"><a href=\"https:\/\/caru.org.uy\/nuevositio\/2026\/02\/04\/se-inauguro-la-primera-etapa-del-proyecto-de-reacondicionamiento-de-la-aci-ejecutado-con-aportes-de-la-caru-y-se-dio-inicio-a-la-segunda\/\"><img loading=\"lazy\" decoding=\"async\" width=\"1024\" height=\"683\" src=\"https:\/\/caru.org.uy\/nuevositio\/wp-content\/uploads\/2026\/02\/DSC_3483-1024x683.png\" class=\"jet-smart-listing__post-thumbnail-img post-thumbnail-img-simple wp-post-image\" alt=\"Se inaugur\u00f3 la primera etapa del Proyecto de Reacondicionamiento de la ACI, ejecutado con aportes de la CARU, y se dio inicio a la segunda.\" srcset=\"https:\/\/caru.org.uy\/nuevositio\/wp-content\/uploads\/2026\/02\/DSC_3483-1024x683.png 1024w, https:\/\/caru.org.uy\/nuevositio\/wp-content\/uploads\/2026\/02\/DSC_3483-300x200.png 300w, https:\/\/caru.org.uy\/nuevositio\/wp-content\/uploads\/2026\/02\/DSC_3483-768x512.png 768w, https:\/\/caru.org.uy\/nuevositio\/wp-content\/uploads\/2026\/02\/DSC_3483-1536x1024.png 1536w, https:\/\/caru.org.uy\/nuevositio\/wp-content\/uploads\/2026\/02\/DSC_3483-2048x1365.png 2048w\" sizes=\"(max-width: 1024px) 100vw, 1024px\" \/><\/a><\/div>\t\t\t\t\t<div class=\"jet-smart-listing__post-content\"><div class=\"jet-smart-listing__post-title post-title-simple\"><a href=\"https:\/\/caru.org.uy\/nuevositio\/2026\/02\/04\/se-inauguro-la-primera-etapa-del-proyecto-de-reacondicionamiento-de-la-aci-ejecutado-con-aportes-de-la-caru-y-se-dio-inicio-a-la-segunda\/\">Se inaugur\u00f3 la primera etapa del Proyecto de Reacondicionamiento de la ACI, ejecutado con aportes de la CARU, y se dio inicio a la segunda.<\/a><\/div><div class=\"jet-smart-listing__meta\"><span class=\"post__date post-meta__item jet-smart-listing__meta-item\"><span class=\"jet-smart-listing__meta-icon jet-blog-icon\"><i aria-hidden=\"true\" class=\"fas fa-calendar-alt\"><\/i><\/span><a href=\"https:\/\/caru.org.uy\/nuevositio\/2026\/02\/04\/\"><time datetime=\"2026-02-04T12:18:44-03:00\" title=\"2026-02-04T12:18:44-03:00\">febrero 4, 2026<\/time><\/a><\/span><\/div><div class=\"jet-smart-listing__more-wrap\"><a href=\"https:\/\/caru.org.uy\/nuevositio\/2026\/02\/04\/se-inauguro-la-primera-etapa-del-proyecto-de-reacondicionamiento-de-la-aci-ejecutado-con-aportes-de-la-caru-y-se-dio-inicio-a-la-segunda\/\" class=\"jet-smart-listing__more simple-more elementor-button elementor-size-md\"><span class=\"jet-smart-listing__more-text\">Ver m\u00e1s<\/span><\/a><\/div><\/div>\n\t\t\t\t<\/div>\n\t\t\t<\/div>\n\t\t\t\t\t\t<div class=\"jet-smart-listing__post-wrapper\">\n\t\t\t\t<div class=\"jet-smart-listing__post has-post-thumb\">\n\t\t\t\t\t<div class=\"jet-smart-listing__terms\"><a href=\"https:\/\/caru.org.uy\/nuevositio\/category\/concursos\/\" class=\"jet-smart-listing__terms-link jet-smart-listing__terms-link--36\">Concursos<\/a><\/div>\t\t\t\t\t<div class=\"jet-smart-listing__post-thumbnail post-thumbnail-simple\"><a href=\"https:\/\/caru.org.uy\/nuevositio\/2026\/01\/23\/comision-administradora-del-rio-uruguay-resuelve-dejar-sin-efecto-el-llamado-a-concurso-abierto-publico-de-oposicion-y-antecedentes-n06-25\/\"><img loading=\"lazy\" decoding=\"async\" width=\"1024\" height=\"494\" src=\"https:\/\/caru.org.uy\/nuevositio\/wp-content\/uploads\/2025\/11\/Sin-titulo-1-4-1024x494.png\" class=\"jet-smart-listing__post-thumbnail-img post-thumbnail-img-simple wp-post-image\" alt=\"Comisi\u00f3n Administradora del R\u00edo Uruguay, resuelve dejar sin efecto el llamado a Concurso Abierto P\u00fablico\u00a0de Oposici\u00f3n y Antecedentes n\u00b006\/25.\" srcset=\"https:\/\/caru.org.uy\/nuevositio\/wp-content\/uploads\/2025\/11\/Sin-titulo-1-4-1024x494.png 1024w, https:\/\/caru.org.uy\/nuevositio\/wp-content\/uploads\/2025\/11\/Sin-titulo-1-4-300x145.png 300w, https:\/\/caru.org.uy\/nuevositio\/wp-content\/uploads\/2025\/11\/Sin-titulo-1-4-768x371.png 768w, https:\/\/caru.org.uy\/nuevositio\/wp-content\/uploads\/2025\/11\/Sin-titulo-1-4-1536x741.png 1536w, https:\/\/caru.org.uy\/nuevositio\/wp-content\/uploads\/2025\/11\/Sin-titulo-1-4-2048x989.png 2048w\" sizes=\"(max-width: 1024px) 100vw, 1024px\" \/><\/a><\/div>\t\t\t\t\t<div class=\"jet-smart-listing__post-content\"><div class=\"jet-smart-listing__post-title post-title-simple\"><a href=\"https:\/\/caru.org.uy\/nuevositio\/2026\/01\/23\/comision-administradora-del-rio-uruguay-resuelve-dejar-sin-efecto-el-llamado-a-concurso-abierto-publico-de-oposicion-y-antecedentes-n06-25\/\">Comisi\u00f3n Administradora del R\u00edo Uruguay, resuelve dejar sin efecto el llamado a Concurso Abierto P\u00fablico\u00a0de Oposici\u00f3n y Antecedentes n\u00b006\/25.<\/a><\/div><div class=\"jet-smart-listing__meta\"><span class=\"post__date post-meta__item jet-smart-listing__meta-item\"><span class=\"jet-smart-listing__meta-icon jet-blog-icon\"><i aria-hidden=\"true\" class=\"fas fa-calendar-alt\"><\/i><\/span><a href=\"https:\/\/caru.org.uy\/nuevositio\/2026\/01\/23\/\"><time datetime=\"2026-01-23T20:52:18-03:00\" title=\"2026-01-23T20:52:18-03:00\">enero 23, 2026<\/time><\/a><\/span><\/div><div class=\"jet-smart-listing__more-wrap\"><a href=\"https:\/\/caru.org.uy\/nuevositio\/2026\/01\/23\/comision-administradora-del-rio-uruguay-resuelve-dejar-sin-efecto-el-llamado-a-concurso-abierto-publico-de-oposicion-y-antecedentes-n06-25\/\" class=\"jet-smart-listing__more simple-more elementor-button elementor-size-md\"><span class=\"jet-smart-listing__more-text\">Ver m\u00e1s<\/span><\/a><\/div><\/div>\n\t\t\t\t<\/div>\n\t\t\t<\/div>\n\t\t\t\t\t\t<div class=\"jet-smart-listing__post-wrapper\">\n\t\t\t\t<div class=\"jet-smart-listing__post has-post-thumb\">\n\t\t\t\t\t<div class=\"jet-smart-listing__terms\"><a href=\"https:\/\/caru.org.uy\/nuevositio\/category\/noticias\/\" class=\"jet-smart-listing__terms-link jet-smart-listing__terms-link--37\">Noticias<\/a><\/div>\t\t\t\t\t<div class=\"jet-smart-listing__post-thumbnail post-thumbnail-simple\"><a href=\"https:\/\/caru.org.uy\/nuevositio\/2026\/01\/21\/la-presidenta-y-los-delegados-uruguayos-ante-la-comision-administradora-del-rio-uruguay-caru-realizaron-una-visita-institucional-al-puerto-de-nueva-palmira\/\"><img loading=\"lazy\" decoding=\"async\" width=\"1024\" height=\"768\" src=\"https:\/\/caru.org.uy\/nuevositio\/wp-content\/uploads\/2026\/01\/WhatsApp-Image-2026-01-21-at-16.41.10-1024x768.jpeg\" class=\"jet-smart-listing__post-thumbnail-img post-thumbnail-img-simple wp-post-image\" alt=\"La Presidenta y los Delegados Uruguayos ante la Comisi\u00f3n Administradora del R\u00edo Uruguay (CARU) realizaron una visita institucional al Puerto de Nueva Palmira\" srcset=\"https:\/\/caru.org.uy\/nuevositio\/wp-content\/uploads\/2026\/01\/WhatsApp-Image-2026-01-21-at-16.41.10-1024x768.jpeg 1024w, https:\/\/caru.org.uy\/nuevositio\/wp-content\/uploads\/2026\/01\/WhatsApp-Image-2026-01-21-at-16.41.10-300x225.jpeg 300w, https:\/\/caru.org.uy\/nuevositio\/wp-content\/uploads\/2026\/01\/WhatsApp-Image-2026-01-21-at-16.41.10-768x576.jpeg 768w, https:\/\/caru.org.uy\/nuevositio\/wp-content\/uploads\/2026\/01\/WhatsApp-Image-2026-01-21-at-16.41.10-1536x1152.jpeg 1536w, https:\/\/caru.org.uy\/nuevositio\/wp-content\/uploads\/2026\/01\/WhatsApp-Image-2026-01-21-at-16.41.10.jpeg 2048w\" sizes=\"(max-width: 1024px) 100vw, 1024px\" \/><\/a><\/div>\t\t\t\t\t<div class=\"jet-smart-listing__post-content\"><div class=\"jet-smart-listing__post-title post-title-simple\"><a href=\"https:\/\/caru.org.uy\/nuevositio\/2026\/01\/21\/la-presidenta-y-los-delegados-uruguayos-ante-la-comision-administradora-del-rio-uruguay-caru-realizaron-una-visita-institucional-al-puerto-de-nueva-palmira\/\">La Presidenta y los Delegados Uruguayos ante la Comisi\u00f3n Administradora del R\u00edo Uruguay (CARU) realizaron una visita institucional al Puerto de Nueva Palmira<\/a><\/div><div class=\"jet-smart-listing__meta\"><span class=\"post__date post-meta__item jet-smart-listing__meta-item\"><span class=\"jet-smart-listing__meta-icon jet-blog-icon\"><i aria-hidden=\"true\" class=\"fas fa-calendar-alt\"><\/i><\/span><a href=\"https:\/\/caru.org.uy\/nuevositio\/2026\/01\/21\/\"><time datetime=\"2026-01-21T18:03:13-03:00\" title=\"2026-01-21T18:03:13-03:00\">enero 21, 2026<\/time><\/a><\/span><\/div><div class=\"jet-smart-listing__more-wrap\"><a href=\"https:\/\/caru.org.uy\/nuevositio\/2026\/01\/21\/la-presidenta-y-los-delegados-uruguayos-ante-la-comision-administradora-del-rio-uruguay-caru-realizaron-una-visita-institucional-al-puerto-de-nueva-palmira\/\" class=\"jet-smart-listing__more simple-more elementor-button elementor-size-md\"><span class=\"jet-smart-listing__more-text\">Ver m\u00e1s<\/span><\/a><\/div><\/div>\n\t\t\t\t<\/div>\n\t\t\t<\/div>\n\t\t\t\t\t\t<div class=\"jet-smart-listing__post-wrapper\">\n\t\t\t\t<div class=\"jet-smart-listing__post has-post-thumb\">\n\t\t\t\t\t<div class=\"jet-smart-listing__terms\"><a href=\"https:\/\/caru.org.uy\/nuevositio\/category\/compras\/\" class=\"jet-smart-listing__terms-link jet-smart-listing__terms-link--24\">Compras<\/a><\/div>\t\t\t\t\t<div class=\"jet-smart-listing__post-thumbnail post-thumbnail-simple\"><a href=\"https:\/\/caru.org.uy\/nuevositio\/2026\/01\/02\/circular-n6-concurso-de-precios-n06-25-contratacion-anual-de-seguros\/\"><img loading=\"lazy\" decoding=\"async\" width=\"1024\" height=\"494\" src=\"https:\/\/caru.org.uy\/nuevositio\/wp-content\/uploads\/2025\/11\/Sin-titulo-1-4-1024x494.png\" class=\"jet-smart-listing__post-thumbnail-img post-thumbnail-img-simple wp-post-image\" alt=\"CIRCULAR N\u00b06 CONCURSO DE PRECIOS N\u00b006\/25 &#8220;CONTRATACI\u00d3N ANUAL DE SEGUROS DE VEH\u00cdCULOS-&#8220;\" srcset=\"https:\/\/caru.org.uy\/nuevositio\/wp-content\/uploads\/2025\/11\/Sin-titulo-1-4-1024x494.png 1024w, https:\/\/caru.org.uy\/nuevositio\/wp-content\/uploads\/2025\/11\/Sin-titulo-1-4-300x145.png 300w, https:\/\/caru.org.uy\/nuevositio\/wp-content\/uploads\/2025\/11\/Sin-titulo-1-4-768x371.png 768w, https:\/\/caru.org.uy\/nuevositio\/wp-content\/uploads\/2025\/11\/Sin-titulo-1-4-1536x741.png 1536w, https:\/\/caru.org.uy\/nuevositio\/wp-content\/uploads\/2025\/11\/Sin-titulo-1-4-2048x989.png 2048w\" sizes=\"(max-width: 1024px) 100vw, 1024px\" \/><\/a><\/div>\t\t\t\t\t<div class=\"jet-smart-listing__post-content\"><div class=\"jet-smart-listing__post-title post-title-simple\"><a href=\"https:\/\/caru.org.uy\/nuevositio\/2026\/01\/02\/circular-n6-concurso-de-precios-n06-25-contratacion-anual-de-seguros\/\">CIRCULAR N\u00b06 CONCURSO DE PRECIOS N\u00b006\/25 &#8220;CONTRATACI\u00d3N ANUAL DE SEGUROS DE VEH\u00cdCULOS-&#8220;<\/a><\/div><div class=\"jet-smart-listing__meta\"><span class=\"post__date post-meta__item jet-smart-listing__meta-item\"><span class=\"jet-smart-listing__meta-icon jet-blog-icon\"><i aria-hidden=\"true\" class=\"fas fa-calendar-alt\"><\/i><\/span><a href=\"https:\/\/caru.org.uy\/nuevositio\/2026\/01\/02\/\"><time datetime=\"2026-01-02T14:50:51-03:00\" title=\"2026-01-02T14:50:51-03:00\">enero 2, 2026<\/time><\/a><\/span><\/div><div class=\"jet-smart-listing__more-wrap\"><a href=\"https:\/\/caru.org.uy\/nuevositio\/2026\/01\/02\/circular-n6-concurso-de-precios-n06-25-contratacion-anual-de-seguros\/\" class=\"jet-smart-listing__more simple-more elementor-button elementor-size-md\"><span class=\"jet-smart-listing__more-text\">Ver m\u00e1s<\/span><\/a><\/div><\/div>\n\t\t\t\t<\/div>\n\t\t\t<\/div>\n\t\t\t\t\t\t<div class=\"jet-smart-listing__post-wrapper\">\n\t\t\t\t<div class=\"jet-smart-listing__post has-post-thumb\">\n\t\t\t\t\t<div class=\"jet-smart-listing__terms\"><a href=\"https:\/\/caru.org.uy\/nuevositio\/category\/destacada\/\" class=\"jet-smart-listing__terms-link jet-smart-listing__terms-link--40\">Destacada<\/a><\/div>\t\t\t\t\t<div class=\"jet-smart-listing__post-thumbnail post-thumbnail-simple\"><a href=\"https:\/\/caru.org.uy\/nuevositio\/2025\/12\/23\/actualizacion-de-tarifas-en-monedas-nacionales\/\"><img loading=\"lazy\" decoding=\"async\" width=\"1024\" height=\"494\" src=\"https:\/\/caru.org.uy\/nuevositio\/wp-content\/uploads\/2025\/11\/Sin-titulo-1-4-1024x494.png\" class=\"jet-smart-listing__post-thumbnail-img post-thumbnail-img-simple wp-post-image\" alt=\"ACTUALIZACI\u00d3N DE TARIFAS EN MONEDAS NACIONALES A PARTIR DEL D\u00cdA LUNES 29\/12\/2025\" srcset=\"https:\/\/caru.org.uy\/nuevositio\/wp-content\/uploads\/2025\/11\/Sin-titulo-1-4-1024x494.png 1024w, https:\/\/caru.org.uy\/nuevositio\/wp-content\/uploads\/2025\/11\/Sin-titulo-1-4-300x145.png 300w, https:\/\/caru.org.uy\/nuevositio\/wp-content\/uploads\/2025\/11\/Sin-titulo-1-4-768x371.png 768w, https:\/\/caru.org.uy\/nuevositio\/wp-content\/uploads\/2025\/11\/Sin-titulo-1-4-1536x741.png 1536w, https:\/\/caru.org.uy\/nuevositio\/wp-content\/uploads\/2025\/11\/Sin-titulo-1-4-2048x989.png 2048w\" sizes=\"(max-width: 1024px) 100vw, 1024px\" \/><\/a><\/div>\t\t\t\t\t<div class=\"jet-smart-listing__post-content\"><div class=\"jet-smart-listing__post-title post-title-simple\"><a href=\"https:\/\/caru.org.uy\/nuevositio\/2025\/12\/23\/actualizacion-de-tarifas-en-monedas-nacionales\/\">ACTUALIZACI\u00d3N DE TARIFAS EN MONEDAS NACIONALES A PARTIR DEL D\u00cdA LUNES 29\/12\/2025<\/a><\/div><div class=\"jet-smart-listing__meta\"><span class=\"post__date post-meta__item jet-smart-listing__meta-item\"><span class=\"jet-smart-listing__meta-icon jet-blog-icon\"><i aria-hidden=\"true\" class=\"fas fa-calendar-alt\"><\/i><\/span><a href=\"https:\/\/caru.org.uy\/nuevositio\/2025\/12\/23\/\"><time datetime=\"2025-12-23T16:38:43-03:00\" title=\"2025-12-23T16:38:43-03:00\">diciembre 23, 2025<\/time><\/a><\/span><\/div><div class=\"jet-smart-listing__more-wrap\"><a href=\"https:\/\/caru.org.uy\/nuevositio\/2025\/12\/23\/actualizacion-de-tarifas-en-monedas-nacionales\/\" class=\"jet-smart-listing__more simple-more elementor-button elementor-size-md\"><span class=\"jet-smart-listing__more-text\">Ver m\u00e1s<\/span><\/a><\/div><\/div>\n\t\t\t\t<\/div>\n\t\t\t<\/div>\n\t\t\t\t\t\t<div class=\"jet-smart-listing__post-wrapper\">\n\t\t\t\t<div class=\"jet-smart-listing__post has-post-thumb\">\n\t\t\t\t\t<div class=\"jet-smart-listing__terms\"><a href=\"https:\/\/caru.org.uy\/nuevositio\/category\/noticias\/\" class=\"jet-smart-listing__terms-link jet-smart-listing__terms-link--37\">Noticias<\/a><\/div>\t\t\t\t\t<div class=\"jet-smart-listing__post-thumbnail post-thumbnail-simple\"><a href=\"https:\/\/caru.org.uy\/nuevositio\/2025\/12\/21\/inauguracion-de-restauracion-avenida-de-las-americas-paysandu\/\"><img loading=\"lazy\" decoding=\"async\" width=\"630\" height=\"381\" src=\"https:\/\/caru.org.uy\/nuevositio\/wp-content\/uploads\/2025\/12\/7278488e-eafb-4530-a735-498fafff2c0b.jpg\" class=\"jet-smart-listing__post-thumbnail-img post-thumbnail-img-simple wp-post-image\" alt=\"Inauguraci\u00f3n de restauraci\u00f3n; Avenida de\u00a0las Am\u00e9ricas Paysand\u00fa\" srcset=\"https:\/\/caru.org.uy\/nuevositio\/wp-content\/uploads\/2025\/12\/7278488e-eafb-4530-a735-498fafff2c0b.jpg 630w, https:\/\/caru.org.uy\/nuevositio\/wp-content\/uploads\/2025\/12\/7278488e-eafb-4530-a735-498fafff2c0b-300x181.jpg 300w\" sizes=\"(max-width: 630px) 100vw, 630px\" \/><\/a><\/div>\t\t\t\t\t<div class=\"jet-smart-listing__post-content\"><div class=\"jet-smart-listing__post-title post-title-simple\"><a href=\"https:\/\/caru.org.uy\/nuevositio\/2025\/12\/21\/inauguracion-de-restauracion-avenida-de-las-americas-paysandu\/\">Inauguraci\u00f3n de restauraci\u00f3n; Avenida de\u00a0las Am\u00e9ricas Paysand\u00fa<\/a><\/div><div class=\"jet-smart-listing__meta\"><span class=\"post__date post-meta__item jet-smart-listing__meta-item\"><span class=\"jet-smart-listing__meta-icon jet-blog-icon\"><i aria-hidden=\"true\" class=\"fas fa-calendar-alt\"><\/i><\/span><a href=\"https:\/\/caru.org.uy\/nuevositio\/2025\/12\/21\/\"><time datetime=\"2025-12-21T14:51:00-03:00\" title=\"2025-12-21T14:51:00-03:00\">diciembre 21, 2025<\/time><\/a><\/span><\/div><div class=\"jet-smart-listing__more-wrap\"><a href=\"https:\/\/caru.org.uy\/nuevositio\/2025\/12\/21\/inauguracion-de-restauracion-avenida-de-las-americas-paysandu\/\" class=\"jet-smart-listing__more simple-more elementor-button elementor-size-md\"><span class=\"jet-smart-listing__more-text\">Ver m\u00e1s<\/span><\/a><\/div><\/div>\n\t\t\t\t<\/div>\n\t\t\t<\/div>\n\t\t\t\t\t\t<div class=\"jet-smart-listing__post-wrapper\">\n\t\t\t\t<div class=\"jet-smart-listing__post has-post-thumb\">\n\t\t\t\t\t<div class=\"jet-smart-listing__terms\"><a href=\"https:\/\/caru.org.uy\/nuevositio\/category\/noticias\/\" class=\"jet-smart-listing__terms-link jet-smart-listing__terms-link--37\">Noticias<\/a><\/div>\t\t\t\t\t<div class=\"jet-smart-listing__post-thumbnail post-thumbnail-simple\"><a href=\"https:\/\/caru.org.uy\/nuevositio\/2025\/12\/21\/en-el-ultimo-plenario-del-ano-se-aprobo-el-presupuesto-general-de-gastos-2026-de-caru\/\"><img loading=\"lazy\" decoding=\"async\" width=\"675\" height=\"384\" src=\"https:\/\/caru.org.uy\/nuevositio\/wp-content\/uploads\/2025\/12\/2e7b7740-5a68-42de-af53-42a24f408e7e-1.jpg\" class=\"jet-smart-listing__post-thumbnail-img post-thumbnail-img-simple wp-post-image\" alt=\"En el \u00faltimo Plenario del a\u00f1o, se aprob\u00f3 el presupuesto general de gastos 2026 de CARU\" srcset=\"https:\/\/caru.org.uy\/nuevositio\/wp-content\/uploads\/2025\/12\/2e7b7740-5a68-42de-af53-42a24f408e7e-1.jpg 675w, https:\/\/caru.org.uy\/nuevositio\/wp-content\/uploads\/2025\/12\/2e7b7740-5a68-42de-af53-42a24f408e7e-1-300x171.jpg 300w\" sizes=\"(max-width: 675px) 100vw, 675px\" \/><\/a><\/div>\t\t\t\t\t<div class=\"jet-smart-listing__post-content\"><div class=\"jet-smart-listing__post-title post-title-simple\"><a href=\"https:\/\/caru.org.uy\/nuevositio\/2025\/12\/21\/en-el-ultimo-plenario-del-ano-se-aprobo-el-presupuesto-general-de-gastos-2026-de-caru\/\">En el \u00faltimo Plenario del a\u00f1o, se aprob\u00f3 el presupuesto general de gastos 2026 de CARU<\/a><\/div><div class=\"jet-smart-listing__meta\"><span class=\"post__date post-meta__item jet-smart-listing__meta-item\"><span class=\"jet-smart-listing__meta-icon jet-blog-icon\"><i aria-hidden=\"true\" class=\"fas fa-calendar-alt\"><\/i><\/span><a href=\"https:\/\/caru.org.uy\/nuevositio\/2025\/12\/21\/\"><time datetime=\"2025-12-21T14:18:58-03:00\" title=\"2025-12-21T14:18:58-03:00\">diciembre 21, 2025<\/time><\/a><\/span><\/div><div class=\"jet-smart-listing__more-wrap\"><a href=\"https:\/\/caru.org.uy\/nuevositio\/2025\/12\/21\/en-el-ultimo-plenario-del-ano-se-aprobo-el-presupuesto-general-de-gastos-2026-de-caru\/\" class=\"jet-smart-listing__more simple-more elementor-button elementor-size-md\"><span class=\"jet-smart-listing__more-text\">Ver m\u00e1s<\/span><\/a><\/div><\/div>\n\t\t\t\t<\/div>\n\t\t\t<\/div>\n\t\t\t\t\t\t<div class=\"jet-smart-listing__post-wrapper\">\n\t\t\t\t<div class=\"jet-smart-listing__post has-post-thumb\">\n\t\t\t\t\t<div class=\"jet-smart-listing__terms\"><a href=\"https:\/\/caru.org.uy\/nuevositio\/category\/noticias\/\" class=\"jet-smart-listing__terms-link jet-smart-listing__terms-link--37\">Noticias<\/a><\/div>\t\t\t\t\t<div class=\"jet-smart-listing__post-thumbnail post-thumbnail-simple\"><a href=\"https:\/\/caru.org.uy\/nuevositio\/2025\/12\/16\/conmemoracion-del-cincuentenario-del-puente-internacional-paysandu-colon\/\"><img loading=\"lazy\" decoding=\"async\" width=\"1\" height=\"1\" src=\"https:\/\/caru.org.uy\/nuevositio\/wp-content\/uploads\/2025\/12\/DSC_2447-1.jpg\" class=\"jet-smart-listing__post-thumbnail-img post-thumbnail-img-simple wp-post-image\" alt=\"CONMEMORACI\u00d3N DEL CINCUENTENARIO DEL PUENTE INTERNACIONAL PAYSAND\u00da-COL\u00d3N\" \/><\/a><\/div>\t\t\t\t\t<div class=\"jet-smart-listing__post-content\"><div class=\"jet-smart-listing__post-title post-title-simple\"><a href=\"https:\/\/caru.org.uy\/nuevositio\/2025\/12\/16\/conmemoracion-del-cincuentenario-del-puente-internacional-paysandu-colon\/\">CONMEMORACI\u00d3N DEL CINCUENTENARIO DEL PUENTE INTERNACIONAL PAYSAND\u00da-COL\u00d3N<\/a><\/div><div class=\"jet-smart-listing__meta\"><span class=\"post__date post-meta__item jet-smart-listing__meta-item\"><span class=\"jet-smart-listing__meta-icon jet-blog-icon\"><i aria-hidden=\"true\" class=\"fas fa-calendar-alt\"><\/i><\/span><a href=\"https:\/\/caru.org.uy\/nuevositio\/2025\/12\/16\/\"><time datetime=\"2025-12-16T15:15:50-03:00\" title=\"2025-12-16T15:15:50-03:00\">diciembre 16, 2025<\/time><\/a><\/span><\/div><div class=\"jet-smart-listing__more-wrap\"><a href=\"https:\/\/caru.org.uy\/nuevositio\/2025\/12\/16\/conmemoracion-del-cincuentenario-del-puente-internacional-paysandu-colon\/\" class=\"jet-smart-listing__more simple-more elementor-button elementor-size-md\"><span class=\"jet-smart-listing__more-text\">Ver m\u00e1s<\/span><\/a><\/div><\/div>\n\t\t\t\t<\/div>\n\t\t\t<\/div>\n\t\t\t\t\t\t<div class=\"jet-smart-listing__post-wrapper\">\n\t\t\t\t<div class=\"jet-smart-listing__post has-post-thumb\">\n\t\t\t\t\t<div class=\"jet-smart-listing__terms\"><a href=\"https:\/\/caru.org.uy\/nuevositio\/category\/compras\/\" class=\"jet-smart-listing__terms-link jet-smart-listing__terms-link--24\">Compras<\/a><\/div>\t\t\t\t\t<div class=\"jet-smart-listing__post-thumbnail post-thumbnail-simple\"><a href=\"https:\/\/caru.org.uy\/nuevositio\/2025\/12\/11\/circular-n4-concurso-de-precios-n06-25-contratacion-anual-de-seguros-de-vehiculos-embarcaciones-tractores-trailers-de-edificios-laboratorios-equipos-y-de-responsabilidad-civil-de-l\/\"><img loading=\"lazy\" decoding=\"async\" width=\"1024\" height=\"494\" src=\"https:\/\/caru.org.uy\/nuevositio\/wp-content\/uploads\/2025\/11\/Sin-titulo-1-4-1024x494.png\" class=\"jet-smart-listing__post-thumbnail-img post-thumbnail-img-simple wp-post-image\" alt=\"CIRCULAR N\u00b04, CONCURSO DE PRECIOS N\u00b006\/25 &#8220;CONTRATACI\u00d3N ANUAL DE SEGUROS DE VEH\u00cdCULOS, EMBARCACIONES, TRACTORES, TRAILERS, DE EDIFICIOS\/LABORATORIOS, EQUIPOS Y DE RESPONSABILIDAD CIVIL DE LA COMISI\u00d3N ADMINISTRADORA DEL R\u00cdO URUGUAY&#8221;\" srcset=\"https:\/\/caru.org.uy\/nuevositio\/wp-content\/uploads\/2025\/11\/Sin-titulo-1-4-1024x494.png 1024w, https:\/\/caru.org.uy\/nuevositio\/wp-content\/uploads\/2025\/11\/Sin-titulo-1-4-300x145.png 300w, https:\/\/caru.org.uy\/nuevositio\/wp-content\/uploads\/2025\/11\/Sin-titulo-1-4-768x371.png 768w, https:\/\/caru.org.uy\/nuevositio\/wp-content\/uploads\/2025\/11\/Sin-titulo-1-4-1536x741.png 1536w, https:\/\/caru.org.uy\/nuevositio\/wp-content\/uploads\/2025\/11\/Sin-titulo-1-4-2048x989.png 2048w\" sizes=\"(max-width: 1024px) 100vw, 1024px\" \/><\/a><\/div>\t\t\t\t\t<div class=\"jet-smart-listing__post-content\"><div class=\"jet-smart-listing__post-title post-title-simple\"><a href=\"https:\/\/caru.org.uy\/nuevositio\/2025\/12\/11\/circular-n4-concurso-de-precios-n06-25-contratacion-anual-de-seguros-de-vehiculos-embarcaciones-tractores-trailers-de-edificios-laboratorios-equipos-y-de-responsabilidad-civil-de-l\/\">CIRCULAR N\u00b04, CONCURSO DE PRECIOS N\u00b006\/25 &#8220;CONTRATACI\u00d3N ANUAL DE SEGUROS DE VEH\u00cdCULOS, EMBARCACIONES, TRACTORES, TRAILERS, DE EDIFICIOS\/LABORATORIOS, EQUIPOS Y DE RESPONSABILIDAD CIVIL DE LA COMISI\u00d3N ADMINISTRADORA DEL R\u00cdO URUGUAY&#8221;<\/a><\/div><div class=\"jet-smart-listing__meta\"><span class=\"post__date post-meta__item jet-smart-listing__meta-item\"><span class=\"jet-smart-listing__meta-icon jet-blog-icon\"><i aria-hidden=\"true\" class=\"fas fa-calendar-alt\"><\/i><\/span><a href=\"https:\/\/caru.org.uy\/nuevositio\/2025\/12\/11\/\"><time datetime=\"2025-12-11T17:27:34-03:00\" title=\"2025-12-11T17:27:34-03:00\">diciembre 11, 2025<\/time><\/a><\/span><\/div><div class=\"jet-smart-listing__more-wrap\"><a href=\"https:\/\/caru.org.uy\/nuevositio\/2025\/12\/11\/circular-n4-concurso-de-precios-n06-25-contratacion-anual-de-seguros-de-vehiculos-embarcaciones-tractores-trailers-de-edificios-laboratorios-equipos-y-de-responsabilidad-civil-de-l\/\" class=\"jet-smart-listing__more simple-more elementor-button elementor-size-md\"><span class=\"jet-smart-listing__more-text\">Ver m\u00e1s<\/span><\/a><\/div><\/div>\n\t\t\t\t<\/div>\n\t\t\t<\/div>\n\t\t\t\t\t\t<div class=\"jet-smart-listing__post-wrapper\">\n\t\t\t\t<div class=\"jet-smart-listing__post has-post-thumb\">\n\t\t\t\t\t<div class=\"jet-smart-listing__terms\"><a href=\"https:\/\/caru.org.uy\/nuevositio\/category\/destacada\/\" class=\"jet-smart-listing__terms-link jet-smart-listing__terms-link--40\">Destacada<\/a><\/div>\t\t\t\t\t<div class=\"jet-smart-listing__post-thumbnail post-thumbnail-simple\"><a href=\"https:\/\/caru.org.uy\/nuevositio\/2025\/12\/10\/lanzamiento-oficial-del-sello-conmemorativo-por-los-50-anos-del-puente-internacional-general-jose-g-artigas\/\"><img loading=\"lazy\" decoding=\"async\" width=\"1\" height=\"1\" src=\"https:\/\/caru.org.uy\/nuevositio\/wp-content\/uploads\/2025\/12\/DSC_2044-1.jpg\" class=\"jet-smart-listing__post-thumbnail-img post-thumbnail-img-simple wp-post-image\" alt=\"Lanzamiento oficial del sello conmemorativo por los 50 a\u00f1os del Puente Internacional General Jos\u00e9 G. Artigas\" \/><\/a><\/div>\t\t\t\t\t<div class=\"jet-smart-listing__post-content\"><div class=\"jet-smart-listing__post-title post-title-simple\"><a href=\"https:\/\/caru.org.uy\/nuevositio\/2025\/12\/10\/lanzamiento-oficial-del-sello-conmemorativo-por-los-50-anos-del-puente-internacional-general-jose-g-artigas\/\">Lanzamiento oficial del sello conmemorativo por los 50 a\u00f1os del Puente Internacional General Jos\u00e9 G. Artigas<\/a><\/div><div class=\"jet-smart-listing__meta\"><span class=\"post__date post-meta__item jet-smart-listing__meta-item\"><span class=\"jet-smart-listing__meta-icon jet-blog-icon\"><i aria-hidden=\"true\" class=\"fas fa-calendar-alt\"><\/i><\/span><a href=\"https:\/\/caru.org.uy\/nuevositio\/2025\/12\/10\/\"><time datetime=\"2025-12-10T19:22:32-03:00\" title=\"2025-12-10T19:22:32-03:00\">diciembre 10, 2025<\/time><\/a><\/span><\/div><div class=\"jet-smart-listing__more-wrap\"><a href=\"https:\/\/caru.org.uy\/nuevositio\/2025\/12\/10\/lanzamiento-oficial-del-sello-conmemorativo-por-los-50-anos-del-puente-internacional-general-jose-g-artigas\/\" class=\"jet-smart-listing__more simple-more elementor-button elementor-size-md\"><span class=\"jet-smart-listing__more-text\">Ver m\u00e1s<\/span><\/a><\/div><\/div>\n\t\t\t\t<\/div>\n\t\t\t<\/div>\n\t\t\t\t\t\t<div class=\"jet-smart-listing__post-wrapper\">\n\t\t\t\t<div class=\"jet-smart-listing__post has-post-thumb\">\n\t\t\t\t\t<div class=\"jet-smart-listing__terms\"><a href=\"https:\/\/caru.org.uy\/nuevositio\/category\/compras\/\" class=\"jet-smart-listing__terms-link jet-smart-listing__terms-link--24\">Compras<\/a><\/div>\t\t\t\t\t<div class=\"jet-smart-listing__post-thumbnail post-thumbnail-simple\"><a href=\"https:\/\/caru.org.uy\/nuevositio\/2025\/12\/09\/circular-n3-concurso-de-precios-n06-25-contratacion-anual-de-seguros-de-vehiculos-embarcaciones-tractores-trailers-de-edificios-laboratorios-equipos-y-de-responsabilidad-civil-de-la\/\"><img loading=\"lazy\" decoding=\"async\" width=\"1024\" height=\"494\" src=\"https:\/\/caru.org.uy\/nuevositio\/wp-content\/uploads\/2025\/11\/Sin-titulo-1-4-1024x494.png\" class=\"jet-smart-listing__post-thumbnail-img post-thumbnail-img-simple wp-post-image\" alt=\"CIRCULAR N\u00b03 CONCURSO DE PRECIOS N\u00b006\/25 &#8220;CONTRATACI\u00d3N ANUAL DE SEGUROS DE VEH\u00cdCULOS, EMBARCACIONES, TRACTORES, TRAILERS, DE EDIFICIOS\/LABORATORIOS, EQUIPOS Y DE RESPONSABILIDAD CIVIL DE LA COMISI\u00d3N ADMINISTRADORA DEL R\u00cdO URUGUAY&#8221;\" srcset=\"https:\/\/caru.org.uy\/nuevositio\/wp-content\/uploads\/2025\/11\/Sin-titulo-1-4-1024x494.png 1024w, https:\/\/caru.org.uy\/nuevositio\/wp-content\/uploads\/2025\/11\/Sin-titulo-1-4-300x145.png 300w, https:\/\/caru.org.uy\/nuevositio\/wp-content\/uploads\/2025\/11\/Sin-titulo-1-4-768x371.png 768w, https:\/\/caru.org.uy\/nuevositio\/wp-content\/uploads\/2025\/11\/Sin-titulo-1-4-1536x741.png 1536w, https:\/\/caru.org.uy\/nuevositio\/wp-content\/uploads\/2025\/11\/Sin-titulo-1-4-2048x989.png 2048w\" sizes=\"(max-width: 1024px) 100vw, 1024px\" \/><\/a><\/div>\t\t\t\t\t<div class=\"jet-smart-listing__post-content\"><div class=\"jet-smart-listing__post-title post-title-simple\"><a href=\"https:\/\/caru.org.uy\/nuevositio\/2025\/12\/09\/circular-n3-concurso-de-precios-n06-25-contratacion-anual-de-seguros-de-vehiculos-embarcaciones-tractores-trailers-de-edificios-laboratorios-equipos-y-de-responsabilidad-civil-de-la\/\">CIRCULAR N\u00b03 CONCURSO DE PRECIOS N\u00b006\/25 &#8220;CONTRATACI\u00d3N ANUAL DE SEGUROS DE VEH\u00cdCULOS, EMBARCACIONES, TRACTORES, TRAILERS, DE EDIFICIOS\/LABORATORIOS, EQUIPOS Y DE RESPONSABILIDAD CIVIL DE LA COMISI\u00d3N ADMINISTRADORA DEL R\u00cdO URUGUAY&#8221;<\/a><\/div><div class=\"jet-smart-listing__meta\"><span class=\"post__date post-meta__item jet-smart-listing__meta-item\"><span class=\"jet-smart-listing__meta-icon jet-blog-icon\"><i aria-hidden=\"true\" class=\"fas fa-calendar-alt\"><\/i><\/span><a href=\"https:\/\/caru.org.uy\/nuevositio\/2025\/12\/09\/\"><time datetime=\"2025-12-09T17:40:05-03:00\" title=\"2025-12-09T17:40:05-03:00\">diciembre 9, 2025<\/time><\/a><\/span><\/div><div class=\"jet-smart-listing__more-wrap\"><a href=\"https:\/\/caru.org.uy\/nuevositio\/2025\/12\/09\/circular-n3-concurso-de-precios-n06-25-contratacion-anual-de-seguros-de-vehiculos-embarcaciones-tractores-trailers-de-edificios-laboratorios-equipos-y-de-responsabilidad-civil-de-la\/\" class=\"jet-smart-listing__more simple-more elementor-button elementor-size-md\"><span class=\"jet-smart-listing__more-text\">Ver m\u00e1s<\/span><\/a><\/div><\/div>\n\t\t\t\t<\/div>\n\t\t\t<\/div>\n\t\t\t\t\t\t<div class=\"jet-smart-listing__post-wrapper\">\n\t\t\t\t<div class=\"jet-smart-listing__post has-post-thumb\">\n\t\t\t\t\t<div class=\"jet-smart-listing__terms\"><a href=\"https:\/\/caru.org.uy\/nuevositio\/category\/compras\/\" class=\"jet-smart-listing__terms-link jet-smart-listing__terms-link--24\">Compras<\/a><\/div>\t\t\t\t\t<div class=\"jet-smart-listing__post-thumbnail post-thumbnail-simple\"><a href=\"https:\/\/caru.org.uy\/nuevositio\/2025\/12\/09\/circular-n2-concurso-de-precios-n06-25-contratacion-anual-de-seguros-de-vehiculos-embarcaciones-tractores-trailers-de-edificios-laboratorios-equipos-y-de-responsabilidad-civil-de-la\/\"><img loading=\"lazy\" decoding=\"async\" width=\"1024\" height=\"494\" src=\"https:\/\/caru.org.uy\/nuevositio\/wp-content\/uploads\/2025\/11\/Sin-titulo-1-4-1024x494.png\" class=\"jet-smart-listing__post-thumbnail-img post-thumbnail-img-simple wp-post-image\" alt=\"CIRCULAR N\u00b02 CONCURSO DE PRECIOS N\u00b006\/25 &#8220;CONTRATACI\u00d3N ANUAL DE SEGUROS DE VEH\u00cdCULOS, EMBARCACIONES, TRACTORES, TRAILERS, DE EDIFICIOS\/LABORATORIOS, EQUIPOS Y DE RESPONSABILIDAD CIVIL DE LA COMISI\u00d3N ADMINISTRADORA DEL R\u00cdO URUGUAY&#8221;\" srcset=\"https:\/\/caru.org.uy\/nuevositio\/wp-content\/uploads\/2025\/11\/Sin-titulo-1-4-1024x494.png 1024w, https:\/\/caru.org.uy\/nuevositio\/wp-content\/uploads\/2025\/11\/Sin-titulo-1-4-300x145.png 300w, https:\/\/caru.org.uy\/nuevositio\/wp-content\/uploads\/2025\/11\/Sin-titulo-1-4-768x371.png 768w, https:\/\/caru.org.uy\/nuevositio\/wp-content\/uploads\/2025\/11\/Sin-titulo-1-4-1536x741.png 1536w, https:\/\/caru.org.uy\/nuevositio\/wp-content\/uploads\/2025\/11\/Sin-titulo-1-4-2048x989.png 2048w\" sizes=\"(max-width: 1024px) 100vw, 1024px\" \/><\/a><\/div>\t\t\t\t\t<div class=\"jet-smart-listing__post-content\"><div class=\"jet-smart-listing__post-title post-title-simple\"><a href=\"https:\/\/caru.org.uy\/nuevositio\/2025\/12\/09\/circular-n2-concurso-de-precios-n06-25-contratacion-anual-de-seguros-de-vehiculos-embarcaciones-tractores-trailers-de-edificios-laboratorios-equipos-y-de-responsabilidad-civil-de-la\/\">CIRCULAR N\u00b02 CONCURSO DE PRECIOS N\u00b006\/25 &#8220;CONTRATACI\u00d3N ANUAL DE SEGUROS DE VEH\u00cdCULOS, EMBARCACIONES, TRACTORES, TRAILERS, DE EDIFICIOS\/LABORATORIOS, EQUIPOS Y DE RESPONSABILIDAD CIVIL DE LA COMISI\u00d3N ADMINISTRADORA DEL R\u00cdO URUGUAY&#8221;<\/a><\/div><div class=\"jet-smart-listing__meta\"><span class=\"post__date post-meta__item jet-smart-listing__meta-item\"><span class=\"jet-smart-listing__meta-icon jet-blog-icon\"><i aria-hidden=\"true\" class=\"fas fa-calendar-alt\"><\/i><\/span><a href=\"https:\/\/caru.org.uy\/nuevositio\/2025\/12\/09\/\"><time datetime=\"2025-12-09T17:38:06-03:00\" title=\"2025-12-09T17:38:06-03:00\">diciembre 9, 2025<\/time><\/a><\/span><\/div><div class=\"jet-smart-listing__more-wrap\"><a href=\"https:\/\/caru.org.uy\/nuevositio\/2025\/12\/09\/circular-n2-concurso-de-precios-n06-25-contratacion-anual-de-seguros-de-vehiculos-embarcaciones-tractores-trailers-de-edificios-laboratorios-equipos-y-de-responsabilidad-civil-de-la\/\" class=\"jet-smart-listing__more simple-more elementor-button elementor-size-md\"><span class=\"jet-smart-listing__more-text\">Ver m\u00e1s<\/span><\/a><\/div><\/div>\n\t\t\t\t<\/div>\n\t\t\t<\/div>\n\t\t\t\t\t\t<div class=\"jet-smart-listing__post-wrapper\">\n\t\t\t\t<div class=\"jet-smart-listing__post has-post-thumb\">\n\t\t\t\t\t<div class=\"jet-smart-listing__terms\"><a href=\"https:\/\/caru.org.uy\/nuevositio\/category\/compras\/\" class=\"jet-smart-listing__terms-link jet-smart-listing__terms-link--24\">Compras<\/a><\/div>\t\t\t\t\t<div class=\"jet-smart-listing__post-thumbnail post-thumbnail-simple\"><a href=\"https:\/\/caru.org.uy\/nuevositio\/2025\/12\/04\/contratacion-anual-de-seguros-de-vehiculosembarcaciones-tractores-trailers-deedificios-laboratorios-equipos-y-deresponsabilidad-civil-de-la-comisionadministradora-del-rio-uruguay\/\"><img loading=\"lazy\" decoding=\"async\" width=\"1024\" height=\"494\" src=\"https:\/\/caru.org.uy\/nuevositio\/wp-content\/uploads\/2025\/11\/Sin-titulo-1-4-1024x494.png\" class=\"jet-smart-listing__post-thumbnail-img post-thumbnail-img-simple wp-post-image\" alt=\"\u201cCONTRATACI\u00d3N ANUAL DE SEGUROS DE VEH\u00cdCULOS,EMBARCACIONES, TRACTORES, TRAILERS, DEEDIFICIOS\/LABORATORIOS, EQUIPOS Y DERESPONSABILIDAD CIVIL DE LA COMISI\u00d3NADMINISTRADORA DEL R\u00cdO URUGUAY\u201d CONCURSO DE PRECIOS N2 06\/25\" srcset=\"https:\/\/caru.org.uy\/nuevositio\/wp-content\/uploads\/2025\/11\/Sin-titulo-1-4-1024x494.png 1024w, https:\/\/caru.org.uy\/nuevositio\/wp-content\/uploads\/2025\/11\/Sin-titulo-1-4-300x145.png 300w, https:\/\/caru.org.uy\/nuevositio\/wp-content\/uploads\/2025\/11\/Sin-titulo-1-4-768x371.png 768w, https:\/\/caru.org.uy\/nuevositio\/wp-content\/uploads\/2025\/11\/Sin-titulo-1-4-1536x741.png 1536w, https:\/\/caru.org.uy\/nuevositio\/wp-content\/uploads\/2025\/11\/Sin-titulo-1-4-2048x989.png 2048w\" sizes=\"(max-width: 1024px) 100vw, 1024px\" \/><\/a><\/div>\t\t\t\t\t<div class=\"jet-smart-listing__post-content\"><div class=\"jet-smart-listing__post-title post-title-simple\"><a href=\"https:\/\/caru.org.uy\/nuevositio\/2025\/12\/04\/contratacion-anual-de-seguros-de-vehiculosembarcaciones-tractores-trailers-deedificios-laboratorios-equipos-y-deresponsabilidad-civil-de-la-comisionadministradora-del-rio-uruguay\/\">\u201cCONTRATACI\u00d3N ANUAL DE SEGUROS DE VEH\u00cdCULOS,EMBARCACIONES, TRACTORES, TRAILERS, DEEDIFICIOS\/LABORATORIOS, EQUIPOS Y DERESPONSABILIDAD CIVIL DE LA COMISI\u00d3NADMINISTRADORA DEL R\u00cdO URUGUAY\u201d CONCURSO DE PRECIOS N2 06\/25<\/a><\/div><div class=\"jet-smart-listing__meta\"><span class=\"post__date post-meta__item jet-smart-listing__meta-item\"><span class=\"jet-smart-listing__meta-icon jet-blog-icon\"><i aria-hidden=\"true\" class=\"fas fa-calendar-alt\"><\/i><\/span><a href=\"https:\/\/caru.org.uy\/nuevositio\/2025\/12\/04\/\"><time datetime=\"2025-12-04T14:54:20-03:00\" title=\"2025-12-04T14:54:20-03:00\">diciembre 4, 2025<\/time><\/a><\/span><\/div><div class=\"jet-smart-listing__more-wrap\"><a href=\"https:\/\/caru.org.uy\/nuevositio\/2025\/12\/04\/contratacion-anual-de-seguros-de-vehiculosembarcaciones-tractores-trailers-deedificios-laboratorios-equipos-y-deresponsabilidad-civil-de-la-comisionadministradora-del-rio-uruguay\/\" class=\"jet-smart-listing__more simple-more elementor-button elementor-size-md\"><span class=\"jet-smart-listing__more-text\">Ver m\u00e1s<\/span><\/a><\/div><\/div>\n\t\t\t\t<\/div>\n\t\t\t<\/div>\n\t\t\t\t\t\t<div class=\"jet-smart-listing__post-wrapper\">\n\t\t\t\t<div class=\"jet-smart-listing__post has-post-thumb\">\n\t\t\t\t\t<div class=\"jet-smart-listing__terms\"><a href=\"https:\/\/caru.org.uy\/nuevositio\/category\/concursos\/\" class=\"jet-smart-listing__terms-link jet-smart-listing__terms-link--36\">Concursos<\/a><\/div>\t\t\t\t\t<div class=\"jet-smart-listing__post-thumbnail post-thumbnail-simple\"><a href=\"https:\/\/caru.org.uy\/nuevositio\/2025\/11\/17\/llamado-a-concurso-abierto-de-oposicion-y-antecedentes-no-05-25-a-personas-de-nacionalidad-uruguaya-para-la-seleccion-de-un-asistente-de-laboratorio\/\"><img loading=\"lazy\" decoding=\"async\" width=\"1024\" height=\"494\" src=\"https:\/\/caru.org.uy\/nuevositio\/wp-content\/uploads\/2025\/11\/Sin-titulo-1-4-1024x494.png\" class=\"jet-smart-listing__post-thumbnail-img post-thumbnail-img-simple wp-post-image\" alt=\"(cerrado)LLAMADO A CONCURSO ABIERTO DE OPOSICI\u00d3N Y ANTECEDENTES N\u00ba 05\/25 A PERSONAS DE NACIONALIDAD URUGUAYA PARA LA SELECCI\u00d3N DE UN ASISTENTE DE LABORATORIO.\" srcset=\"https:\/\/caru.org.uy\/nuevositio\/wp-content\/uploads\/2025\/11\/Sin-titulo-1-4-1024x494.png 1024w, https:\/\/caru.org.uy\/nuevositio\/wp-content\/uploads\/2025\/11\/Sin-titulo-1-4-300x145.png 300w, https:\/\/caru.org.uy\/nuevositio\/wp-content\/uploads\/2025\/11\/Sin-titulo-1-4-768x371.png 768w, https:\/\/caru.org.uy\/nuevositio\/wp-content\/uploads\/2025\/11\/Sin-titulo-1-4-1536x741.png 1536w, https:\/\/caru.org.uy\/nuevositio\/wp-content\/uploads\/2025\/11\/Sin-titulo-1-4-2048x989.png 2048w\" sizes=\"(max-width: 1024px) 100vw, 1024px\" \/><\/a><\/div>\t\t\t\t\t<div class=\"jet-smart-listing__post-content\"><div class=\"jet-smart-listing__post-title post-title-simple\"><a href=\"https:\/\/caru.org.uy\/nuevositio\/2025\/11\/17\/llamado-a-concurso-abierto-de-oposicion-y-antecedentes-no-05-25-a-personas-de-nacionalidad-uruguaya-para-la-seleccion-de-un-asistente-de-laboratorio\/\">(cerrado)LLAMADO A CONCURSO ABIERTO DE OPOSICI\u00d3N Y ANTECEDENTES N\u00ba 05\/25 A PERSONAS DE NACIONALIDAD URUGUAYA PARA LA SELECCI\u00d3N DE UN ASISTENTE DE LABORATORIO.<\/a><\/div><div class=\"jet-smart-listing__meta\"><span class=\"post__date post-meta__item jet-smart-listing__meta-item\"><span class=\"jet-smart-listing__meta-icon jet-blog-icon\"><i aria-hidden=\"true\" class=\"fas fa-calendar-alt\"><\/i><\/span><a href=\"https:\/\/caru.org.uy\/nuevositio\/2025\/11\/17\/\"><time datetime=\"2025-11-17T23:59:00-03:00\" title=\"2025-11-17T23:59:00-03:00\">noviembre 17, 2025<\/time><\/a><\/span><\/div><div class=\"jet-smart-listing__more-wrap\"><a href=\"https:\/\/caru.org.uy\/nuevositio\/2025\/11\/17\/llamado-a-concurso-abierto-de-oposicion-y-antecedentes-no-05-25-a-personas-de-nacionalidad-uruguaya-para-la-seleccion-de-un-asistente-de-laboratorio\/\" class=\"jet-smart-listing__more simple-more elementor-button elementor-size-md\"><span class=\"jet-smart-listing__more-text\">Ver m\u00e1s<\/span><\/a><\/div><\/div>\n\t\t\t\t<\/div>\n\t\t\t<\/div>\n\t\t\t<\/div>\n<\/div>\n\t<div class=\"jet-smart-listing__arrows\"><div class=\"jet-smart-listing__arrow jet-arrow-prev jet-arrow-disabled\" data-dir=\"prev\"><svg width=\"24\" height=\"24\" viewBox=\"0 0 24 24\" fill=\"none\" xmlns=\"http:\/\/www.w3.org\/2000\/svg\"><path d=\"M12 3.7249L13.675 5.4249L8.25 10.8249L20.275 10.8249L20.275 13.1749L8.24999 13.1749L13.675 18.5999L12 20.2749L3.725 11.9999L12 3.7249Z\" fill=\"#0F172A\"\/><\/svg><\/div><div class=\"jet-smart-listing__arrow jet-arrow-next\" data-dir=\"next\"><svg width=\"24\" height=\"24\" viewBox=\"0 0 24 24\" fill=\"none\" xmlns=\"http:\/\/www.w3.org\/2000\/svg\"><path d=\"M12 20.2751L10.325 18.5751L15.75 13.1751H3.72501V10.8251H15.75L10.325 5.4001L12 3.7251L20.275 12.0001L12 20.2751Z\" fill=\"#0F172A\"\/><\/svg><\/div><\/div><\/div>\n<div class=\"jet-smart-listing-loading\"><\/div><\/div>\t\t\t\t<\/div>\n\t\t\t\t<\/div>\n\t\t\t\t\t<\/div>\n\t\t<\/div>\n\t\t\t\t\t<\/div>\n\t\t<\/section>\n\t\t\t\t<\/div>\n\t\t","protected":false},"excerpt":{"rendered":"<p>aportando a la comunidad noticias Noticias, actividades e informes de inter\u00e9s para la comunidad. Concursos Inscripci\u00f3n abierta para \u00abLlamado a Concurso de Oposici\u00f3n y Antecedentes N\u00ba 5\/24 a personas de nacionalidad uruguaya para la selecci\u00f3n de \u00abCoordinador de Delegaci\u00f3n Uruguaya\u00bbnoviembre 29, 2024Ver m\u00e1s Destacada Nuevo Informe con resultados del Programa de\u00a0Vigilancia\u00a0de Playasdiciembre 8, 2023Ver m\u00e1s [&hellip;]<\/p>\n","protected":false},"author":1,"featured_media":0,"parent":0,"menu_order":0,"comment_status":"closed","ping_status":"closed","template":"","meta":{"_acf_changed":false,"_joinchat":[],"footnotes":""},"class_list":["post-3846","page","type-page","status-publish","hentry"],"acf":[],"yoast_head":"<!-- This site is optimized with the Yoast SEO plugin v27.3 - https:\/\/yoast.com\/product\/yoast-seo-wordpress\/ -->\n<title>Noticias - C.A.R.U.<\/title>\n<meta name=\"robots\" content=\"index, follow, max-snippet:-1, max-image-preview:large, max-video-preview:-1\" \/>\n<link rel=\"canonical\" href=\"https:\/\/caru.org.uy\/nuevositio\/noticias\/\" \/>\n<meta property=\"og:locale\" content=\"es_ES\" \/>\n<meta property=\"og:type\" content=\"article\" \/>\n<meta property=\"og:title\" content=\"Noticias - C.A.R.U.\" \/>\n<meta property=\"og:description\" content=\"aportando a la comunidad noticias Noticias, actividades e informes de inter\u00e9s para la comunidad. Concursos Inscripci\u00f3n abierta para \u00abLlamado a Concurso de Oposici\u00f3n y Antecedentes N\u00ba 5\/24 a personas de nacionalidad uruguaya para la selecci\u00f3n de \u00abCoordinador de Delegaci\u00f3n Uruguaya\u00bbnoviembre 29, 2024Ver m\u00e1s Destacada Nuevo Informe con resultados del Programa de\u00a0Vigilancia\u00a0de Playasdiciembre 8, 2023Ver m\u00e1s [&hellip;]\" \/>\n<meta property=\"og:url\" content=\"https:\/\/caru.org.uy\/nuevositio\/noticias\/\" \/>\n<meta property=\"og:site_name\" content=\"C.A.R.U.\" \/>\n<meta property=\"article:modified_time\" content=\"2024-12-19T18:39:56+00:00\" \/>\n<meta property=\"og:image\" content=\"https:\/\/caru.org.uy\/nuevositio\/wp-content\/uploads\/2023\/11\/formu-caru-e1701453267857.jpg\" \/>\n<meta name=\"twitter:card\" content=\"summary_large_image\" \/>\n<meta name=\"twitter:label1\" content=\"Tiempo de lectura\" \/>\n\t<meta name=\"twitter:data1\" content=\"6 minutos\" \/>\n<script type=\"application\/ld+json\" class=\"yoast-schema-graph\">{\"@context\":\"https:\\\/\\\/schema.org\",\"@graph\":[{\"@type\":\"WebPage\",\"@id\":\"https:\\\/\\\/caru.org.uy\\\/nuevositio\\\/noticias\\\/\",\"url\":\"https:\\\/\\\/caru.org.uy\\\/nuevositio\\\/noticias\\\/\",\"name\":\"Noticias - C.A.R.U.\",\"isPartOf\":{\"@id\":\"https:\\\/\\\/caru.org.uy\\\/nuevositio\\\/#website\"},\"primaryImageOfPage\":{\"@id\":\"https:\\\/\\\/caru.org.uy\\\/nuevositio\\\/noticias\\\/#primaryimage\"},\"image\":{\"@id\":\"https:\\\/\\\/caru.org.uy\\\/nuevositio\\\/noticias\\\/#primaryimage\"},\"thumbnailUrl\":\"https:\\\/\\\/caru.org.uy\\\/nuevositio\\\/wp-content\\\/uploads\\\/2023\\\/11\\\/formu-caru-e1701453267857.jpg\",\"datePublished\":\"2019-11-28T14:40:39+00:00\",\"dateModified\":\"2024-12-19T18:39:56+00:00\",\"breadcrumb\":{\"@id\":\"https:\\\/\\\/caru.org.uy\\\/nuevositio\\\/noticias\\\/#breadcrumb\"},\"inLanguage\":\"es\",\"potentialAction\":[{\"@type\":\"ReadAction\",\"target\":[\"https:\\\/\\\/caru.org.uy\\\/nuevositio\\\/noticias\\\/\"]}]},{\"@type\":\"ImageObject\",\"inLanguage\":\"es\",\"@id\":\"https:\\\/\\\/caru.org.uy\\\/nuevositio\\\/noticias\\\/#primaryimage\",\"url\":\"https:\\\/\\\/caru.org.uy\\\/nuevositio\\\/wp-content\\\/uploads\\\/2023\\\/11\\\/formu-caru-e1701453267857.jpg\",\"contentUrl\":\"https:\\\/\\\/caru.org.uy\\\/nuevositio\\\/wp-content\\\/uploads\\\/2023\\\/11\\\/formu-caru-e1701453267857.jpg\",\"width\":512,\"height\":342},{\"@type\":\"BreadcrumbList\",\"@id\":\"https:\\\/\\\/caru.org.uy\\\/nuevositio\\\/noticias\\\/#breadcrumb\",\"itemListElement\":[{\"@type\":\"ListItem\",\"position\":1,\"name\":\"Portada\",\"item\":\"https:\\\/\\\/caru.org.uy\\\/nuevositio\\\/\"},{\"@type\":\"ListItem\",\"position\":2,\"name\":\"Noticias\"}]},{\"@type\":\"WebSite\",\"@id\":\"https:\\\/\\\/caru.org.uy\\\/nuevositio\\\/#website\",\"url\":\"https:\\\/\\\/caru.org.uy\\\/nuevositio\\\/\",\"name\":\"C.A.R.U.\",\"description\":\"Comisi\u00f3n Administradora del R\u00edo Uruguay\",\"publisher\":{\"@id\":\"https:\\\/\\\/caru.org.uy\\\/nuevositio\\\/#organization\"},\"potentialAction\":[{\"@type\":\"SearchAction\",\"target\":{\"@type\":\"EntryPoint\",\"urlTemplate\":\"https:\\\/\\\/caru.org.uy\\\/nuevositio\\\/?s={search_term_string}\"},\"query-input\":{\"@type\":\"PropertyValueSpecification\",\"valueRequired\":true,\"valueName\":\"search_term_string\"}}],\"inLanguage\":\"es\"},{\"@type\":\"Organization\",\"@id\":\"https:\\\/\\\/caru.org.uy\\\/nuevositio\\\/#organization\",\"name\":\"C.A.R.U.\",\"url\":\"https:\\\/\\\/caru.org.uy\\\/nuevositio\\\/\",\"logo\":{\"@type\":\"ImageObject\",\"inLanguage\":\"es\",\"@id\":\"https:\\\/\\\/caru.org.uy\\\/nuevositio\\\/#\\\/schema\\\/logo\\\/image\\\/\",\"url\":\"https:\\\/\\\/caru.org.uy\\\/nuevositio\\\/wp-content\\\/uploads\\\/2023\\\/11\\\/logo-nuevo.jpg\",\"contentUrl\":\"https:\\\/\\\/caru.org.uy\\\/nuevositio\\\/wp-content\\\/uploads\\\/2023\\\/11\\\/logo-nuevo.jpg\",\"width\":1,\"height\":1,\"caption\":\"C.A.R.U.\"},\"image\":{\"@id\":\"https:\\\/\\\/caru.org.uy\\\/nuevositio\\\/#\\\/schema\\\/logo\\\/image\\\/\"}}]}<\/script>\n<!-- \/ Yoast SEO plugin. -->","yoast_head_json":{"title":"Noticias - C.A.R.U.","robots":{"index":"index","follow":"follow","max-snippet":"max-snippet:-1","max-image-preview":"max-image-preview:large","max-video-preview":"max-video-preview:-1"},"canonical":"https:\/\/caru.org.uy\/nuevositio\/noticias\/","og_locale":"es_ES","og_type":"article","og_title":"Noticias - C.A.R.U.","og_description":"aportando a la comunidad noticias Noticias, actividades e informes de inter\u00e9s para la comunidad. Concursos Inscripci\u00f3n abierta para \u00abLlamado a Concurso de Oposici\u00f3n y Antecedentes N\u00ba 5\/24 a personas de nacionalidad uruguaya para la selecci\u00f3n de \u00abCoordinador de Delegaci\u00f3n Uruguaya\u00bbnoviembre 29, 2024Ver m\u00e1s Destacada Nuevo Informe con resultados del Programa de\u00a0Vigilancia\u00a0de Playasdiciembre 8, 2023Ver m\u00e1s [&hellip;]","og_url":"https:\/\/caru.org.uy\/nuevositio\/noticias\/","og_site_name":"C.A.R.U.","article_modified_time":"2024-12-19T18:39:56+00:00","og_image":[{"url":"https:\/\/caru.org.uy\/nuevositio\/wp-content\/uploads\/2023\/11\/formu-caru-e1701453267857.jpg","type":"","width":"","height":""}],"twitter_card":"summary_large_image","twitter_misc":{"Tiempo de lectura":"6 minutos"},"schema":{"@context":"https:\/\/schema.org","@graph":[{"@type":"WebPage","@id":"https:\/\/caru.org.uy\/nuevositio\/noticias\/","url":"https:\/\/caru.org.uy\/nuevositio\/noticias\/","name":"Noticias - C.A.R.U.","isPartOf":{"@id":"https:\/\/caru.org.uy\/nuevositio\/#website"},"primaryImageOfPage":{"@id":"https:\/\/caru.org.uy\/nuevositio\/noticias\/#primaryimage"},"image":{"@id":"https:\/\/caru.org.uy\/nuevositio\/noticias\/#primaryimage"},"thumbnailUrl":"https:\/\/caru.org.uy\/nuevositio\/wp-content\/uploads\/2023\/11\/formu-caru-e1701453267857.jpg","datePublished":"2019-11-28T14:40:39+00:00","dateModified":"2024-12-19T18:39:56+00:00","breadcrumb":{"@id":"https:\/\/caru.org.uy\/nuevositio\/noticias\/#breadcrumb"},"inLanguage":"es","potentialAction":[{"@type":"ReadAction","target":["https:\/\/caru.org.uy\/nuevositio\/noticias\/"]}]},{"@type":"ImageObject","inLanguage":"es","@id":"https:\/\/caru.org.uy\/nuevositio\/noticias\/#primaryimage","url":"https:\/\/caru.org.uy\/nuevositio\/wp-content\/uploads\/2023\/11\/formu-caru-e1701453267857.jpg","contentUrl":"https:\/\/caru.org.uy\/nuevositio\/wp-content\/uploads\/2023\/11\/formu-caru-e1701453267857.jpg","width":512,"height":342},{"@type":"BreadcrumbList","@id":"https:\/\/caru.org.uy\/nuevositio\/noticias\/#breadcrumb","itemListElement":[{"@type":"ListItem","position":1,"name":"Portada","item":"https:\/\/caru.org.uy\/nuevositio\/"},{"@type":"ListItem","position":2,"name":"Noticias"}]},{"@type":"WebSite","@id":"https:\/\/caru.org.uy\/nuevositio\/#website","url":"https:\/\/caru.org.uy\/nuevositio\/","name":"C.A.R.U.","description":"Comisi\u00f3n Administradora del R\u00edo Uruguay","publisher":{"@id":"https:\/\/caru.org.uy\/nuevositio\/#organization"},"potentialAction":[{"@type":"SearchAction","target":{"@type":"EntryPoint","urlTemplate":"https:\/\/caru.org.uy\/nuevositio\/?s={search_term_string}"},"query-input":{"@type":"PropertyValueSpecification","valueRequired":true,"valueName":"search_term_string"}}],"inLanguage":"es"},{"@type":"Organization","@id":"https:\/\/caru.org.uy\/nuevositio\/#organization","name":"C.A.R.U.","url":"https:\/\/caru.org.uy\/nuevositio\/","logo":{"@type":"ImageObject","inLanguage":"es","@id":"https:\/\/caru.org.uy\/nuevositio\/#\/schema\/logo\/image\/","url":"https:\/\/caru.org.uy\/nuevositio\/wp-content\/uploads\/2023\/11\/logo-nuevo.jpg","contentUrl":"https:\/\/caru.org.uy\/nuevositio\/wp-content\/uploads\/2023\/11\/logo-nuevo.jpg","width":1,"height":1,"caption":"C.A.R.U."},"image":{"@id":"https:\/\/caru.org.uy\/nuevositio\/#\/schema\/logo\/image\/"}}]}},"_links":{"self":[{"href":"https:\/\/caru.org.uy\/nuevositio\/wp-json\/wp\/v2\/pages\/3846","targetHints":{"allow":["GET"]}}],"collection":[{"href":"https:\/\/caru.org.uy\/nuevositio\/wp-json\/wp\/v2\/pages"}],"about":[{"href":"https:\/\/caru.org.uy\/nuevositio\/wp-json\/wp\/v2\/types\/page"}],"author":[{"embeddable":true,"href":"https:\/\/caru.org.uy\/nuevositio\/wp-json\/wp\/v2\/users\/1"}],"replies":[{"embeddable":true,"href":"https:\/\/caru.org.uy\/nuevositio\/wp-json\/wp\/v2\/comments?post=3846"}],"version-history":[{"count":5,"href":"https:\/\/caru.org.uy\/nuevositio\/wp-json\/wp\/v2\/pages\/3846\/revisions"}],"predecessor-version":[{"id":10500,"href":"https:\/\/caru.org.uy\/nuevositio\/wp-json\/wp\/v2\/pages\/3846\/revisions\/10500"}],"wp:attachment":[{"href":"https:\/\/caru.org.uy\/nuevositio\/wp-json\/wp\/v2\/media?parent=3846"}],"curies":[{"name":"wp","href":"https:\/\/api.w.org\/{rel}","templated":true}]}}